{"id":12128,"date":"2025-11-06T05:33:49","date_gmt":"2025-11-06T05:33:49","guid":{"rendered":"https:\/\/arttao.org\/?page_id=12128"},"modified":"2026-07-10T05:18:00","modified_gmt":"2026-07-10T05:18:00","slug":"%e7%ac%ac%e5%8d%81%e4%ba%8c%e8%af%be%ef%bc%9a%e5%ad%a3%e8%8a%82%e6%80%a7%e6%83%85%e6%84%9f%e9%9a%9c%e7%a2%8d%e8%af%be%e7%a8%8b%ef%bc%88%e7%ac%ac401%ef%bd%9e440%e8%af%be%ef%bc%89","status":"publish","type":"page","link":"https:\/\/arttao.org\/es\/%e7%ac%ac%e5%8d%81%e4%ba%8c%e8%af%be%ef%bc%9a%e5%ad%a3%e8%8a%82%e6%80%a7%e6%83%85%e6%84%9f%e9%9a%9c%e7%a2%8d%e8%af%be%e7%a8%8b%ef%bc%88%e7%ac%ac401%ef%bd%9e440%e8%af%be%ef%bc%89\/","title":{"rendered":"Unidad 12: Curso sobre el trastorno afectivo estacional (Lecciones 401-440)"},"content":{"rendered":"<div class=\"healing-outline-wrap\" style=\"max-width:800px;margin:24px auto;font-family:-apple-system,BlinkMacSystemFont,'Segoe UI',Roboto,Helvetica,Arial,sans-serif;line-height:1.6;color:#111;font-size:15px;\"><h2 style=\"font-size:20px;color:#00695c;margin:0 0 16px;font-weight:600;border-left:4px solid #F5DEB3;padding-left:8px;\">Lecci\u00f3n 12: Trastorno Afectivo Estacional (Curso de Lecciones 401-440) \u00b7 Cat\u00e1logo de Cursos<\/h2><div style=\"margin:0 0 16px;\"><div style=\"font-size:15px;color:#00695c;font-weight:600;margin-bottom:4px;\">Caracter\u00edsticas de los s\u00edntomas:<\/div><div style=\"font-size:15px;line-height:1.7;color:#333;\">\u5b63\u8282\u6027\u60c5\u611f\u969c\u788d\u5e38\u4e0e\u65e5\u7167\u51cf\u5c11\u3001\u663c\u591c\u8282\u5f8b\u6f02\u79fb\u3001\u7761\u7720\u8fc7\u5ea6\u3001\u6668\u8d77\u56f0\u96be\u3001\u80fd\u91cf\u4e0b\u964d\u3001\u78b3\u6c34\u6e34\u6c42\u3001\u793e\u4ea4\u9000\u7f29\u4e0e\u51ac\u5b63\u8fdf\u949d\u611f\u6709\u5173\u3002\u90e8\u5206\u4eba\u4e5f\u4f1a\u5728\u6625\u5b63\u6216\u5b63\u8282\u8f6c\u6362\u671f\u51fa\u73b0\u7126\u8651\u3001\u8e81\u52a8\u6216\u8282\u5f8b\u5931\u8861\u3002<\/div><\/div><div style=\"margin:0 0 24px;\"><div style=\"font-size:15px;color:#00695c;font-weight:600;margin-bottom:4px;\">Objetivos del curso:<\/div><div style=\"font-size:15px;line-height:1.7;color:#333;\">\u8bfe\u7a0b\u9075\u5faa\u201c\u8282\u5f8b\u4f18\u5148\u3001\u5149\u7167\u652f\u6301\u3001\u8eab\u4f53\u542f\u52a8\u3001\u6e29\u548c\u590d\u76d8\u201d\u7684\u539f\u5219\uff1a\u5e2e\u52a9\u5b66\u4e60\u8005\u5efa\u7acb\u4e2a\u4eba\u5b63\u8282\u60c5\u7eea\u5730\u56fe\uff0c\u5b66\u4e60\u6e05\u6668\u5149\u7167\u3001\u7761\u7720\u8c03\u6574\u3001\u8425\u517b\u652f\u6301\u3001\u793e\u4ea4\u7ef4\u62a4\u3001\u73af\u5883\u5e03\u7f6e\u4e0e\u590d\u53d1\u9884\u8b66\uff0c\u5f62\u6210\u53ef\u6301\u7eed\u7684\u5b63\u8282\u60c5\u7eea\u7167\u62a4\u7cfb\u7edf\u3002<\/div><\/div><ol start=\"401\" style=\"margin:0;padding-left:24px;font-size:15px;color:#111;\"><li value=\"1\" style=\"margin:0 0 16px 0;list-style:decimal;\"><div style=\"margin-bottom:4px;\"><a href=\"https:\/\/arttao.org\/es\/?page_id=22011&#038;preview=true\" style=\"color:#00695c;text-decoration:none;border-bottom:1px solid #F5DEB3;font-weight:600;\">Comprender la conexi\u00f3n entre los cambios estacionales y los trastornos del estado de \u00e1nimo<\/a><\/div><div style=\"font-size:14px;line-height:1.6;color:#333;\">Para comprender los efectos de la luz solar, la temperatura y el reloj biol\u00f3gico sobre el estado de \u00e1nimo y la energ\u00eda, necesitamos establecer una &quot;perspectiva r\u00edtmica&quot;.<\/div><\/li><li value=\"2\" style=\"margin:0 0 16px 0;list-style:decimal;\"><div style=\"margin-bottom:4px;\"><a href=\"https:\/\/arttao.org\/es\/?page_id=22012&#038;preview=true\" style=\"color:#00695c;text-decoration:none;border-bottom:1px solid #F5DEB3;font-weight:600;\">Alivia la lentitud invernal y la falta de motivaci\u00f3n.<\/a><\/div><div style=\"font-size:14px;line-height:1.6;color:#333;\">Desde somnolencia excesiva, antojos de carbohidratos y baja motivaci\u00f3n hasta aislamiento social, aclar\u00f3 que &quot;no se trataba de pereza&quot;.<\/div><\/li><li value=\"3\" style=\"margin:0 0 16px 0;list-style:decimal;\"><div style=\"margin-bottom:4px;\"><a href=\"https:\/\/arttao.org\/es\/?page_id=22013&#038;preview=true\" style=\"color:#00695c;text-decoration:none;border-bottom:1px solid #F5DEB3;font-weight:600;\">Mejora el sue\u00f1o excesivo y la dificultad para despertarse por la ma\u00f1ana.<\/a><\/div><div style=\"font-size:14px;line-height:1.6;color:#333;\">En funci\u00f3n de las diferencias en el espectro de s\u00edntomas y los desencadenantes, se pueden seleccionar estrategias espec\u00edficas como la exposici\u00f3n a la luz o el enfriamiento.<\/div><\/li><li value=\"4\" style=\"margin:0 0 16px 0;list-style:decimal;\"><div style=\"margin-bottom:4px;\"><a href=\"https:\/\/arttao.org\/es\/?page_id=22014&#038;preview=true\" style=\"color:#00695c;text-decoration:none;border-bottom:1px solid #F5DEB3;font-weight:600;\">Reconstruir la voluntad social y las conexiones interpersonales<\/a><\/div><div style=\"font-size:14px;line-height:1.6;color:#333;\">Una explicaci\u00f3n sencilla de la melatonina y los ritmos circadianos para ayudar a comprender las dificultades para despertarse por la ma\u00f1ana.<\/div><\/li><li value=\"5\" style=\"margin:0 0 16px 0;list-style:decimal;\"><div style=\"margin-bottom:4px;\"><a href=\"https:\/\/arttao.org\/es\/?page_id=22015&#038;preview=true\" style=\"color:#00695c;text-decoration:none;border-bottom:1px solid #F5DEB3;font-weight:600;\">Establecer un &quot;sistema de cuidado emocional estacional&quot; personal<\/a><\/div><div style=\"font-size:14px;line-height:1.6;color:#333;\">Par\u00e1metros del equipo, distancia y duraci\u00f3n, y c\u00f3mo usarlo de forma segura y gradual.<\/div><\/li><li value=\"6\" style=\"margin:0 0 16px 0;list-style:decimal;\"><div style=\"margin-bottom:4px;\"><a href=\"https:\/\/arttao.org\/es\/?page_id=22016&#038;preview=true\" style=\"color:#00695c;text-decoration:none;border-bottom:1px solid #F5DEB3;font-weight:600;\">La ventana de tiempo de la luz del sol de la ma\u00f1ana<\/a><\/div><div style=\"font-size:14px;line-height:1.6;color:#333;\">Elija un intervalo de 30 a 60 minutos despu\u00e9s de despertarse para evitar interrumpir el sue\u00f1o por la noche.<\/div><\/li><li value=\"7\" style=\"margin:0 0 16px 0;list-style:decimal;\"><div style=\"margin-bottom:4px;\"><a href=\"https:\/\/arttao.org\/es\/?page_id=22017&#038;preview=true\" style=\"color:#00695c;text-decoration:none;border-bottom:1px solid #F5DEB3;font-weight:600;\">Simulador del amanecer y despertar natural<\/a><\/div><div style=\"font-size:14px;line-height:1.6;color:#333;\">El dispositivo de iluminaci\u00f3n gradual gu\u00eda suavemente el reloj biol\u00f3gico, aliviando la sensaci\u00f3n de que &quot;levantarse es como una lucha constante&quot;.<\/div><\/li><li value=\"8\" style=\"margin:0 0 16px 0;list-style:decimal;\"><div style=\"margin-bottom:4px;\"><a href=\"https:\/\/arttao.org\/es\/?page_id=22018&#038;preview=true\" style=\"color:#00695c;text-decoration:none;border-bottom:1px solid #F5DEB3;font-weight:600;\">Vitamina D y apoyo nutricional<\/a><\/div><div style=\"font-size:14px;line-height:1.6;color:#333;\">El principio b\u00e1sico de las pruebas y la suplementaci\u00f3n consiste en combinar prote\u00ednas y grasas saludables para estabilizar la energ\u00eda.<\/div><\/li><li value=\"9\" style=\"margin:0 0 16px 0;list-style:decimal;\"><div style=\"margin-bottom:4px;\"><a href=\"https:\/\/arttao.org\/es\/?page_id=22019&#038;preview=true\" style=\"color:#00695c;text-decoration:none;border-bottom:1px solid #F5DEB3;font-weight:600;\">Regulaci\u00f3n del sue\u00f1o excesivo y dificultad para despertarse por la ma\u00f1ana<\/a><\/div><div style=\"font-size:14px;line-height:1.6;color:#333;\">Un enfoque de tres pasos: establecer una hora fija para despertarse, tomar siestas cortas y reducir el tiempo que se pasa despierto en la cama.<\/div><\/li><li value=\"10\" style=\"margin:0 0 16px 0;list-style:decimal;\"><div style=\"margin-bottom:4px;\"><a href=\"https:\/\/arttao.org\/es\/?page_id=22020&#038;preview=true\" style=\"color:#00695c;text-decoration:none;border-bottom:1px solid #F5DEB3;font-weight:600;\">Antojos de carbohidratos y control del peso<\/a><\/div><div style=\"font-size:14px;line-height:1.6;color:#333;\">Sustituye la dieta de &quot;primero las prote\u00ednas, luego los carbohidratos&quot; por alimentos ricos en fibra para estabilizar las fluctuaciones del az\u00facar en sangre.<\/div><\/li><li value=\"11\" style=\"margin:0 0 16px 0;list-style:decimal;\"><div style=\"margin-bottom:4px;\"><a href=\"https:\/\/arttao.org\/es\/?page_id=22021&#038;preview=true\" style=\"color:#00695c;text-decoration:none;border-bottom:1px solid #F5DEB3;font-weight:600;\">M\u00e9todos pr\u00e1cticos para regular el reloj biol\u00f3gico<\/a><\/div><div style=\"font-size:14px;line-height:1.6;color:#333;\">Identificar afirmaciones catastr\u00f3ficas y desesperanzadoras relacionadas con la estaci\u00f3n del a\u00f1o y preparar expresiones alternativas.<\/div><\/li><li value=\"12\" style=\"margin:0 0 16px 0;list-style:decimal;\"><div style=\"margin-bottom:4px;\"><a href=\"https:\/\/arttao.org\/es\/?page_id=22022&#038;preview=true\" style=\"color:#00695c;text-decoration:none;border-bottom:1px solid #F5DEB3;font-weight:600;\">Prevenci\u00f3n del aislamiento social y emocional<\/a><\/div><div style=\"font-size:14px;line-height:1.6;color:#333;\">Dise\u00f1ado para resistir las actividades diurnas, priorizando la exposici\u00f3n al aire libre y a la luz solar.<\/div><\/li><li value=\"13\" style=\"margin:0 0 16px 0;list-style:decimal;\"><div style=\"margin-bottom:4px;\"><a href=\"https:\/\/arttao.org\/es\/?page_id=22023&#038;preview=true\" style=\"color:#00695c;text-decoration:none;border-bottom:1px solid #F5DEB3;font-weight:600;\">C\u00f3mo lidiar con la pseudopereza y la autoculpa<\/a><\/div><div style=\"font-size:14px;line-height:1.6;color:#333;\">Reduzca la autocr\u00edtica y la verg\u00fcenza, y sustituya la negaci\u00f3n por la &quot;pr\u00e1ctica de la aceptaci\u00f3n y la elecci\u00f3n&quot;.<\/div><\/li><li value=\"14\" style=\"margin:0 0 16px 0;list-style:decimal;\"><div style=\"margin-bottom:4px;\"><a href=\"https:\/\/arttao.org\/es\/?page_id=22024&#038;preview=true\" style=\"color:#00695c;text-decoration:none;border-bottom:1px solid #F5DEB3;font-weight:600;\">Ejercicios estructurados para recuperar el ritmo de vida<\/a><\/div><div style=\"font-size:14px;line-height:1.6;color:#333;\">\u5229\u7528\u542c\u89c9\u3001\u55c5\u89c9\u3001\u89e6\u89c9\u4efb\u52a1\u5bf9\u6297\u5185\u5728\u9ebb\u6728\u4e0e\u8fdf\u949d\u3002<\/div><\/li><li value=\"15\" style=\"margin:0 0 16px 0;list-style:decimal;\"><div style=\"margin-bottom:4px;\"><a href=\"https:\/\/arttao.org\/es\/?page_id=22025&#038;preview=true\" style=\"color:#00695c;text-decoration:none;border-bottom:1px solid #F5DEB3;font-weight:600;\">De \u201cluchar contra el invierno\u201d a \u201ccoexistir con el invierno\u201d<\/a><\/div><div style=\"font-size:14px;line-height:1.6;color:#333;\">La relaci\u00f3n entre la regulaci\u00f3n de la temperatura y la tensi\u00f3n muscular puede explorarse mediante el calentamiento y las bebidas calientes.<\/div><\/li><li value=\"16\" style=\"margin:0 0 16px 0;list-style:decimal;\"><div style=\"margin-bottom:4px;\"><a href=\"https:\/\/arttao.org\/es\/?page_id=22026&#038;preview=true\" style=\"color:#00695c;text-decoration:none;border-bottom:1px solid #F5DEB3;font-weight:600;\">Identificaci\u00f3n de la inquietud primaveral y el aumento de la ansiedad<\/a><\/div><div style=\"font-size:14px;line-height:1.6;color:#333;\">De cara a la ventana, la superficie reflectante, combinada con la temperatura de la luz blanca, mejora el brillo durante el d\u00eda.<\/div><\/li><li value=\"17\" style=\"margin:0 0 16px 0;list-style:decimal;\"><div style=\"margin-bottom:4px;\"><a href=\"https:\/\/arttao.org\/es\/?page_id=22027&#038;preview=true\" style=\"color:#00695c;text-decoration:none;border-bottom:1px solid #F5DEB3;font-weight:600;\">C\u00f3mo utilizar los ritmos naturales para mejorar la concentraci\u00f3n<\/a><\/div><div style=\"font-size:14px;line-height:1.6;color:#333;\">Dividir el proceso de &quot;salir&quot; en tres pasos \u2014vestirse, abrir la puerta y bajar las escaleras\u2014 reduce la resistencia.<\/div><\/li><li value=\"18\" style=\"margin:0 0 16px 0;list-style:decimal;\"><div style=\"margin-bottom:4px;\"><a href=\"https:\/\/arttao.org\/es\/?page_id=22028&#038;preview=true\" style=\"color:#00695c;text-decoration:none;border-bottom:1px solid #F5DEB3;font-weight:600;\">Establecer el apoyo familiar y de pareja<\/a><\/div><div style=\"font-size:14px;line-height:1.6;color:#333;\">Interacciones predecibles, de corta duraci\u00f3n y baja densidad, dando prioridad al soporte estratosf\u00e9rico.<\/div><\/li><li value=\"19\" style=\"margin:0 0 16px 0;list-style:decimal;\"><div style=\"margin-bottom:4px;\"><a href=\"https:\/\/arttao.org\/es\/?page_id=22029&#038;preview=true\" style=\"color:#00695c;text-decoration:none;border-bottom:1px solid #F5DEB3;font-weight:600;\">Entrenamiento psicol\u00f3gico para el trastorno afectivo estacional<\/a><\/div><div style=\"font-size:14px;line-height:1.6;color:#333;\">Caminar por la ma\u00f1ana y realizar ejercicios r\u00edtmicos de balanceo pueden mejorar la curva de temperatura corporal y el estado de alerta.<\/div><\/li><li value=\"20\" style=\"margin:0 0 16px 0;list-style:decimal;\"><div style=\"margin-bottom:4px;\"><a href=\"https:\/\/arttao.org\/es\/?page_id=22030&#038;preview=true\" style=\"color:#00695c;text-decoration:none;border-bottom:1px solid #F5DEB3;font-weight:600;\">Ajustar el plan de tratamiento en colaboraci\u00f3n con un psic\u00f3logo<\/a><\/div><div style=\"font-size:14px;line-height:1.6;color:#333;\">Registra la luz solar, el sue\u00f1o, la energ\u00eda y el estado de \u00e1nimo; toma decisiones basadas en datos, no en sentimientos.<\/div><\/li><li value=\"21\" style=\"margin:0 0 16px 0;list-style:decimal;\"><div style=\"margin-bottom:4px;\"><a href=\"https:\/\/arttao.org\/es\/?page_id=22031&#038;preview=true\" style=\"color:#00695c;text-decoration:none;border-bottom:1px solid #F5DEB3;font-weight:600;\">\u5de5\u4f5c\u4e0e\u5b66\u4e60\u7684\u51ac\u5b63\u5316\u8c03\u6574<\/a><\/div><div style=\"font-size:14px;line-height:1.6;color:#333;\">Reduce la granularidad de las tareas, deja un margen de tiempo y utiliza la t\u00e9cnica Pomodoro para mantener el ritmo.<\/div><\/li><li value=\"22\" style=\"margin:0 0 16px 0;list-style:decimal;\"><div style=\"margin-bottom:4px;\"><a href=\"https:\/\/arttao.org\/es\/?page_id=22032&#038;preview=true\" style=\"color:#00695c;text-decoration:none;border-bottom:1px solid #F5DEB3;font-weight:600;\">\u5bb6\u5ead\u4e0e\u5173\u7cfb\u4e2d\u7684\u7406\u89e3\u4e0e\u534f\u4f5c<\/a><\/div><div style=\"font-size:14px;line-height:1.6;color:#333;\">Comuniquen el &quot;progreso de la enfermedad, las necesidades y los l\u00edmites&quot; y dividan el trabajo en lugar de discutir.<\/div><\/li><li value=\"23\" style=\"margin:0 0 16px 0;list-style:decimal;\"><div style=\"margin-bottom:4px;\"><a href=\"https:\/\/arttao.org\/es\/?page_id=22033&#038;preview=true\" style=\"color:#00695c;text-decoration:none;border-bottom:1px solid #F5DEB3;font-weight:600;\">\u5149\u7167\u7597\u6cd5\u7684\u7981\u5fcc\u4e0e\u6ce8\u610f\u4e8b\u9879<\/a><\/div><div style=\"font-size:14px;line-height:1.6;color:#333;\">Para conocer los riesgos asociados con el trastorno bipolar, problemas de retina y fotosensibilidad inducida por medicamentos, es necesario consultar primero a un profesional.<\/div><\/li><li value=\"24\" style=\"margin:0 0 16px 0;list-style:decimal;\"><div style=\"margin-bottom:4px;\"><a href=\"https:\/\/arttao.org\/es\/?page_id=22034&#038;preview=true\" style=\"color:#00695c;text-decoration:none;border-bottom:1px solid #F5DEB3;font-weight:600;\">\u6668\u8d77\u4f4e\u843d\u7684\u4e09\u4ef6\u5957\uff08<\/a><\/div><div style=\"font-size:14px;line-height:1.6;color:#333;\">Iluminaci\u00f3n\u2014hidrataci\u00f3n\u2014acci\u00f3n: priorizar la puesta en marcha del paso m\u00e1s peque\u00f1o posible.<\/div><\/li><li value=\"25\" style=\"margin:0 0 16px 0;list-style:decimal;\"><div style=\"margin-bottom:4px;\"><a href=\"https:\/\/arttao.org\/es\/?page_id=22035&#038;preview=true\" style=\"color:#00695c;text-decoration:none;border-bottom:1px solid #F5DEB3;font-weight:600;\">\u5348\u540e\u80fd\u91cf\u5760\u843d\u7684\u5e94\u5bf9<\/a><\/div><div style=\"font-size:14px;line-height:1.6;color:#333;\">Breves r\u00e1fagas de luz brillante, actividad ligera y baja ingesta de prote\u00ednas, evitando la compensaci\u00f3n de glucosa elevada.<\/div><\/li><li value=\"26\" style=\"margin:0 0 16px 0;list-style:decimal;\"><div style=\"margin-bottom:4px;\"><a href=\"https:\/\/arttao.org\/es\/?page_id=22036&#038;preview=true\" style=\"color:#00695c;text-decoration:none;border-bottom:1px solid #F5DEB3;font-weight:600;\">\u665a\u95f4\u5c4f\u5e55\u4e0e\u84dd\u5149\u7ba1\u7406<\/a><\/div><div style=\"font-size:14px;line-height:1.6;color:#333;\">Dos horas de higiene de pantalla y una fuente de luz c\u00e1lida protegen la secreci\u00f3n de melatonina.<\/div><\/li><li value=\"27\" style=\"margin:0 0 16px 0;list-style:decimal;\"><div style=\"margin-bottom:4px;\"><a href=\"https:\/\/arttao.org\/es\/?page_id=22037&#038;preview=true\" style=\"color:#00695c;text-decoration:none;border-bottom:1px solid #F5DEB3;font-weight:600;\">\u60c5\u7eea\u4f4e\u843d\u4e0e\u7126\u8651\u5e76\u53d1<\/a><\/div><div style=\"font-size:14px;line-height:1.6;color:#333;\">Para distinguir entre patrones impulsados por la ansiedad y patrones impulsados por la depresi\u00f3n, primero estabiliza el ritmo circadiano antes de emprender procesos cognitivos.<\/div><\/li><li value=\"28\" style=\"margin:0 0 16px 0;list-style:decimal;\"><div style=\"margin-bottom:4px;\"><a href=\"https:\/\/arttao.org\/es\/?page_id=22038&#038;preview=true\" style=\"color:#00695c;text-decoration:none;border-bottom:1px solid #F5DEB3;font-weight:600;\">\u6b63\u5ff5\u4e0e\u5730\u9762\u5316\u5728\u51ac\u5b63\u7684\u5e94\u7528<\/a><\/div><div style=\"font-size:14px;line-height:1.6;color:#333;\">Utilice anclajes somatosensoriales y ritmos respiratorios para reducir la rumiaci\u00f3n y la lentitud.<\/div><\/li><li value=\"29\" style=\"margin:0 0 16px 0;list-style:decimal;\"><div style=\"margin-bottom:4px;\"><a href=\"https:\/\/arttao.org\/es\/?page_id=22039&#038;preview=true\" style=\"color:#00695c;text-decoration:none;border-bottom:1px solid #F5DEB3;font-weight:600;\">\u73af\u5883\u5e03\u7f6e\uff1a\u6e29\u5ea6\u3001\u6c14\u5473\u4e0e\u58f0\u97f3<\/a><\/div><div style=\"font-size:14px;line-height:1.6;color:#333;\">Mantas c\u00e1lidas, fragancias y ruido blanco crean un &quot;lugar donde quedarse&quot; para el cuerpo y la mente.<\/div><\/li><li value=\"30\" style=\"margin:0 0 16px 0;list-style:decimal;\"><div style=\"margin-bottom:4px;\"><a href=\"https:\/\/arttao.org\/es\/?page_id=22040&#038;preview=true\" style=\"color:#00695c;text-decoration:none;border-bottom:1px solid #F5DEB3;font-weight:600;\">\u836f\u7269\u6cbb\u7597\u5728SAD\u4e2d\u7684\u4f4d\u7f6e<\/a><\/div><div style=\"font-size:14px;line-height:1.6;color:#333;\">Consulte con su m\u00e9dico sobre las indicaciones, el curso del tratamiento y el plan de tratamiento integral, incluyendo la terapia de luz\/TCC.<\/div><\/li><li value=\"31\" style=\"margin:0 0 16px 0;list-style:decimal;\"><div style=\"margin-bottom:4px;\"><a href=\"https:\/\/arttao.org\/es\/?page_id=22041&#038;preview=true\" style=\"color:#00695c;text-decoration:none;border-bottom:1px solid #F5DEB3;font-weight:600;\">\u65c5\u884c\u4e0e\u65f6\u5dee\uff1a\u5982\u4f55\u4e0d\u88ab\u6253\u4e71<\/a><\/div><div style=\"font-size:14px;line-height:1.6;color:#333;\">La exposici\u00f3n solar segmentada y los horarios fijos para despertarse acortan el per\u00edodo de adaptaci\u00f3n.<\/div><\/li><li value=\"32\" style=\"margin:0 0 16px 0;list-style:decimal;\"><div style=\"margin-bottom:4px;\"><a href=\"https:\/\/arttao.org\/es\/?page_id=22042&#038;preview=true\" style=\"color:#00695c;text-decoration:none;border-bottom:1px solid #F5DEB3;font-weight:600;\">Vacaciones y una sensaci\u00f3n de vac\u00edo (a\u00fan no disponible en l\u00ednea)<\/a><\/div><div style=\"font-size:14px;line-height:1.6;color:#333;\">Elabore &quot;planes con bajas expectativas&quot; para las fiestas y compense la decepci\u00f3n con rituales sencillos.<\/div><\/li><li value=\"33\" style=\"margin:0 0 16px 0;list-style:decimal;\"><div style=\"margin-bottom:4px;\"><a href=\"https:\/\/arttao.org\/es\/?page_id=22043&#038;preview=true\" style=\"color:#00695c;text-decoration:none;border-bottom:1px solid #F5DEB3;font-weight:600;\">\u5929\u6c14\u8fde\u9634\u5929\u7684\u5907\u9009\u65b9\u6848<\/a><\/div><div style=\"font-size:14px;line-height:1.6;color:#333;\">La iluminaci\u00f3n interior de alta intensidad y la iluminaci\u00f3n multipunto y multid\u00eda reducen el impacto de d\u00edas nublados consecutivos.<\/div><\/li><li value=\"34\" style=\"margin:0 0 16px 0;list-style:decimal;\"><div style=\"margin-bottom:4px;\"><a href=\"https:\/\/arttao.org\/es\/?page_id=22044&#038;preview=true\" style=\"color:#00695c;text-decoration:none;border-bottom:1px solid #F5DEB3;font-weight:600;\">\u81ea\u6211\u82db\u8d23\u4e0e\u7f9e\u803b\u7684\u62c6\u89e3<\/a><\/div><div style=\"font-size:14px;line-height:1.6;color:#333;\">Externalizar los efectos de las estaciones a mecanismos r\u00edtmicos y reducir las acusaciones personalizadas.<\/div><\/li><li value=\"35\" style=\"margin:0 0 16px 0;list-style:decimal;\"><div style=\"margin-bottom:4px;\"><a href=\"https:\/\/arttao.org\/es\/?page_id=22045&#038;preview=true\" style=\"color:#00695c;text-decoration:none;border-bottom:1px solid #F5DEB3;font-weight:600;\">\u590d\u53d1\u9884\u8b66\u4fe1\u53f7\u4e0e\u884c\u52a8\u5361<\/a><\/div><div style=\"font-size:14px;line-height:1.6;color:#333;\">Enumera el estado de tu luz amarilla y las acciones correspondientes de un solo clic, y restabl\u00e9celas r\u00e1pidamente.<\/div><\/li><li value=\"36\" style=\"margin:0 0 16px 0;list-style:decimal;\"><div style=\"margin-bottom:4px;\"><a href=\"https:\/\/arttao.org\/es\/?page_id=22046&#038;preview=true\" style=\"color:#00695c;text-decoration:none;border-bottom:1px solid #F5DEB3;font-weight:600;\">\u4e0e\u5b66\u6821\/\u5355\u4f4d\u7684\u6c9f\u901a\u811a\u672c<\/a><\/div><div style=\"font-size:14px;line-height:1.6;color:#333;\">Los cuatro pasos de hecho, impacto, demanda y soluci\u00f3n se explican claramente sin pedir disculpas.<\/div><\/li><li value=\"37\" style=\"margin:0 0 16px 0;list-style:decimal;\"><div style=\"margin-bottom:4px;\"><a href=\"https:\/\/arttao.org\/es\/?page_id=22047&#038;preview=true\" style=\"color:#00695c;text-decoration:none;border-bottom:1px solid #F5DEB3;font-weight:600;\">\u6625\u5b63\u53cd\u5f39\u4e0e\u8fc7\u5ea6\u5174\u594b\u7684\u7ba1\u7406<\/a><\/div><div style=\"font-size:14px;line-height:1.6;color:#333;\">Para evitar un cambio repentino de un estado de \u00e1nimo bajo a una excitaci\u00f3n excesiva, mantenga un estado estable.<\/div><\/li><li value=\"38\" style=\"margin:0 0 16px 0;list-style:decimal;\"><div style=\"margin-bottom:4px;\"><a href=\"https:\/\/arttao.org\/es\/?page_id=22048&#038;preview=true\" style=\"color:#00695c;text-decoration:none;border-bottom:1px solid #F5DEB3;font-weight:600;\">\u957f\u671f\u7b56\u7565\uff1a\u63d0\u524d\u4e00\u6708\u9884\u5907<\/a><\/div><div style=\"font-size:14px;line-height:1.6;color:#333;\">Empieza a ajustar tu iluminaci\u00f3n y tus horarios de sue\u00f1o antes de que cambie la estaci\u00f3n para obtener ventaja.<\/div><\/li><li value=\"39\" style=\"margin:0 0 16px 0;list-style:decimal;\"><div style=\"margin-bottom:4px;\"><a href=\"https:\/\/arttao.org\/es\/?page_id=22049&#038;preview=true\" style=\"color:#00695c;text-decoration:none;border-bottom:1px solid #F5DEB3;font-weight:600;\">\u6848\u4f8b\u590d\u76d8\uff1a\u6211\u7684\u5b63\u8282\u5730\u56fe<\/a><\/div><div style=\"font-size:14px;line-height:1.6;color:#333;\">Recopilar datos personales en un &quot;mapa del estado de \u00e1nimo anual&quot; para facilitar los ajustes necesarios para el pr\u00f3ximo trimestre.<\/div><\/li><li value=\"40\" style=\"margin:0 0 16px 0;list-style:decimal;\"><div style=\"margin-bottom:4px;\"><a href=\"https:\/\/arttao.org\/es\/?page_id=22050&#038;preview=true\" style=\"color:#00695c;text-decoration:none;border-bottom:1px solid #F5DEB3;font-weight:600;\">\u6574\u5408\u56de\u987e\uff1a\u5efa\u7acb\u4e2a\u4eba\u201c\u5b63\u8282\u60c5\u7eea\u7167\u62a4\u7cfb\u7edf\u201d<\/a><\/div><div style=\"font-size:14px;line-height:1.6;color:#333;\">\u6574\u5408\u5149\u7167\u3001\u7761\u7720\u3001\u8425\u517b\u3001\u8fd0\u52a8\u3001\u73af\u5883\u3001\u793e\u4ea4\u4e0e\u590d\u76d8\u5de5\u5177\uff0c\u5f62\u6210\u53ef\u6301\u7eed\u7684\u5b63\u8282\u60c5\u7eea\u7167\u62a4\u7cfb\u7edf\u3002<\/div><\/li><li value=\"41\" style=\"margin:0 0 16px 0;list-style:decimal;\"><div style=\"margin-bottom:4px;\"><a href=\"https:\/\/arttao.org\/es\/?page_id=27843&#038;preview=true\" style=\"color:#00695c;text-decoration:none;border-bottom:1px solid #F5DEB3;font-weight:600;\">Curso de Mandala Tradicional (Curso Complementario)<\/a><\/div><div style=\"font-size:14px;line-height:1.6;color:#333;\">\u8fdb\u5165\u4f20\u7edf\u66fc\u9640\u7f57\u8865\u5145\u8bfe\u7a0b\uff0c\u7ee7\u7eed\u901a\u8fc7\u56fe\u50cf\u3001\u8272\u5f69\u3001\u89c2\u770b\u3001\u4e66\u5199\u4e0e\u7ed8\u753b\u7ec3\u4e60\uff0c\u5e2e\u52a9\u5b63\u8282\u6027\u60c5\u7eea\u53d8\u5316\u83b7\u5f97\u66f4\u6e29\u548c\u7684\u5b89\u987f\u4e0e\u6574\u7406\u3002<\/div><\/li><li value=\"42\" style=\"margin:0 0 16px 0;list-style:decimal;\"><div style=\"margin-bottom:4px;\"><a href=\"https:\/\/arttao.org\/es\/?page_id=27844&#038;preview=true\" style=\"color:#00695c;text-decoration:none;border-bottom:1px solid #F5DEB3;font-weight:600;\">\u5b63\u8282\u6027\u60c5\u611f\u969c\u788d\u8bfe\u7a0b\uff08\u7b2c401\uff5e440\u8bfe\uff09\u8bfe\u7a0b\u8bc4\u4f30<\/a><\/div><div style=\"font-size:14px;line-height:1.6;color:#333;\">\u5b8c\u6210\u8bfe\u7a0b\u8bc4\u4f30\uff0c\u56de\u987e\u8fd9\u4e00\u5355\u5143\u7684\u5b66\u4e60\u6536\u83b7\u3001\u7ec3\u4e60\u53d8\u5316\u4e0e\u4ecd\u9700\u8981\u652f\u6301\u7684\u5730\u65b9\uff0c\u8ba9\u5b63\u8282\u60c5\u7eea\u7167\u62a4\u7cfb\u7edf\u66f4\u6e05\u695a\u3002<\/div><\/li><\/ol><div style=\"margin-top:24px;font-size:13px;color:#666;line-height:1.5;background:#fff8dc;border:1px solid #F5DEB3;border-radius:8px;padding:12px 12px;\">Nota: Este contenido tiene fines de autoaprendizaje y capacitaci\u00f3n \u00fanicamente, y no reemplaza el diagn\u00f3stico m\u00e9dico profesional ni el tratamiento de emergencia. Si experimenta depresi\u00f3n persistente o que empeora, sentimientos de desesperanza, agitaci\u00f3n, p\u00e9rdida de control o pensamientos suicidas o de autolesi\u00f3n, comun\u00edquese de inmediato con profesionales y recursos de crisis.<\/div><\/div>","protected":false},"excerpt":{"rendered":"","protected":false},"author":1,"featured_media":0,"parent":0,"menu_order":0,"comment_status":"closed","ping_status":"closed","template":"","meta":{"nf_dc_page":"","om_disable_all_campaigns":false,"footnotes":""},"class_list":["post-12128","page","type-page","status-publish","hentry"],"_links":{"self":[{"href":"https:\/\/arttao.org\/es\/wp-json\/wp\/v2\/pages\/12128","targetHints":{"allow":["GET"]}}],"collection":[{"href":"https:\/\/arttao.org\/es\/wp-json\/wp\/v2\/pages"}],"about":[{"href":"https:\/\/arttao.org\/es\/wp-json\/wp\/v2\/types\/page"}],"author":[{"embeddable":true,"href":"https:\/\/arttao.org\/es\/wp-json\/wp\/v2\/users\/1"}],"replies":[{"embeddable":true,"href":"https:\/\/arttao.org\/es\/wp-json\/wp\/v2\/comments?post=12128"}],"version-history":[{"count":2,"href":"https:\/\/arttao.org\/es\/wp-json\/wp\/v2\/pages\/12128\/revisions"}],"predecessor-version":[{"id":29070,"href":"https:\/\/arttao.org\/es\/wp-json\/wp\/v2\/pages\/12128\/revisions\/29070"}],"wp:attachment":[{"href":"https:\/\/arttao.org\/es\/wp-json\/wp\/v2\/media?parent=12128"}],"curies":[{"name":"gracias","href":"https:\/\/api.w.org\/{rel}","templated":true}]}}