{"id":12051,"date":"2025-11-05T06:04:23","date_gmt":"2025-11-05T06:04:23","guid":{"rendered":"https:\/\/arttao.org\/?page_id=12051"},"modified":"2026-07-10T05:17:59","modified_gmt":"2026-07-10T05:17:59","slug":"%e7%ac%ac%e4%b8%83%e8%af%be%ef%bc%9a%e9%80%89%e6%8b%a9%e6%80%a7%e7%bc%84%e9%bb%98%e7%97%87%e8%af%be%e7%a8%8b%ef%bc%88%e7%ac%ac241-280%e8%af%be%ef%bc%89","status":"publish","type":"page","link":"https:\/\/arttao.org\/pt\/%e7%ac%ac%e4%b8%83%e8%af%be%ef%bc%9a%e9%80%89%e6%8b%a9%e6%80%a7%e7%bc%84%e9%bb%98%e7%97%87%e8%af%be%e7%a8%8b%ef%bc%88%e7%ac%ac241-280%e8%af%be%ef%bc%89\/","title":{"rendered":"Unidade 7: Curso sobre Mutismo Seletivo (Li\u00e7\u00f5es 241-280)"},"content":{"rendered":"<div class=\"sm-outline\" style=\"max-width:800px;margin:24px auto;font-family:-apple-system,BlinkMacSystemFont,'Segoe UI',Roboto,Helvetica,Arial,sans-serif;line-height:1.7;font-size:15px;color:#111;\"><h2 style=\"font-size:20px;color:#00695C;font-weight:bold;border-left:4px solid #F5DEB3;padding-left:8px;margin:0 0 12px;\">Unidade 7: Curso sobre Mutismo Seletivo (Li\u00e7\u00f5es 241-280) \u00b7 Cat\u00e1logo de Cursos<\/h2><p><strong>Caracter\u00edsticas dos sintomas:<\/strong>A ess\u00eancia do mutismo seletivo \u00e9 o &quot;congelamento situacional da linguagem&quot;: n\u00e3o se trata de uma falta de capacidade lingu\u00edstica, mas sim de uma incapacidade de falar em situa\u00e7\u00f5es espec\u00edficas, desencadeada por ansiedade e vergonha. Sintomas comuns que acompanham o quadro incluem rigidez facial, desvio do olhar, tens\u00e3o nas cordas vocais e comportamento de evita\u00e7\u00e3o.<\/p><p><strong>Objetivos do curso:<\/strong>O curso segue os princ\u00edpios de &quot;seguran\u00e7a-gradual-pausa&quot;: come\u00e7ando com a comunica\u00e7\u00e3o n\u00e3o verbal, combinada com a regula\u00e7\u00e3o corporal e a exposi\u00e7\u00e3o gradual, ele completa progressivamente a reabilita\u00e7\u00e3o da linguagem, desde a leitura labial e o sussurro at\u00e9 o volume normal da voz, e consolida a confian\u00e7a por meio de sess\u00f5es de feedback e cart\u00f5es de evid\u00eancia.<\/p><ol style=\"padding-left:20px;margin:12px 0;\"><li style=\"margin:0 0 14px;\"><div style=\"margin-bottom:4px;\"><a href=\"https:\/\/arttao.org\/pt\/?page_id=21707&#038;preview=true\" style=\"color:#00695C;text-decoration:none;border-bottom:1px solid #F5DEB3;font-weight:600;\">Compreendendo a natureza do mutismo seletivo<\/a><\/div><div style=\"font-size:14px;color:#333;\">O sil\u00eancio n\u00e3o \u00e9 a incapacidade de falar, mas sim a incapacidade de falar em situa\u00e7\u00f5es espec\u00edficas. Esta li\u00e7\u00e3o esclarece a ess\u00eancia: o &quot;congelamento da linguagem&quot; provocado pela ansiedade, com o objetivo de restaurar a sensa\u00e7\u00e3o de seguran\u00e7a, em vez de for\u00e7ar-se a falar.<\/div><\/li><li style=\"margin:0 0 14px;\"><div style=\"margin-bottom:4px;\"><a href=\"https:\/\/arttao.org\/pt\/?page_id=21708&#038;preview=true\" style=\"color:#00695C;text-decoration:none;border-bottom:1px solid #F5DEB3;font-weight:600;\">Aprimorar as habilidades de comunica\u00e7\u00e3o n\u00e3o verbal<\/a><\/div><div style=\"font-size:14px;color:#333;\">Use acenos de cabe\u00e7a, gestos, express\u00f5es faciais e escrita para construir uma ponte de comunica\u00e7\u00e3o &quot;vis\u00edvel&quot;, diminuir o obst\u00e1culo para se manifestar e lan\u00e7ar as bases para que a voz de cada um seja ouvida.<\/div><\/li><li style=\"margin:0 0 14px;\"><div style=\"margin-bottom:4px;\"><a href=\"https:\/\/arttao.org\/pt\/?page_id=21709&#038;preview=true\" style=\"color:#00695C;text-decoration:none;border-bottom:1px solid #F5DEB3;font-weight:600;\">Estabele\u00e7a uma &quot;rede de seguran\u00e7a psicol\u00f3gica antes de falar&quot;.\u201c<\/a><\/div><div style=\"font-size:14px;color:#333;\">Tr\u00eas passos antes de falar: estabilize sua respira\u00e7\u00e3o \u2014 autoconfian\u00e7a \u2014 meta de uma frase. Primeiro estabilize seu corpo, depois acione a linguagem.<\/div><\/li><li style=\"margin:0 0 14px;\"><div style=\"margin-bottom:4px;\"><a href=\"https:\/\/arttao.org\/pt\/?page_id=21710&#038;preview=true\" style=\"color:#00695C;text-decoration:none;border-bottom:1px solid #F5DEB3;font-weight:600;\">Exerc\u00edcios do &quot;Sil\u00eancio&quot; ao &quot;Aumento Gradual do Volume&quot;<\/a><\/div><div style=\"font-size:14px;color:#333;\">Pratique a transi\u00e7\u00e3o gradual da leitura labial para o sussurro, do volume baixo para o volume normal em um ambiente de baixa press\u00e3o e registre a dura\u00e7\u00e3o que consegue manter em cada n\u00edvel.<\/div><\/li><li style=\"margin:0 0 14px;\"><div style=\"margin-bottom:4px;\"><a href=\"https:\/\/arttao.org\/pt\/?page_id=21711&#038;preview=true\" style=\"color:#00695C;text-decoration:none;border-bottom:1px solid #F5DEB3;font-weight:600;\">O primeiro passo para se expressar com coragem (expor-se \u00e0s circunst\u00e2ncias externas)<\/a><\/div><div style=\"font-size:14px;color:#333;\">Escolha o cen\u00e1rio e o alvo mais seguros, defina uma tarefa de uma frase e realize uma abertura bem-sucedida &quot;reproduz\u00edvel&quot;.<\/div><\/li><li style=\"margin:0 0 14px;\"><div style=\"margin-bottom:4px;\"><a href=\"https:\/\/arttao.org\/pt\/?page_id=21712&#038;preview=true\" style=\"color:#00695C;text-decoration:none;border-bottom:1px solid #F5DEB3;font-weight:600;\">Integra\u00e7\u00e3o da cura e restaura\u00e7\u00e3o da confian\u00e7a<\/a><\/div><div style=\"font-size:14px;color:#333;\">Crie fichas de evid\u00eancia para cada conversa bem-sucedida, revise-as repetidamente e reforce a impress\u00e3o de &quot;Eu consigo falar&quot; em seu sistema nervoso.<\/div><\/li><li style=\"margin:0 0 14px;\"><div style=\"margin-bottom:4px;\"><a href=\"https:\/\/arttao.org\/pt\/?page_id=21713&#038;preview=true\" style=\"color:#00695C;text-decoration:none;border-bottom:1px solid #F5DEB3;font-weight:600;\">Mecanismos psicol\u00f3gicos e fisiol\u00f3gicos do mutismo<\/a><\/div><div style=\"font-size:14px;color:#333;\">Compreenda a cadeia de alarme da am\u00edgdala \u2013 tens\u00e3o muscular \u2013 inibi\u00e7\u00e3o das cordas vocais e interrompa a escalada prolongando a expira\u00e7\u00e3o e relaxando o pesco\u00e7o e os ombros.<\/div><\/li><li style=\"margin:0 0 14px;\"><div style=\"margin-bottom:4px;\"><a href=\"https:\/\/arttao.org\/pt\/?page_id=21714&#038;preview=true\" style=\"color:#00695C;text-decoration:none;border-bottom:1px solid #F5DEB3;font-weight:600;\">Diferen\u00e7as entre o mutismo em crian\u00e7as e adultos<\/a><\/div><div style=\"font-size:14px;color:#333;\">As crian\u00e7as s\u00e3o frequentemente expostas a gatilhos em ambientes escolares, enquanto os adultos s\u00e3o mais comumente expostos no local de trabalho e em contextos sociais. Ajuste os pap\u00e9is da pessoa exposta e daqueles que a apoiam.<\/div><\/li><li style=\"margin:0 0 14px;\"><div style=\"margin-bottom:4px;\"><a href=\"https:\/\/arttao.org\/pt\/?page_id=21715&#038;preview=true\" style=\"color:#00695C;text-decoration:none;border-bottom:1px solid #F5DEB3;font-weight:600;\">Fun\u00e7\u00e3o de prote\u00e7\u00e3o silenciosa<\/a><\/div><div style=\"font-size:14px;color:#333;\">O sil\u00eancio te ajudou a &quot;evitar se machucar&quot;. Primeiro, reconhe\u00e7a a sua import\u00e2ncia e, em seguida, substitua-o gradualmente por maneiras mais saud\u00e1veis de se proteger.<\/div><\/li><li style=\"margin:0 0 14px;\"><div style=\"margin-bottom:4px;\"><a href=\"https:\/\/arttao.org\/pt\/?page_id=21716&#038;preview=true\" style=\"color:#00695C;text-decoration:none;border-bottom:1px solid #F5DEB3;font-weight:600;\">\u201cO &quot;Congelamento da Linguagem&quot; e a Cadeia de Respostas de Ansiedade<\/a><\/div><div style=\"font-size:14px;color:#333;\">Identifique a sequ\u00eancia de olhar fixo \u2192 aumento da frequ\u00eancia card\u00edaca \u2192 aperto na garganta \u2192 congelamento da fala e encontre a liga\u00e7\u00e3o na qual voc\u00ea pode intervir.<\/div><\/li><li style=\"margin:0 0 14px;\"><div style=\"margin-bottom:4px;\"><a href=\"https:\/\/arttao.org\/pt\/?page_id=21717&#038;preview=true\" style=\"color:#00695C;text-decoration:none;border-bottom:1px solid #F5DEB3;font-weight:600;\">A rela\u00e7\u00e3o entre fobia de vozes e vergonha<\/a><\/div><div style=\"font-size:14px;color:#333;\">O medo de ser ouvido est\u00e1 frequentemente associado \u00e0 vergonha. Esta li\u00e7\u00e3o reescreve a narrativa com empatia: a voz sendo ouvida = o in\u00edcio da conex\u00e3o.<\/div><\/li><li style=\"margin:0 0 14px;\"><div style=\"margin-bottom:4px;\"><a href=\"https:\/\/arttao.org\/pt\/?page_id=21718&#038;preview=true\" style=\"color:#00695C;text-decoration:none;border-bottom:1px solid #F5DEB3;font-weight:600;\">Desenvolva sua voz gradualmente em um ambiente familiar.<\/a><\/div><div style=\"font-size:14px;color:#333;\">Comece com pr\u00e1tica de baixo custo em casa ou com conhecidos para desenvolver a mem\u00f3ria f\u00edsica de que &quot;\u00e9 seguro emitir um som&quot;.<\/div><\/li><li style=\"margin:0 0 14px;\"><div style=\"margin-bottom:4px;\"><a href=\"https:\/\/arttao.org\/pt\/?page_id=21719&#038;preview=true\" style=\"color:#00695C;text-decoration:none;border-bottom:1px solid #F5DEB3;font-weight:600;\">Estabelecer uma &quot;ponte lingu\u00edstica&quot; com figuras da seguran\u00e7a.\u201c<\/a><\/div><div style=\"font-size:14px;color:#333;\">Escolha um &quot;outro confi\u00e1vel&quot; como sujeito de pr\u00e1tica, defina um per\u00edodo de tempo fixo e um padr\u00e3o de frases fixo para reduzir a incerteza.<\/div><\/li><li style=\"margin:0 0 14px;\"><div style=\"margin-bottom:4px;\"><a href=\"https:\/\/arttao.org\/pt\/?page_id=21720&#038;preview=true\" style=\"color:#00695C;text-decoration:none;border-bottom:1px solid #F5DEB3;font-weight:600;\">Como identificar os cen\u00e1rios que desencadeiam o sil\u00eancio?<\/a><\/div><div style=\"font-size:14px;color:#333;\">Liste os hor\u00e1rios, locais, tamanhos populacionais e tipos de tarefas em que a exposi\u00e7\u00e3o tem maior probabilidade de causar problemas, fornecendo uma lista de verifica\u00e7\u00e3o para exposi\u00e7\u00e3o em n\u00edveis.<\/div><\/li><li style=\"margin:0 0 14px;\"><div style=\"margin-bottom:4px;\"><a href=\"https:\/\/arttao.org\/pt\/?page_id=21721&#038;preview=true\" style=\"color:#00695C;text-decoration:none;border-bottom:1px solid #F5DEB3;font-weight:600;\">Prepara\u00e7\u00e3o emocional para as demandas sociais<\/a><\/div><div style=\"font-size:14px;color:#333;\">Prepare suas emo\u00e7\u00f5es antes da reuni\u00e3o\/aula: respire fundo tr\u00eas vezes, diga uma frase de autoconfian\u00e7a e fa\u00e7a uma declara\u00e7\u00e3o inicial preparada.<\/div><\/li><li style=\"margin:0 0 14px;\"><div style=\"margin-bottom:4px;\"><a href=\"https:\/\/arttao.org\/pt\/?page_id=21722&#038;preview=true\" style=\"color:#00695C;text-decoration:none;border-bottom:1px solid #F5DEB3;font-weight:600;\">Pr\u00e1tica Segura da Voz: M\u00e9todo de Fala em Baixo Volume<\/a><\/div><div style=\"font-size:14px;color:#333;\">Comece sussurrando e v\u00e1 progredindo gradualmente at\u00e9 &quot;ser claramente aud\u00edvel para uma pessoa&quot;, usando a dura\u00e7\u00e3o e a clareza como indicadores de progresso.<\/div><\/li><li style=\"margin:0 0 14px;\"><div style=\"margin-bottom:4px;\"><a href=\"https:\/\/arttao.org\/pt\/?page_id=21723&#038;preview=true\" style=\"color:#00695C;text-decoration:none;border-bottom:1px solid #F5DEB3;font-weight:600;\">Express\u00e3o microverbal: treinamento em acenos de cabe\u00e7a, gestos e contato visual.<\/a><\/div><div style=\"font-size:14px;color:#333;\">\u201c&quot;At\u00e9 os menores gestos contam como participa\u00e7\u00e3o.&quot; Deixe seu corpo se envolver na conversa primeiro, reduzindo a press\u00e3o de &quot;ter que falar por completo&quot;.<\/div><\/li><li style=\"margin:0 0 14px;\"><div style=\"margin-bottom:4px;\"><a href=\"https:\/\/arttao.org\/pt\/?page_id=21724&#038;preview=true\" style=\"color:#00695C;text-decoration:none;border-bottom:1px solid #F5DEB3;font-weight:600;\">Treinamento de comunica\u00e7\u00e3o com parceiros ou familiares<\/a><\/div><div style=\"font-size:14px;color:#333;\">O sistema emprega uma abordagem de tr\u00eas etapas de &quot;est\u00edmulo-espera-refor\u00e7o&quot; para evitar falar pela pessoa em quest\u00e3o; o objetivo \u00e9 permitir que a pessoa complete as frases-chave.<\/div><\/li><li style=\"margin:0 0 14px;\"><div style=\"margin-bottom:4px;\"><a href=\"https:\/\/arttao.org\/pt\/?page_id=21725&#038;preview=true\" style=\"color:#00695C;text-decoration:none;border-bottom:1px solid #F5DEB3;font-weight:600;\">Exerc\u00edcios de expans\u00e3o da linguagem, do vocabul\u00e1rio \u00e0 cria\u00e7\u00e3o de frases.<\/a><\/div><div style=\"font-size:14px;color:#333;\">Expanda frases curtas usando &quot;palavras-chave + complementos&quot;: primeiro apresente o substantivo, depois adicione um verbo ou uma express\u00e3o de tempo, ampliando gradualmente a express\u00e3o.<\/div><\/li><li style=\"margin:0 0 14px;\"><div style=\"margin-bottom:4px;\"><a href=\"https:\/\/arttao.org\/pt\/?page_id=21726&#038;preview=true\" style=\"color:#00695C;text-decoration:none;border-bottom:1px solid #F5DEB3;font-weight:600;\">Autoconsci\u00eancia do volume e da velocidade da fala<\/a><\/div><div style=\"font-size:14px;color:#333;\">Use um gravador ou medidor de volume para marcar a faixa de volume em que se sente confort\u00e1vel e pratique emitir som de forma constante dentro dessa faixa.<\/div><\/li><li style=\"margin:0 0 14px;\"><div style=\"margin-bottom:4px;\"><a href=\"https:\/\/arttao.org\/pt\/?page_id=21727&#038;preview=true\" style=\"color:#00695C;text-decoration:none;border-bottom:1px solid #F5DEB3;font-weight:600;\">Exerc\u00edcios de grava\u00e7\u00e3o e reprodu\u00e7\u00e3o<\/a><\/div><div style=\"font-size:14px;color:#333;\">Primeiro, grave-se sozinho, depois reproduza a grava\u00e7\u00e3o na frente de uma pessoa de confian\u00e7a e, por fim, fale em frases curtas para essa pessoa, a fim de reduzir o medo de &quot;ouvir a pr\u00f3pria voz&quot;.<\/div><\/li><li style=\"margin:0 0 14px;\"><div style=\"margin-bottom:4px;\"><a href=\"https:\/\/arttao.org\/pt\/?page_id=21728&#038;preview=true\" style=\"color:#00695C;text-decoration:none;border-bottom:1px solid #F5DEB3;font-weight:600;\">Falar em frente ao espelho e praticar express\u00f5es faciais.<\/a><\/div><div style=\"font-size:14px;color:#333;\">Pratique sorrir, acenar com a cabe\u00e7a e relaxar a boca em frente a um espelho, enquanto d\u00e1 leves tapinhas no peito\/clav\u00edcula para aliviar a tens\u00e3o no rosto e na garganta.<\/div><\/li><li style=\"margin:0 0 14px;\"><div style=\"margin-bottom:4px;\"><a href=\"https:\/\/arttao.org\/pt\/?page_id=21729&#038;preview=true\" style=\"color:#00695C;text-decoration:none;border-bottom:1px solid #F5DEB3;font-weight:600;\">Treinamento de orat\u00f3ria aleat\u00f3ria em ambientes de baixa ansiedade<\/a><\/div><div style=\"font-size:14px;color:#333;\">Pratique express\u00f5es funcionais em situa\u00e7\u00f5es de baixa press\u00e3o, como em lojas de conveni\u00eancia ou bibliotecas, como &quot;Por favor, pague&quot; ou &quot;Pegue emprestado&quot;.<\/div><\/li><li style=\"margin:0 0 14px;\"><div style=\"margin-bottom:4px;\"><a href=\"https:\/\/arttao.org\/pt\/?page_id=21730&#038;preview=true\" style=\"color:#00695C;text-decoration:none;border-bottom:1px solid #F5DEB3;font-weight:600;\">Exposi\u00e7\u00e3o Faseada: De Espa\u00e7os Privados a Ambientes P\u00fablicos<\/a><\/div><div style=\"font-size:14px;color:#333;\">Gradiente: Privado \u2192 Semip\u00fablico \u2192 P\u00fablico; P\u00fablico-alvo: Pessoas de confian\u00e7a \u2192 Pequenos grupos \u2192 Desconhecidos; Atualizar somente ap\u00f3s cada n\u00edvel estar est\u00e1vel.<\/div><\/li><li style=\"margin:0 0 14px;\"><div style=\"margin-bottom:4px;\"><a href=\"https:\/\/arttao.org\/pt\/?page_id=21731&#038;preview=true\" style=\"color:#00695C;text-decoration:none;border-bottom:1px solid #F5DEB3;font-weight:600;\">Liberte-se do perfeccionismo lingu\u00edstico de que &quot;dizer a coisa errada \u00e9 terr\u00edvel&quot;.<\/a><\/div><div style=\"font-size:14px;color:#333;\">Pratique &quot;permitir frases imperfeitas&quot;, mudando o objetivo de &quot;falar lindamente&quot; para &quot;ser ouvido e compreendido pela outra pessoa&quot;.<\/div><\/li><li style=\"margin:0 0 14px;\"><div style=\"margin-bottom:4px;\"><a href=\"https:\/\/arttao.org\/pt\/?page_id=21732&#038;preview=true\" style=\"color:#00695C;text-decoration:none;border-bottom:1px solid #F5DEB3;font-weight:600;\">O que fazer quando o corpo enrijece e a boca congela?<\/a><\/div><div style=\"font-size:14px;color:#333;\">Use a combina\u00e7\u00e3o de &quot;relaxar a mand\u00edbula + pressionar a ponta da l\u00edngua contra o palato superior + prolongar a expira\u00e7\u00e3o&quot; para aliviar rapidamente a sensa\u00e7\u00e3o de boca congelada.<\/div><\/li><li style=\"margin:0 0 14px;\"><div style=\"margin-bottom:4px;\"><a href=\"https:\/\/arttao.org\/pt\/?page_id=21733&#038;preview=true\" style=\"color:#00695C;text-decoration:none;border-bottom:1px solid #F5DEB3;font-weight:600;\">Desenvolva a coragem para se comunicar com professores e colegas.<\/a><\/div><div style=\"font-size:14px;color:#333;\">Prepare duas frases para uma &quot;express\u00e3o m\u00ednima e suficiente&quot; com anteced\u00eancia, leia-as em voz alta antes de falar quando for solicitado e, gradualmente, passe a falar sem anota\u00e7\u00f5es.<\/div><\/li><li style=\"margin:0 0 14px;\"><div style=\"margin-bottom:4px;\"><a href=\"https:\/\/arttao.org\/pt\/?page_id=21734&#038;preview=true\" style=\"color:#00695C;text-decoration:none;border-bottom:1px solid #F5DEB3;font-weight:600;\">Aprenda a aceitar momentos em que &quot;o sil\u00eancio tamb\u00e9m \u00e9 compreendido&quot;.<\/a><\/div><div style=\"font-size:14px;color:#333;\">Mesmo que voc\u00ea n\u00e3o consiga falar agora, pode usar gestos, contato visual e escrita para se fazer entender e dar mais tempo ao seu corpo.<\/div><\/li><li style=\"margin:0 0 14px;\"><div style=\"margin-bottom:4px;\"><a href=\"https:\/\/arttao.org\/pt\/?page_id=21735&#038;preview=true\" style=\"color:#00695C;text-decoration:none;border-bottom:1px solid #F5DEB3;font-weight:600;\">Escrever e usar palavras de autoencorajamento<\/a><\/div><div style=\"font-size:14px;color:#333;\">Escreva tr\u00eas frases curtas e encorajadoras para si mesmo e repita-as antes e depois de falar para ajudar seu sistema nervoso a lembrar &quot;Eu consegui&quot;.<\/div><\/li><li style=\"margin:0 0 14px;\"><div style=\"margin-bottom:4px;\"><a href=\"https:\/\/arttao.org\/pt\/?page_id=21736&#038;preview=true\" style=\"color:#00695C;text-decoration:none;border-bottom:1px solid #F5DEB3;font-weight:600;\">A sensa\u00e7\u00e3o de impot\u00eancia quando outra pessoa responde por mim.<\/a><\/div><div style=\"font-size:14px;color:#333;\">Combine com seu parceiro de &quot;esperar 10 segundos antes de intervir&quot;. Isso lhe d\u00e1 espa\u00e7o para ser ouvido, em vez de ser substitu\u00eddo.<\/div><\/li><li style=\"margin:0 0 14px;\"><div style=\"margin-bottom:4px;\"><a href=\"https:\/\/arttao.org\/pt\/?page_id=21737&#038;preview=true\" style=\"color:#00695C;text-decoration:none;border-bottom:1px solid #F5DEB3;font-weight:600;\">Ap\u00f3s o fracasso lingu\u00edstico: reflex\u00e3o e autoconforto<\/a><\/div><div style=\"font-size:14px;color:#333;\">\u201cN\u00e3o estou dizendo que n\u00e3o signifique fracasso. O processo de revis\u00e3o desencadeia uma mudan\u00e7a de foco: corpo, mente e pr\u00f3ximo passo, permitindo que a experi\u00eancia abra caminho para o sucesso futuro.<\/div><\/li><li style=\"margin:0 0 14px;\"><div style=\"margin-bottom:4px;\"><a href=\"https:\/\/arttao.org\/pt\/?page_id=21738&#038;preview=true\" style=\"color:#00695C;text-decoration:none;border-bottom:1px solid #F5DEB3;font-weight:600;\">Mantenha um perfil discreto e participe de forma sutil dentro do grupo.<\/a><\/div><div style=\"font-size:14px;color:#333;\">Estabele\u00e7a uma meta m\u00ednima de &quot;dizer pelo menos uma frase em cada reuni\u00e3o&quot;, come\u00e7ando por ler um texto preparado, depois falando sem texto e aumentando gradualmente a participa\u00e7\u00e3o.<\/div><\/li><li style=\"margin:0 0 14px;\"><div style=\"margin-bottom:4px;\"><a href=\"https:\/\/arttao.org\/pt\/?page_id=21739&#038;preview=true\" style=\"color:#00695C;text-decoration:none;border-bottom:1px solid #F5DEB3;font-weight:600;\">T\u00e9cnicas de estabiliza\u00e7\u00e3o da respira\u00e7\u00e3o quando a ansiedade aumenta<\/a><\/div><div style=\"font-size:14px;color:#333;\">Use um ritmo 4-2-6-2 e um ponto de olhar fixo para se estabilizar antes de se expressar, evitando o p\u00e2nico e a teimosia.<\/div><\/li><li style=\"margin:0 0 14px;\"><div style=\"margin-bottom:4px;\"><a href=\"https:\/\/arttao.org\/pt\/?page_id=21740&#038;preview=true\" style=\"color:#00695C;text-decoration:none;border-bottom:1px solid #F5DEB3;font-weight:600;\">Resgatando a cren\u00e7a de que &quot;falar \u00e9 sin\u00f4nimo de seguran\u00e7a&quot;<\/a><\/div><div style=\"font-size:14px;color:#333;\">Substitua associa\u00e7\u00f5es antigas por cart\u00f5es com evid\u00eancias de sucesso para ressignificar a ideia de &quot;falar abertamente&quot; com a de &quot;ser aceito&quot; no c\u00e9rebro.<\/div><\/li><li style=\"margin:0 0 14px;\"><div style=\"margin-bottom:4px;\"><a href=\"https:\/\/arttao.org\/pt\/?page_id=21741&#038;preview=true\" style=\"color:#00695C;text-decoration:none;border-bottom:1px solid #F5DEB3;font-weight:600;\">Exerc\u00edcios que combinam linguagem corporal e libera\u00e7\u00e3o emocional.<\/a><\/div><div style=\"font-size:14px;color:#333;\">Antes de falar, fa\u00e7a movimentos de rota\u00e7\u00e3o dos ombros e do pesco\u00e7o, boceje para relaxar e d\u00ea leves tapinhas no esterno para liberar a tens\u00e3o emocional e lubrificar o trato vocal.<\/div><\/li><li style=\"margin:0 0 14px;\"><div style=\"margin-bottom:4px;\"><a href=\"https:\/\/arttao.org\/pt\/?page_id=21742&#038;preview=true\" style=\"color:#00695C;text-decoration:none;border-bottom:1px solid #F5DEB3;font-weight:600;\">Explorando a cren\u00e7a profundamente enraizada de que &quot;tenho medo de que minha voz seja ouvida&quot;.<\/a><\/div><div style=\"font-size:14px;color:#333;\">Anote o que mais lhe preocupa caso algu\u00e9m ou\u00e7a sua conversa e, em seguida, detalhe cada ponto com exemplos do mundo real.<\/div><\/li><li style=\"margin:0 0 14px;\"><div style=\"margin-bottom:4px;\"><a href=\"https:\/\/arttao.org\/pt\/?page_id=21743&#038;preview=true\" style=\"color:#00695C;text-decoration:none;border-bottom:1px solid #F5DEB3;font-weight:600;\">Participar gradualmente em atividades de express\u00e3o p\u00fablica.<\/a><\/div><div style=\"font-size:14px;color:#333;\">Desde a autoapresenta\u00e7\u00e3o at\u00e9 a leitura do roteiro, passando pelo compartilhamento breve e pela sess\u00e3o de perguntas e respostas, o processo exp\u00f5e gradualmente o indiv\u00edduo e registra a expans\u00e3o de sua zona de conforto em cada n\u00edvel.<\/div><\/li><li style=\"margin:0 0 14px;\"><div style=\"margin-bottom:4px;\"><a href=\"https:\/\/arttao.org\/pt\/?page_id=21744&#038;preview=true\" style=\"color:#00695C;text-decoration:none;border-bottom:1px solid #F5DEB3;font-weight:600;\">Cuidados com as cordas vocais e a voz ap\u00f3s longos per\u00edodos de sil\u00eancio.<\/a><\/div><div style=\"font-size:14px;color:#333;\">Aprenda t\u00e9cnicas suaves de vocaliza\u00e7\u00e3o: vibra\u00e7\u00e3o labial, vocal fry e zumbido para evitar o atrito excessivo das cordas vocais e proteger sua voz.<\/div><\/li><li style=\"margin:0 0 14px;\"><div style=\"margin-bottom:4px;\"><a href=\"https:\/\/arttao.org\/pt\/?page_id=21745&#038;preview=true\" style=\"color:#00695C;text-decoration:none;border-bottom:1px solid #F5DEB3;font-weight:600;\">Processo de autoapoio durante a reca\u00edda<\/a><\/div><div style=\"font-size:14px;color:#333;\">Prepare um &quot;plano de recupera\u00e7\u00e3o&quot;: pausa \u2014 tranquiliza\u00e7\u00e3o \u2014 express\u00e3o m\u00ednima \u2014 registro bem-sucedido \u2014 recompensa suave, redu\u00e7\u00e3o do tempo de evita\u00e7\u00e3o.<\/div><\/li><li style=\"margin:0 0 14px;\"><div style=\"margin-bottom:4px;\"><a href=\"https:\/\/arttao.org\/pt\/?page_id=21746&#038;preview=true\" style=\"color:#00695C;text-decoration:none;border-bottom:1px solid #F5DEB3;font-weight:600;\">Resumo e manuten\u00e7\u00e3o a longo prazo da confian\u00e7a no idioma<\/a><\/div><div style=\"font-size:14px;color:#333;\">Desenvolva um plano de manuten\u00e7\u00e3o de 90 dias: duas sess\u00f5es de inicia\u00e7\u00e3o com doses baixas, uma sess\u00e3o de revis\u00e3o e uma sess\u00e3o de recompensa por semana para garantir um crescimento constante da confian\u00e7a.<\/div><\/li><li style=\"margin:0 0 14px;\"><div style=\"margin-bottom:4px;\"><a href=\"https:\/\/arttao.org\/pt\/%e7%ac%ac%e4%b8%83%e8%af%be%ef%bc%9a%e9%80%89%e6%8b%a9%e6%80%a7%e7%bc%84%e9%bb%98%e7%97%87%e8%af%be%e7%a8%8b-%c2%b7-%e4%bc%a0%e7%bb%9f%e6%9b%bc%e9%99%80%e7%bd%97%e8%af%be%e7%a8%8b%ef%bc%88%e8%a1%a5\/\" style=\"color:#00695C;text-decoration:none;border-bottom:1px solid #F5DEB3;font-weight:600;\">Curso de Mandala Tradicional (Curso Complementar)<\/a><\/div><div style=\"font-size:14px;color:#333;\">As mandalas tradicionais t\u00eam origem em antigos sistemas religiosos e filos\u00f3ficos, enfatizando a express\u00e3o da unidade do universo e da mente atrav\u00e9s de estruturas geom\u00e9tricas e ordem sim\u00e9trica. O processo de desenhar uma mandala \u00e9 considerado uma forma de medita\u00e7\u00e3o, ajudando as pessoas a reencontrar o equil\u00edbrio e o foco em meio ao caos e \u00e0 ansiedade, e a se reconectarem com a paz e o poder interior.<\/div><\/li><li style=\"margin:0 0 14px;\"><div style=\"margin-bottom:4px;\"><a href=\"https:\/\/arttao.org\/pt\/%e7%ac%ac%e4%b8%83%e8%af%be%ef%bc%9a%e9%80%89%e6%8b%a9%e6%80%a7%e7%bc%84%e9%bb%98%e7%97%87%e8%af%be%e7%a8%8b-%c2%b7-%e8%af%be%e7%a8%8b%e8%af%84%e4%bc%b0\/\" style=\"color:#00695C;text-decoration:none;border-bottom:1px solid #F5DEB3;font-weight:600;\">Avalia\u00e7\u00e3o do Curso de Mutismo Seletivo (Li\u00e7\u00f5es 241-280)<\/a><\/div><div style=\"font-size:14px;color:#333;\">Por favor, preencha a avalia\u00e7\u00e3o do curso para analisar o que voc\u00ea aprendeu e oferecer sugest\u00f5es. Isso ajudar\u00e1 voc\u00ea a aprofundar seu conhecimento e tamb\u00e9m nos ajudar\u00e1 a melhorar o curso.<\/div><\/li><\/ol><div style=\"margin-top:18px;padding:12px;border:1px solid #F5DEB3;background:#FFF8DC;border-radius:8px;font-size:13px;color:#666;\">Observa\u00e7\u00e3o: Este curso destina-se ao treinamento psicol\u00f3gico de autoajuda e n\u00e3o substitui o diagn\u00f3stico ou tratamento profissional. Se voc\u00ea apresentar sofrimento persistente, comprometimento funcional ou forte comportamento de evita\u00e7\u00e3o, procure ajuda profissional presencial imediatamente.<\/div><\/div>","protected":false},"excerpt":{"rendered":"","protected":false},"author":1,"featured_media":0,"parent":0,"menu_order":0,"comment_status":"closed","ping_status":"closed","template":"","meta":{"nf_dc_page":"","om_disable_all_campaigns":false,"footnotes":""},"class_list":["post-12051","page","type-page","status-publish","hentry"],"_links":{"self":[{"href":"https:\/\/arttao.org\/pt\/wp-json\/wp\/v2\/pages\/12051","targetHints":{"allow":["GET"]}}],"collection":[{"href":"https:\/\/arttao.org\/pt\/wp-json\/wp\/v2\/pages"}],"about":[{"href":"https:\/\/arttao.org\/pt\/wp-json\/wp\/v2\/types\/page"}],"author":[{"embeddable":true,"href":"https:\/\/arttao.org\/pt\/wp-json\/wp\/v2\/users\/1"}],"replies":[{"embeddable":true,"href":"https:\/\/arttao.org\/pt\/wp-json\/wp\/v2\/comments?post=12051"}],"version-history":[{"count":2,"href":"https:\/\/arttao.org\/pt\/wp-json\/wp\/v2\/pages\/12051\/revisions"}],"predecessor-version":[{"id":29067,"href":"https:\/\/arttao.org\/pt\/wp-json\/wp\/v2\/pages\/12051\/revisions\/29067"}],"wp:attachment":[{"href":"https:\/\/arttao.org\/pt\/wp-json\/wp\/v2\/media?parent=12051"}],"curies":[{"name":"wp","href":"https:\/\/api.w.org\/{rel}","templated":true}]}}