{"id":12122,"date":"2025-11-06T05:18:47","date_gmt":"2025-11-06T05:18:47","guid":{"rendered":"https:\/\/arttao.org\/?page_id=12122"},"modified":"2026-07-10T05:18:00","modified_gmt":"2026-07-10T05:18:00","slug":"%e7%ac%ac%e5%8d%81%e8%af%be%ef%bc%9a%e6%8c%81%e7%bb%ad%e6%80%a7%e6%8a%91%e9%83%81%e9%9a%9c%e7%a2%8d%e8%af%be%e7%a8%8b%ef%bc%88%e7%ac%ac321%ef%bd%9e360%e8%af%be%ef%bc%89","status":"publish","type":"page","link":"https:\/\/arttao.org\/pt\/%e7%ac%ac%e5%8d%81%e8%af%be%ef%bc%9a%e6%8c%81%e7%bb%ad%e6%80%a7%e6%8a%91%e9%83%81%e9%9a%9c%e7%a2%8d%e8%af%be%e7%a8%8b%ef%bc%88%e7%ac%ac321%ef%bd%9e360%e8%af%be%ef%bc%89\/","title":{"rendered":"Unidade 10: Curso sobre Transtorno Depressivo Persistente (Li\u00e7\u00f5es 321-360)"},"content":{"rendered":"<div class=\"healing-outline-wrap\" style=\"max-width:800px;margin:24px auto;font-family:-apple-system,BlinkMacSystemFont,'Segoe UI',Roboto,Helvetica,Arial,sans-serif;line-height:1.6;color:#111;font-size:15px;\"><h2 style=\"font-size:20px;color:#00695c;margin:0 0 16px;font-weight:600;border-left:4px solid #F5DEB3;padding-left:8px;\">Unidade 10: Curso sobre Transtorno Depressivo Persistente (Li\u00e7\u00f5es 321-360) \u00b7 Cat\u00e1logo de Cursos<\/h2><div style=\"margin:0 0 16px;\"><div style=\"font-size:15px;color:#00695c;font-weight:600;margin-bottom:4px;\">Caracter\u00edsticas dos sintomas:<\/div><div style=\"font-size:15px;line-height:1.7;color:#333;\">O transtorno depressivo persistente (TDP) n\u00e3o \u00e9 uma depress\u00e3o passageira, mas sim um estado de humor deprimido e falta de energia a longo prazo, que \u00e9 &quot;mais leve, por\u00e9m dura mais tempo&quot;. Frequentemente, \u00e9 acompanhado por diminui\u00e7\u00e3o da aten\u00e7\u00e3o, perda de interesse, baixa autoestima e isolamento social, o que tem um impacto cr\u00f4nico no aprendizado e no funcionamento profissional\/familiar.<\/div><\/div><div style=\"margin:0 0 24px;\"><div style=\"font-size:15px;color:#00695c;font-weight:600;margin-bottom:4px;\">Objetivos do curso:<\/div><div style=\"font-size:15px;line-height:1.7;color:#333;\">O curso segue o princ\u00edpio de &quot;estabilidade-toler\u00e2ncia-pequenos passos&quot;, combinando reconstru\u00e7\u00e3o cognitiva, restaura\u00e7\u00e3o do ritmo, regula\u00e7\u00e3o f\u00edsica e manuten\u00e7\u00e3o da rede de apoio. O objetivo \u00e9 aumentar gradualmente a toler\u00e2ncia, aprimorar a a\u00e7\u00e3o e reconstruir o senso de significado, permitindo flutua\u00e7\u00f5es.<\/div><\/div><ol style=\"margin:0;padding-left:20px;font-size:15px;color:#111;\"><li style=\"margin:0 0 16px 0;list-style:decimal;\"><div style=\"margin-bottom:4px;\"><a href=\"https:\/\/arttao.org\/pt\/?page_id=21799&#038;preview=true\" style=\"color:#00695c;text-decoration:none;border-bottom:1px solid #F5DEB3;font-weight:600;\">Reconhecendo a verdadeira natureza da &quot;depress\u00e3o prolongada&quot;<\/a><\/div><div style=\"font-size:14px;line-height:1.6;color:#333;\">Diferencie entre oscila\u00e7\u00f5es de humor e depress\u00e3o persistente (DP), e explique claramente as caracter\u00edsticas &quot;leves, por\u00e9m prolongadas&quot;, a fim de fornecer interven\u00e7\u00e3o direcionada.<\/div><\/li><li style=\"margin:0 0 16px 0;list-style:decimal;\"><div style=\"margin-bottom:4px;\"><a href=\"https:\/\/arttao.org\/pt\/?page_id=21843&#038;preview=true\" style=\"color:#00695c;text-decoration:none;border-bottom:1px solid #F5DEB3;font-weight:600;\">Reconstruindo o sistema de autoavalia\u00e7\u00e3o<\/a><\/div><div style=\"font-size:14px;line-height:1.6;color:#333;\">Identificar padr\u00f5es depreciativos e cr\u00edticos inerentes e estabelecer uma estrutura de autoavalia\u00e7\u00e3o de &quot;realidade-boa vontade-executabilidade&quot;.<\/div><\/li><li style=\"margin:0 0 16px 0;list-style:decimal;\"><div style=\"margin-bottom:4px;\"><a href=\"https:\/\/arttao.org\/pt\/?page_id=21844&#038;preview=true\" style=\"color:#00695c;text-decoration:none;border-bottom:1px solid #F5DEB3;font-weight:600;\">Ative seu senso de vida e prazer cotidiano.<\/a><\/div><div style=\"font-size:14px;line-height:1.6;color:#333;\">Use os cinco sentidos para despertar e crie uma lista de prazeres sutis para melhorar gradualmente sua capacidade de percep\u00e7\u00e3o dos detalhes e a satisfa\u00e7\u00e3o que voc\u00ea pode obter.<\/div><\/li><li style=\"margin:0 0 16px 0;list-style:decimal;\"><div style=\"margin-bottom:4px;\"><a href=\"https:\/\/arttao.org\/pt\/?page_id=21845&#038;preview=true\" style=\"color:#00695c;text-decoration:none;border-bottom:1px solid #F5DEB3;font-weight:600;\">Quebre a in\u00e9rcia do comportamento negativo.<\/a><\/div><div style=\"font-size:14px;line-height:1.6;color:#333;\">Liberte-se do ciclo de &quot;recuo - baixa energia - mais recuo&quot; e pratique dar passos pequenos e administr\u00e1veis.<\/div><\/li><li style=\"margin:0 0 16px 0;list-style:decimal;\"><div style=\"margin-bottom:4px;\"><a href=\"https:\/\/arttao.org\/pt\/?page_id=21846&#038;preview=true\" style=\"color:#00695c;text-decoration:none;border-bottom:1px solid #F5DEB3;font-weight:600;\">O estabelecimento da esperan\u00e7a e dos cuidados a longo prazo<\/a><\/div><div style=\"font-size:14px;line-height:1.6;color:#333;\">Estabele\u00e7a pontos de refer\u00eancia positivos e ritmos de reflex\u00e3o para formar uma rede sustent\u00e1vel de autocuidado e apoio.<\/div><\/li><li style=\"margin:0 0 16px 0;list-style:decimal;\"><div style=\"margin-bottom:4px;\"><a href=\"https:\/\/arttao.org\/pt\/?page_id=21847&#038;preview=true\" style=\"color:#00695c;text-decoration:none;border-bottom:1px solid #F5DEB3;font-weight:600;\">O que \u00e9 &quot;transtorno de humor disf\u00f3rico&quot;?\u201c<\/a><\/div><div style=\"font-size:14px;line-height:1.6;color:#333;\">Explique a defini\u00e7\u00e3o, os pontos de diagn\u00f3stico e as diferen\u00e7as em rela\u00e7\u00e3o ao transtorno depressivo maior em termos leigos.<\/div><\/li><li style=\"margin:0 0 16px 0;list-style:decimal;\"><div style=\"margin-bottom:4px;\"><a href=\"https:\/\/arttao.org\/pt\/?page_id=21848&#038;preview=true\" style=\"color:#00695c;text-decoration:none;border-bottom:1px solid #F5DEB3;font-weight:600;\">A diferen\u00e7a entre depress\u00e3o cr\u00f4nica e depress\u00e3o maior.<\/a><\/div><div style=\"font-size:14px;line-height:1.6;color:#333;\">Ao comparar a dura\u00e7\u00e3o, a intensidade e os padr\u00f5es de comprometimento funcional dos dois casos, o foco da interven\u00e7\u00e3o pode ser claramente identificado.<\/div><\/li><li style=\"margin:0 0 16px 0;list-style:decimal;\"><div style=\"margin-bottom:4px;\"><a href=\"https:\/\/arttao.org\/pt\/?page_id=21849&#038;preview=true\" style=\"color:#00695c;text-decoration:none;border-bottom:1px solid #F5DEB3;font-weight:600;\">Da &quot;depress\u00e3o funcional&quot; ao &quot;verdadeiro eu&quot;\u201c<\/a><\/div><div style=\"font-size:14px;line-height:1.6;color:#333;\">Identifique aqueles que aparentam estar normais, mas que na verdade est\u00e3o deprimidos, e pratique a express\u00e3o adequada de sentimentos e a busca eficaz de ajuda.<\/div><\/li><li style=\"margin:0 0 16px 0;list-style:decimal;\"><div style=\"margin-bottom:4px;\"><a href=\"https:\/\/arttao.org\/pt\/?page_id=21850&#038;preview=true\" style=\"color:#00695c;text-decoration:none;border-bottom:1px solid #F5DEB3;font-weight:600;\">Identifica\u00e7\u00e3o da fadiga cr\u00f4nica e da dessensibiliza\u00e7\u00e3o emocional<\/a><\/div><div style=\"font-size:14px;line-height:1.6;color:#333;\">Registre as curvas de energia e as respostas de interesse para evitar que a &quot;insensibilidade&quot; se torne &quot;normal&quot;.<\/div><\/li><li style=\"margin:0 0 16px 0;list-style:decimal;\"><div style=\"margin-bottom:4px;\"><a href=\"https:\/\/arttao.org\/pt\/?page_id=21851&#038;preview=true\" style=\"color:#00695c;text-decoration:none;border-bottom:1px solid #F5DEB3;font-weight:600;\">Mecanismos de autoprote\u00e7\u00e3o durante a depress\u00e3o prolongada<\/a><\/div><div style=\"font-size:14px;line-height:1.6;color:#333;\">Reconhe\u00e7a mecanismos de defesa como a evita\u00e7\u00e3o e a racionaliza\u00e7\u00e3o excessiva, e aprenda m\u00e9todos de autoprote\u00e7\u00e3o mais suaves e eficazes.<\/div><\/li><li style=\"margin:0 0 16px 0;list-style:decimal;\"><div style=\"margin-bottom:4px;\"><a href=\"https:\/\/arttao.org\/pt\/?page_id=21852&#038;preview=true\" style=\"color:#00695c;text-decoration:none;border-bottom:1px solid #F5DEB3;font-weight:600;\">\u201cA forma\u00e7\u00e3o e transforma\u00e7\u00e3o da &quot;desamparo aprendido&quot;<\/a><\/div><div style=\"font-size:14px;line-height:1.6;color:#333;\">Utilize microtarefas control\u00e1veis e conjuntos de evid\u00eancias para refutar o argumento de que &quot;nada do que eu fa\u00e7o importa&quot;.<\/div><\/li><li style=\"margin:0 0 16px 0;list-style:decimal;\"><div style=\"margin-bottom:4px;\"><a href=\"https:\/\/arttao.org\/pt\/?page_id=21853&#038;preview=true\" style=\"color:#00695c;text-decoration:none;border-bottom:1px solid #F5DEB3;font-weight:600;\">Da repress\u00e3o \u00e0 express\u00e3o: Permitir que as emo\u00e7\u00f5es existam.<\/a><\/div><div style=\"font-size:14px;line-height:1.6;color:#333;\">Reconhe\u00e7a e nomeie suas emo\u00e7\u00f5es de forma segura para reduzir a vergonha secund\u00e1ria e o conflito interno.<\/div><\/li><li style=\"margin:0 0 16px 0;list-style:decimal;\"><div style=\"margin-bottom:4px;\"><a href=\"https:\/\/arttao.org\/pt\/?page_id=21854&#038;preview=true\" style=\"color:#00695c;text-decoration:none;border-bottom:1px solid #F5DEB3;font-weight:600;\">Reformulando o pensamento pessimista cr\u00f4nico<\/a><\/div><div style=\"font-size:14px;line-height:1.6;color:#333;\">Identificar a onipresen\u00e7a e a tend\u00eancia \u00e0 catastrofiza\u00e7\u00e3o, e treinar narrativas alternativas e testes de realidade.<\/div><\/li><li style=\"margin:0 0 16px 0;list-style:decimal;\"><div style=\"margin-bottom:4px;\"><a href=\"https:\/\/arttao.org\/pt\/?page_id=21855&#038;preview=true\" style=\"color:#00695c;text-decoration:none;border-bottom:1px solid #F5DEB3;font-weight:600;\">T\u00e9cnicas de autocuidado durante per\u00edodos de baixo astral<\/a><\/div><div style=\"font-size:14px;line-height:1.6;color:#333;\">T\u00e9cnicas de aterramento, respira\u00e7\u00e3o r\u00edtmica e relaxamento corporal aprimoram a autoestabiliza\u00e7\u00e3o.<\/div><\/li><li style=\"margin:0 0 16px 0;list-style:decimal;\"><div style=\"margin-bottom:4px;\"><a href=\"https:\/\/arttao.org\/pt\/?page_id=21856&#038;preview=true\" style=\"color:#00695c;text-decoration:none;border-bottom:1px solid #F5DEB3;font-weight:600;\">Como estabelecer um ritmo de vida &quot;est\u00e1vel, em vez de perfeito&quot;<\/a><\/div><div style=\"font-size:14px;line-height:1.6;color:#333;\">Use um ritmo &quot;suficientemente bom&quot; e uma margem de seguran\u00e7a para evitar picos e quedas bruscas.<\/div><\/li><li style=\"margin:0 0 16px 0;list-style:decimal;\"><div style=\"margin-bottom:4px;\"><a href=\"https:\/\/arttao.org\/pt\/?page_id=21857&#038;preview=true\" style=\"color:#00695c;text-decoration:none;border-bottom:1px solid #F5DEB3;font-weight:600;\">Treinamento de Consci\u00eancia Corporal: Da Dorm\u00eancia \u00e0 Sensa\u00e7\u00e3o<\/a><\/div><div style=\"font-size:14px;line-height:1.6;color:#333;\">Desperte o corpo com alongamentos suaves e explora\u00e7\u00e3o sensorial, expandindo a gama de sensa\u00e7\u00f5es.<\/div><\/li><li style=\"margin:0 0 16px 0;list-style:decimal;\"><div style=\"margin-bottom:4px;\"><a href=\"https:\/\/arttao.org\/pt\/?page_id=21858&#038;preview=true\" style=\"color:#00695c;text-decoration:none;border-bottom:1px solid #F5DEB3;font-weight:600;\">O impacto psicol\u00f3gico do isolamento prolongado<\/a><\/div><div style=\"font-size:14px;line-height:1.6;color:#333;\">Compreenda os custos do isolamento social e elabore estrat\u00e9gias de reconex\u00e3o de baixa intensidade.<\/div><\/li><li style=\"margin:0 0 16px 0;list-style:decimal;\"><div style=\"margin-bottom:4px;\"><a href=\"https:\/\/arttao.org\/pt\/?page_id=21859&#038;preview=true\" style=\"color:#00695c;text-decoration:none;border-bottom:1px solid #F5DEB3;font-weight:600;\">Aprenda a confiar em si mesmo e a ser apoiado.<\/a><\/div><div style=\"font-size:14px;line-height:1.6;color:#333;\">Pratique fazer pedidos claros e vi\u00e1veis para que o apoio seja aceit\u00e1vel e sustent\u00e1vel.<\/div><\/li><li style=\"margin:0 0 16px 0;list-style:decimal;\"><div style=\"margin-bottom:4px;\"><a href=\"https:\/\/arttao.org\/pt\/?page_id=21860&#038;preview=true\" style=\"color:#00695c;text-decoration:none;border-bottom:1px solid #F5DEB3;font-weight:600;\">Abrace a &quot;recupera\u00e7\u00e3o lenta&quot; em vez de buscar resultados r\u00e1pidos.<\/a><\/div><div style=\"font-size:14px;line-height:1.6;color:#333;\">Encare a recupera\u00e7\u00e3o como uma curva flutuante e desenvolva a capacidade de se adaptar e se recuperar dessas flutua\u00e7\u00f5es.<\/div><\/li><li style=\"margin:0 0 16px 0;list-style:decimal;\"><div style=\"margin-bottom:4px;\"><a href=\"https:\/\/arttao.org\/pt\/?page_id=21861&#038;preview=true\" style=\"color:#00695c;text-decoration:none;border-bottom:1px solid #F5DEB3;font-weight:600;\">Redefinindo &quot;Autodisciplina&quot; e &quot;Motiva\u00e7\u00e3o&quot;\u201c<\/a><\/div><div style=\"font-size:14px;line-height:1.6;color:#333;\">Mudar de exig\u00eancias opressivas para uma execu\u00e7\u00e3o suave e reconstruir a autoefic\u00e1cia por meio de microa\u00e7\u00f5es.<\/div><\/li><li style=\"margin:0 0 16px 0;list-style:decimal;\"><div style=\"margin-bottom:4px;\"><a href=\"https:\/\/arttao.org\/pt\/?page_id=21862&#038;preview=true\" style=\"color:#00695c;text-decoration:none;border-bottom:1px solid #F5DEB3;font-weight:600;\">Manter o equil\u00edbrio energ\u00e9tico nos relacionamentos<\/a><\/div><div style=\"font-size:14px;line-height:1.6;color:#333;\">Defina limites de intera\u00e7\u00e3o e um bot\u00e3o de pausa para proteger a conex\u00e3o e a sua seguran\u00e7a.<\/div><\/li><li style=\"margin:0 0 16px 0;list-style:decimal;\"><div style=\"margin-bottom:4px;\"><a href=\"https:\/\/arttao.org\/pt\/?page_id=21863&#038;preview=true\" style=\"color:#00695c;text-decoration:none;border-bottom:1px solid #F5DEB3;font-weight:600;\">A rela\u00e7\u00e3o entre depress\u00e3o cr\u00f4nica e tra\u00e7os de personalidade<\/a><\/div><div style=\"font-size:14px;line-height:1.6;color:#333;\">Compreenda como a sensibilidade, a conscienciosidade e o perfeccionismo afetam o bem-estar emocional.<\/div><\/li><li style=\"margin:0 0 16px 0;list-style:decimal;\"><div style=\"margin-bottom:4px;\"><a href=\"https:\/\/arttao.org\/pt\/?page_id=21864&#038;preview=true\" style=\"color:#00695c;text-decoration:none;border-bottom:1px solid #F5DEB3;font-weight:600;\">Como lidar com o desespero de pensar &quot;Eu sempre fui assim&quot;?<\/a><\/div><div style=\"font-size:14px;line-height:1.6;color:#333;\">Utilize cronogramas e evid\u00eancias para combater narrativas fatalistas e redescobrir os aspectos vari\u00e1veis.<\/div><\/li><li style=\"margin:0 0 16px 0;list-style:decimal;\"><div style=\"margin-bottom:4px;\"><a href=\"https:\/\/arttao.org\/pt\/?page_id=21865&#038;preview=true\" style=\"color:#00695c;text-decoration:none;border-bottom:1px solid #F5DEB3;font-weight:600;\">Metas Pequenas e Design de A\u00e7\u00e3o Sustent\u00e1vel<\/a><\/div><div style=\"font-size:14px;line-height:1.6;color:#333;\">Reduza o n\u00edvel de detalhamento da meta e estabele\u00e7a um &quot;ciclo de conclus\u00e3o&quot;.<\/div><\/li><li style=\"margin:0 0 16px 0;list-style:decimal;\"><div style=\"margin-bottom:4px;\"><a href=\"https:\/\/arttao.org\/pt\/?page_id=21866&#038;preview=true\" style=\"color:#00695c;text-decoration:none;border-bottom:1px solid #F5DEB3;font-weight:600;\">Explorando o &quot;Autocr\u00edtico&quot; no Subconsciente\u201c<\/a><\/div><div style=\"font-size:14px;line-height:1.6;color:#333;\">Identifique o tom e a origem da voz do cr\u00edtico e pratique responder com empatia em vez de ataque.<\/div><\/li><li style=\"margin:0 0 16px 0;list-style:decimal;\"><div style=\"margin-bottom:4px;\"><a href=\"https:\/\/arttao.org\/pt\/?page_id=21867&#038;preview=true\" style=\"color:#00695c;text-decoration:none;border-bottom:1px solid #F5DEB3;font-weight:600;\">O caminho para praticar a autocompaix\u00e3o<\/a><\/div><div style=\"font-size:14px;line-height:1.6;color:#333;\">Afirma\u00e7\u00f5es de autocompaix\u00e3o em tr\u00eas etapas para reduzir a vergonha e o dano secund\u00e1rio.<\/div><\/li><li style=\"margin:0 0 16px 0;list-style:decimal;\"><div style=\"margin-bottom:4px;\"><a href=\"https:\/\/arttao.org\/pt\/?page_id=21868&#038;preview=true\" style=\"color:#00695c;text-decoration:none;border-bottom:1px solid #F5DEB3;font-weight:600;\">Controle da alimenta\u00e7\u00e3o e do sono durante per\u00edodos prolongados de humor deprimido.<\/a><\/div><div style=\"font-size:14px;line-height:1.6;color:#333;\">Manter um hor\u00e1rio de sono est\u00e1vel e uma alimenta\u00e7\u00e3o b\u00e1sica pode reduzir a intensifica\u00e7\u00e3o das emo\u00e7\u00f5es por processos fisiol\u00f3gicos.<\/div><\/li><li style=\"margin:0 0 16px 0;list-style:decimal;\"><div style=\"margin-bottom:4px;\"><a href=\"https:\/\/arttao.org\/pt\/?page_id=21869&#038;preview=true\" style=\"color:#00695c;text-decoration:none;border-bottom:1px solid #F5DEB3;font-weight:600;\">Mecanismos de auto-recrimina\u00e7\u00e3o repetida e &quot;puni\u00e7\u00e3o psicol\u00f3gica&quot;<\/a><\/div><div style=\"font-size:14px;line-height:1.6;color:#333;\">Reconhe\u00e7a o ciclo interno de puni\u00e7\u00e3o e substitua a auto-tortura por a\u00e7\u00f5es restauradoras.<\/div><\/li><li style=\"margin:0 0 16px 0;list-style:decimal;\"><div style=\"margin-bottom:4px;\"><a href=\"https:\/\/arttao.org\/pt\/?page_id=21870&#038;preview=true\" style=\"color:#00695c;text-decoration:none;border-bottom:1px solid #F5DEB3;font-weight:600;\">Reacenda sua curiosidade sobre o mundo.<\/a><\/div><div style=\"font-size:14px;line-height:1.6;color:#333;\">Explore em pequenos incrementos com a abordagem &quot;Experimente a rolagem&quot;, permitindo que o interesse retorne gradualmente.<\/div><\/li><li style=\"margin:0 0 16px 0;list-style:decimal;\"><div style=\"margin-bottom:4px;\"><a href=\"https:\/\/arttao.org\/pt\/?page_id=21871&#038;preview=true\" style=\"color:#00695c;text-decoration:none;border-bottom:1px solid #F5DEB3;font-weight:600;\">Terapia da Escrita: Di\u00e1logo com o Eu Interior<\/a><\/div><div style=\"font-size:14px;line-height:1.6;color:#333;\">Organize seus pensamentos internos atrav\u00e9s de um di\u00e1rio emocional e da escrita sem julgamentos.<\/div><\/li><li style=\"margin:0 0 16px 0;list-style:decimal;\"><div style=\"margin-bottom:4px;\"><a href=\"https:\/\/arttao.org\/pt\/?page_id=21872&#038;preview=true\" style=\"color:#00695c;text-decoration:none;border-bottom:1px solid #F5DEB3;font-weight:600;\">Esteja atento ao &quot;falso otimismo&quot; e aos sorrisos reprimidos.<\/a><\/div><div style=\"font-size:14px;line-height:1.6;color:#333;\">Distinga entre uma positividade conciliat\u00f3ria e sentimentos genu\u00ednos, e permita uma vulnerabilidade adequada.<\/div><\/li><li style=\"margin:0 0 16px 0;list-style:decimal;\"><div style=\"margin-bottom:4px;\"><a href=\"https:\/\/arttao.org\/pt\/?page_id=21873&#038;preview=true\" style=\"color:#00695c;text-decoration:none;border-bottom:1px solid #F5DEB3;font-weight:600;\">Da manuten\u00e7\u00e3o passiva \u00e0 sele\u00e7\u00e3o ativa<\/a><\/div><div style=\"font-size:14px;line-height:1.6;color:#333;\">Treine a linguagem do &quot;eu escolho&quot; para aumentar seu senso de controle e responsabilidade.<\/div><\/li><li style=\"margin:0 0 16px 0;list-style:decimal;\"><div style=\"margin-bottom:4px;\"><a href=\"https:\/\/arttao.org\/pt\/?page_id=21874&#038;preview=true\" style=\"color:#00695c;text-decoration:none;border-bottom:1px solid #F5DEB3;font-weight:600;\">Estabelecer um &quot;Apoio para Di\u00e1rios Online&quot;\u201c<\/a><\/div><div style=\"font-size:14px;line-height:1.6;color:#333;\">Fa\u00e7a um levantamento dos recursos humanos e materiais dispon\u00edveis e mantenha a qualidade da comunica\u00e7\u00e3o em dia.<\/div><\/li><li style=\"margin:0 0 16px 0;list-style:decimal;\"><div style=\"margin-bottom:4px;\"><a href=\"https:\/\/arttao.org\/pt\/?page_id=21875&#038;preview=true\" style=\"color:#00695c;text-decoration:none;border-bottom:1px solid #F5DEB3;font-weight:600;\">Como explicar minha depress\u00e3o cr\u00f4nica para os outros?<\/a><\/div><div style=\"font-size:14px;line-height:1.6;color:#333;\">Use explica\u00e7\u00f5es concisas e declara\u00e7\u00f5es de limites para reduzir mal-entendidos e discuss\u00f5es desnecess\u00e1rias.<\/div><\/li><li style=\"margin:0 0 16px 0;list-style:decimal;\"><div style=\"margin-bottom:4px;\"><a href=\"https:\/\/arttao.org\/pt\/?page_id=21876&#038;preview=true\" style=\"color:#00695c;text-decoration:none;border-bottom:1px solid #F5DEB3;font-weight:600;\">Reconstruindo uma vida pac\u00edfica: ritmo, limites e respira\u00e7\u00e3o<\/a><\/div><div style=\"font-size:14px;line-height:1.6;color:#333;\">Reduza o ru\u00eddo externo estabelecendo ritmos e limites previs\u00edveis e combine isso com uma t\u00e9cnica de respira\u00e7\u00e3o em estado est\u00e1vel.<\/div><\/li><li style=\"margin:0 0 16px 0;list-style:decimal;\"><div style=\"margin-bottom:4px;\"><a href=\"https:\/\/arttao.org\/pt\/?page_id=21877&#038;preview=true\" style=\"color:#00695c;text-decoration:none;border-bottom:1px solid #F5DEB3;font-weight:600;\">Objetivos faseados da psicoterapia de longo prazo<\/a><\/div><div style=\"font-size:14px;line-height:1.6;color:#333;\">Utilize metas SMART e um ritmo de revis\u00e3o para esclarecer o foco de cada etapa.<\/div><\/li><li style=\"margin:0 0 16px 0;list-style:decimal;\"><div style=\"margin-bottom:4px;\"><a href=\"https:\/\/arttao.org\/pt\/?page_id=21878&#038;preview=true\" style=\"color:#00695c;text-decoration:none;border-bottom:1px solid #F5DEB3;font-weight:600;\">Estrat\u00e9gias de emerg\u00eancia durante per\u00edodos de reca\u00edda emocional<\/a><\/div><div style=\"font-size:14px;line-height:1.6;color:#333;\">Desenvolva uma lista de alertas e cart\u00f5es de a\u00e7\u00e3o para intervir rapidamente ao surgirem os primeiros sinais.<\/div><\/li><li style=\"margin:0 0 16px 0;list-style:decimal;\"><div style=\"margin-bottom:4px;\"><a href=\"https:\/\/arttao.org\/pt\/?page_id=21879&#038;preview=true\" style=\"color:#00695c;text-decoration:none;border-bottom:1px solid #F5DEB3;font-weight:600;\">Reconstruindo um senso de significado e pertencimento.<\/a><\/div><div style=\"font-size:14px;line-height:1.6;color:#333;\">Desde a clarifica\u00e7\u00e3o de valores at\u00e9 o envolvimento com pap\u00e9is, fazemos do &quot;merecimento&quot; algo que pode ser vivenciado no dia a dia.<\/div><\/li><li style=\"margin:0 0 16px 0;list-style:decimal;\"><div style=\"margin-bottom:4px;\"><a href=\"https:\/\/arttao.org\/pt\/?page_id=21880&#038;preview=true\" style=\"color:#00695c;text-decoration:none;border-bottom:1px solid #F5DEB3;font-weight:600;\">Que a &quot;estabilidade&quot; se torne a nova felicidade.<\/a><\/div><div style=\"font-size:14px;line-height:1.6;color:#333;\">Use &quot;estabilidade e tolerabilidade&quot; como indicadores de felicidade e reduza a obsess\u00e3o por experi\u00eancias org\u00e1smicas.<\/div><\/li><li style=\"margin:0 0 16px 0;list-style:decimal;\"><div style=\"margin-bottom:4px;\"><a href=\"https:\/\/arttao.org\/pt\/?page_id=21881&#038;preview=true\" style=\"color:#00695c;text-decoration:none;border-bottom:1px solid #F5DEB3;font-weight:600;\">Resumo e Consolida\u00e7\u00e3o: Cura e Integra\u00e7\u00e3o do Des\u00e2nimo Prolongado<\/a><\/div><div style=\"font-size:14px;line-height:1.6;color:#333;\">Analisar as principais ferramentas, redes de apoio e planos para a pr\u00f3xima fase, a fim de consolidar o caminho sustent\u00e1vel.<\/div><\/li><li style=\"margin:0 0 16px 0;list-style:decimal;\"><div style=\"margin-bottom:4px;\"><a href=\"https:\/\/arttao.org\/pt\/%e7%ac%ac%e5%8d%81%e5%8d%95%e5%85%83%ef%bc%9a%e6%8c%81%e7%bb%ad%e6%80%a7%e6%8a%91%e9%83%81%e9%9a%9c%e7%a2%8d%e8%af%be%e7%a8%8b-%c2%b7-%e4%bc%a0%e7%bb%9f%e6%9b%bc%e9%99%80%e7%bd%97%e8%af%be%e7%a8%8b\/\" style=\"color:#00695c;text-decoration:none;border-bottom:1px solid #F5DEB3;font-weight:600;\">Curso de Mandala Tradicional (Curso Complementar)<\/a><\/div><div style=\"font-size:14px;line-height:1.6;color:#333;\">Fa\u00e7a um curso complementar de mandala tradicional e continue a praticar atrav\u00e9s da observa\u00e7\u00e3o, escrita, desenho e registro em di\u00e1rio para se conectar suavemente com as sensa\u00e7\u00f5es f\u00edsicas, os ritmos emocionais e a autoconex\u00e3o que est\u00e3o latentes h\u00e1 muito tempo.<\/div><\/li><li style=\"margin:0 0 16px 0;list-style:decimal;\"><div style=\"margin-bottom:4px;\"><a href=\"https:\/\/arttao.org\/pt\/%e7%ac%ac%e5%8d%81%e5%8d%95%e5%85%83%ef%bc%9a%e6%8c%81%e7%bb%ad%e6%80%a7%e6%8a%91%e9%83%81%e9%9a%9c%e7%a2%8d%e8%af%be%e7%a8%8b-%c2%b7-%e8%af%be%e7%a8%8b%e8%af%84%e4%bc%b0\/\" style=\"color:#00695c;text-decoration:none;border-bottom:1px solid #F5DEB3;font-weight:600;\">Unidade 10: Curso sobre Transtorno Depressivo Persistente (Li\u00e7\u00f5es 321-360) Avalia\u00e7\u00e3o do Curso<\/a><\/div><div style=\"font-size:14px;line-height:1.6;color:#333;\">Conclua a avalia\u00e7\u00e3o do curso, revise os objetivos de aprendizagem desta unidade, as altera\u00e7\u00f5es nos exerc\u00edcios e as \u00e1reas onde ainda \u00e9 necess\u00e1rio apoio, e tamb\u00e9m deixe uma dire\u00e7\u00e3o clara para a pr\u00f3xima etapa do cuidado a longo prazo.<\/div><\/li><\/ol><div style=\"margin-top:24px;font-size:13px;color:#666;line-height:1.5;background:#fff8dc;border:1px solid #F5DEB3;border-radius:8px;padding:12px 12px;\">Nota: Este conte\u00fado destina-se apenas a fins de autoconhecimento e treinamento, e n\u00e3o substitui o diagn\u00f3stico m\u00e9dico profissional e o tratamento de emerg\u00eancia. Se voc\u00ea apresentar depress\u00e3o persistente ou agravamento dos sintomas, sentimentos de desesperan\u00e7a ou pensamentos suicidas ou de automutila\u00e7\u00e3o, entre em contato imediatamente com profissionais e servi\u00e7os de crise.<\/div><\/div>","protected":false},"excerpt":{"rendered":"","protected":false},"author":1,"featured_media":0,"parent":0,"menu_order":0,"comment_status":"closed","ping_status":"closed","template":"","meta":{"nf_dc_page":"","om_disable_all_campaigns":false,"footnotes":""},"class_list":["post-12122","page","type-page","status-publish","hentry"],"_links":{"self":[{"href":"https:\/\/arttao.org\/pt\/wp-json\/wp\/v2\/pages\/12122","targetHints":{"allow":["GET"]}}],"collection":[{"href":"https:\/\/arttao.org\/pt\/wp-json\/wp\/v2\/pages"}],"about":[{"href":"https:\/\/arttao.org\/pt\/wp-json\/wp\/v2\/types\/page"}],"author":[{"embeddable":true,"href":"https:\/\/arttao.org\/pt\/wp-json\/wp\/v2\/users\/1"}],"replies":[{"embeddable":true,"href":"https:\/\/arttao.org\/pt\/wp-json\/wp\/v2\/comments?post=12122"}],"version-history":[{"count":2,"href":"https:\/\/arttao.org\/pt\/wp-json\/wp\/v2\/pages\/12122\/revisions"}],"predecessor-version":[{"id":29068,"href":"https:\/\/arttao.org\/pt\/wp-json\/wp\/v2\/pages\/12122\/revisions\/29068"}],"wp:attachment":[{"href":"https:\/\/arttao.org\/pt\/wp-json\/wp\/v2\/media?parent=12122"}],"curies":[{"name":"wp","href":"https:\/\/api.w.org\/{rel}","templated":true}]}}