{"id":12128,"date":"2025-11-06T05:33:49","date_gmt":"2025-11-06T05:33:49","guid":{"rendered":"https:\/\/arttao.org\/?page_id=12128"},"modified":"2026-07-10T05:18:00","modified_gmt":"2026-07-10T05:18:00","slug":"%e7%ac%ac%e5%8d%81%e4%ba%8c%e8%af%be%ef%bc%9a%e5%ad%a3%e8%8a%82%e6%80%a7%e6%83%85%e6%84%9f%e9%9a%9c%e7%a2%8d%e8%af%be%e7%a8%8b%ef%bc%88%e7%ac%ac401%ef%bd%9e440%e8%af%be%ef%bc%89","status":"publish","type":"page","link":"https:\/\/arttao.org\/pt\/%e7%ac%ac%e5%8d%81%e4%ba%8c%e8%af%be%ef%bc%9a%e5%ad%a3%e8%8a%82%e6%80%a7%e6%83%85%e6%84%9f%e9%9a%9c%e7%a2%8d%e8%af%be%e7%a8%8b%ef%bc%88%e7%ac%ac401%ef%bd%9e440%e8%af%be%ef%bc%89\/","title":{"rendered":"Unidade 12: Curso sobre Transtorno Afetivo Sazonal (Li\u00e7\u00f5es 401-440)"},"content":{"rendered":"<div class=\"healing-outline-wrap\" style=\"max-width:800px;margin:24px auto;font-family:-apple-system,BlinkMacSystemFont,'Segoe UI',Roboto,Helvetica,Arial,sans-serif;line-height:1.6;color:#111;font-size:15px;\"><h2 style=\"font-size:20px;color:#00695c;margin:0 0 16px;font-weight:600;border-left:4px solid #F5DEB3;padding-left:8px;\">Li\u00e7\u00e3o 12: Curso sobre Transtorno Afetivo Sazonal (Li\u00e7\u00f5es 401-440) \u00b7 Cat\u00e1logo de Cursos<\/h2><div style=\"margin:0 0 16px;\"><div style=\"font-size:15px;color:#00695c;font-weight:600;margin-bottom:4px;\">Caracter\u00edsticas dos sintomas:<\/div><div style=\"font-size:15px;line-height:1.7;color:#333;\">O transtorno afetivo sazonal est\u00e1 frequentemente associado \u00e0 redu\u00e7\u00e3o das horas de luz solar, altera\u00e7\u00f5es no ritmo circadiano, sono excessivo, dificuldade para acordar pela manh\u00e3, diminui\u00e7\u00e3o da energia, desejos por carboidratos, isolamento social e letargia invernal. Algumas pessoas tamb\u00e9m podem apresentar ansiedade, inquieta\u00e7\u00e3o ou desequil\u00edbrios no ritmo circadiano durante a primavera ou em outras transi\u00e7\u00f5es sazonais.<\/div><\/div><div style=\"margin:0 0 24px;\"><div style=\"font-size:15px;color:#00695c;font-weight:600;margin-bottom:4px;\">Objetivos do curso:<\/div><div style=\"font-size:15px;line-height:1.7;color:#333;\">O curso segue os princ\u00edpios de &quot;prioridade ao ritmo, suporte leve, ativa\u00e7\u00e3o corporal e revis\u00e3o suave&quot;: ajudando os alunos a construir um mapa pessoal do humor sazonal, aprender sobre exposi\u00e7\u00e3o \u00e0 luz matinal, ajuste do sono, suporte nutricional, manuten\u00e7\u00e3o social, configura\u00e7\u00e3o do ambiente e alerta de reca\u00edda, e formar um sistema sustent\u00e1vel de cuidados com o humor sazonal.<\/div><\/div><ol start=\"401\" style=\"margin:0;padding-left:24px;font-size:15px;color:#111;\"><li value=\"1\" style=\"margin:0 0 16px 0;list-style:decimal;\"><div style=\"margin-bottom:4px;\"><a href=\"https:\/\/arttao.org\/pt\/?page_id=22011&#038;preview=true\" style=\"color:#00695c;text-decoration:none;border-bottom:1px solid #F5DEB3;font-weight:600;\">Entendendo a rela\u00e7\u00e3o entre mudan\u00e7as sazonais e transtornos de humor<\/a><\/div><div style=\"font-size:14px;line-height:1.6;color:#333;\">Para entendermos os efeitos da luz solar, da temperatura e do rel\u00f3gio biol\u00f3gico no humor e na energia, precisamos estabelecer uma &quot;perspectiva r\u00edtmica&quot;.<\/div><\/li><li value=\"2\" style=\"margin:0 0 16px 0;list-style:decimal;\"><div style=\"margin-bottom:4px;\"><a href=\"https:\/\/arttao.org\/pt\/?page_id=22012&#038;preview=true\" style=\"color:#00695c;text-decoration:none;border-bottom:1px solid #F5DEB3;font-weight:600;\">Alivie a letargia e a falta de energia do inverno.<\/a><\/div><div style=\"font-size:14px;line-height:1.6;color:#333;\">Desde sonol\u00eancia excessiva, desejos por carboidratos e baixa motiva\u00e7\u00e3o at\u00e9 isolamento social, ele esclareceu que &quot;n\u00e3o se tratava de pregui\u00e7a&quot;.<\/div><\/li><li value=\"3\" style=\"margin:0 0 16px 0;list-style:decimal;\"><div style=\"margin-bottom:4px;\"><a href=\"https:\/\/arttao.org\/pt\/?page_id=22013&#038;preview=true\" style=\"color:#00695c;text-decoration:none;border-bottom:1px solid #F5DEB3;font-weight:600;\">Melhora o sono excessivo e a dificuldade para acordar pela manh\u00e3.<\/a><\/div><div style=\"font-size:14px;line-height:1.6;color:#333;\">Com base nas diferen\u00e7as no espectro de sintomas e nos fatores desencadeantes, podem ser selecionadas estrat\u00e9gias espec\u00edficas, como exposi\u00e7\u00e3o \u00e0 luz ou resfriamento.<\/div><\/li><li value=\"4\" style=\"margin:0 0 16px 0;list-style:decimal;\"><div style=\"margin-bottom:4px;\"><a href=\"https:\/\/arttao.org\/pt\/?page_id=22014&#038;preview=true\" style=\"color:#00695c;text-decoration:none;border-bottom:1px solid #F5DEB3;font-weight:600;\">Reconstruindo a vontade social e as conex\u00f5es interpessoais.<\/a><\/div><div style=\"font-size:14px;line-height:1.6;color:#333;\">Uma explica\u00e7\u00e3o simples sobre melatonina e ritmos circadianos para ajudar a compreender as dificuldades em acordar de manh\u00e3.<\/div><\/li><li value=\"5\" style=\"margin:0 0 16px 0;list-style:decimal;\"><div style=\"margin-bottom:4px;\"><a href=\"https:\/\/arttao.org\/pt\/?page_id=22015&#038;preview=true\" style=\"color:#00695c;text-decoration:none;border-bottom:1px solid #F5DEB3;font-weight:600;\">Estabele\u00e7a um &quot;sistema pessoal de cuidados com o humor sazonal&quot;\u201c<\/a><\/div><div style=\"font-size:14px;line-height:1.6;color:#333;\">Par\u00e2metros do equipamento, dist\u00e2ncia e dura\u00e7\u00e3o, e como utiliz\u00e1-lo de forma segura e gradual.<\/div><\/li><li value=\"6\" style=\"margin:0 0 16px 0;list-style:decimal;\"><div style=\"margin-bottom:4px;\"><a href=\"https:\/\/arttao.org\/pt\/?page_id=22016&#038;preview=true\" style=\"color:#00695c;text-decoration:none;border-bottom:1px solid #F5DEB3;font-weight:600;\">O per\u00edodo de luz solar da manh\u00e3<\/a><\/div><div style=\"font-size:14px;line-height:1.6;color:#333;\">Escolha um intervalo de 30 a 60 minutos ap\u00f3s acordar para evitar perturbar o sono durante a noite.<\/div><\/li><li value=\"7\" style=\"margin:0 0 16px 0;list-style:decimal;\"><div style=\"margin-bottom:4px;\"><a href=\"https:\/\/arttao.org\/pt\/?page_id=22017&#038;preview=true\" style=\"color:#00695c;text-decoration:none;border-bottom:1px solid #F5DEB3;font-weight:600;\">Simulador de Amanhecer e Despertar Natural<\/a><\/div><div style=\"font-size:14px;line-height:1.6;color:#333;\">O dispositivo de clareamento gradual guia suavemente o rel\u00f3gio biol\u00f3gico, aliviando a sensa\u00e7\u00e3o de que &quot;levantar \u00e9 como uma luta&quot;.<\/div><\/li><li value=\"8\" style=\"margin:0 0 16px 0;list-style:decimal;\"><div style=\"margin-bottom:4px;\"><a href=\"https:\/\/arttao.org\/pt\/?page_id=22018&#038;preview=true\" style=\"color:#00695c;text-decoration:none;border-bottom:1px solid #F5DEB3;font-weight:600;\">Vitamina D e suporte nutricional<\/a><\/div><div style=\"font-size:14px;line-height:1.6;color:#333;\">O princ\u00edpio b\u00e1sico dos testes e da suplementa\u00e7\u00e3o \u00e9 combinar prote\u00ednas e gorduras saud\u00e1veis para estabilizar a energia.<\/div><\/li><li value=\"9\" style=\"margin:0 0 16px 0;list-style:decimal;\"><div style=\"margin-bottom:4px;\"><a href=\"https:\/\/arttao.org\/pt\/?page_id=22019&#038;preview=true\" style=\"color:#00695c;text-decoration:none;border-bottom:1px solid #F5DEB3;font-weight:600;\">Regula\u00e7\u00e3o do sono excessivo e da dificuldade em acordar pela manh\u00e3.<\/a><\/div><div style=\"font-size:14px;line-height:1.6;color:#333;\">Uma abordagem em tr\u00eas etapas: estabelecer um hor\u00e1rio fixo para acordar, tirar cochilos curtos e reduzir o tempo que se passa acordado na cama.<\/div><\/li><li value=\"10\" style=\"margin:0 0 16px 0;list-style:decimal;\"><div style=\"margin-bottom:4px;\"><a href=\"https:\/\/arttao.org\/pt\/?page_id=22020&#038;preview=true\" style=\"color:#00695c;text-decoration:none;border-bottom:1px solid #F5DEB3;font-weight:600;\">Desejos por carboidratos e controle de peso<\/a><\/div><div style=\"font-size:14px;line-height:1.6;color:#333;\">Substitua a dieta &quot;prote\u00edna primeiro, carboidratos depois&quot; por alimentos ricos em fibras para estabilizar as flutua\u00e7\u00f5es de a\u00e7\u00facar no sangue.<\/div><\/li><li value=\"11\" style=\"margin:0 0 16px 0;list-style:decimal;\"><div style=\"margin-bottom:4px;\"><a href=\"https:\/\/arttao.org\/pt\/?page_id=22021&#038;preview=true\" style=\"color:#00695c;text-decoration:none;border-bottom:1px solid #F5DEB3;font-weight:600;\">M\u00e9todos pr\u00e1ticos para regular o rel\u00f3gio biol\u00f3gico<\/a><\/div><div style=\"font-size:14px;line-height:1.6;color:#333;\">Identificar declara\u00e7\u00f5es catastr\u00f3ficas e desesperan\u00e7osas relacionadas \u00e0 sazonalidade e preparar express\u00f5es alternativas.<\/div><\/li><li value=\"12\" style=\"margin:0 0 16px 0;list-style:decimal;\"><div style=\"margin-bottom:4px;\"><a href=\"https:\/\/arttao.org\/pt\/?page_id=22022&#038;preview=true\" style=\"color:#00695c;text-decoration:none;border-bottom:1px solid #F5DEB3;font-weight:600;\">Prevenir o isolamento social e o isolamento emocional.<\/a><\/div><div style=\"font-size:14px;line-height:1.6;color:#333;\">Projetado para suportar atividades diurnas, priorizando a exposi\u00e7\u00e3o ao ar livre e \u00e0 luz solar.<\/div><\/li><li value=\"13\" style=\"margin:0 0 16px 0;list-style:decimal;\"><div style=\"margin-bottom:4px;\"><a href=\"https:\/\/arttao.org\/pt\/?page_id=22023&#038;preview=true\" style=\"color:#00695c;text-decoration:none;border-bottom:1px solid #F5DEB3;font-weight:600;\">Como lidar com a &quot;pseudo-pregui\u00e7a&quot; e a auto-culpa<\/a><\/div><div style=\"font-size:14px;line-height:1.6;color:#333;\">Diminua a auto-culpa e a vergonha, e substitua a nega\u00e7\u00e3o por &quot;permiss\u00e3o-escolha-pr\u00e1tica&quot;.<\/div><\/li><li value=\"14\" style=\"margin:0 0 16px 0;list-style:decimal;\"><div style=\"margin-bottom:4px;\"><a href=\"https:\/\/arttao.org\/pt\/?page_id=22024&#038;preview=true\" style=\"color:#00695c;text-decoration:none;border-bottom:1px solid #F5DEB3;font-weight:600;\">Exerc\u00edcios estruturados para restaurar o ritmo da vida.<\/a><\/div><div style=\"font-size:14px;line-height:1.6;color:#333;\">Utilize tarefas auditivas, olfativas e t\u00e1teis para combater a insensibilidade e a lentid\u00e3o internas.<\/div><\/li><li value=\"15\" style=\"margin:0 0 16px 0;list-style:decimal;\"><div style=\"margin-bottom:4px;\"><a href=\"https:\/\/arttao.org\/pt\/?page_id=22025&#038;preview=true\" style=\"color:#00695c;text-decoration:none;border-bottom:1px solid #F5DEB3;font-weight:600;\">De &quot;combater o inverno&quot; a &quot;coexistir com o inverno&quot;\u201c<\/a><\/div><div style=\"font-size:14px;line-height:1.6;color:#333;\">A rela\u00e7\u00e3o entre a regula\u00e7\u00e3o da temperatura e a tens\u00e3o muscular pode ser explorada atrav\u00e9s do aquecimento e do consumo de bebidas quentes.<\/div><\/li><li value=\"16\" style=\"margin:0 0 16px 0;list-style:decimal;\"><div style=\"margin-bottom:4px;\"><a href=\"https:\/\/arttao.org\/pt\/?page_id=22026&#038;preview=true\" style=\"color:#00695c;text-decoration:none;border-bottom:1px solid #F5DEB3;font-weight:600;\">Identificando a inquieta\u00e7\u00e3o e o aumento da ansiedade na primavera<\/a><\/div><div style=\"font-size:14px;line-height:1.6;color:#333;\">De frente para a janela, a superf\u00edcie refletora combinada com a temperatura da luz branca aumenta o brilho durante o dia.<\/div><\/li><li value=\"17\" style=\"margin:0 0 16px 0;list-style:decimal;\"><div style=\"margin-bottom:4px;\"><a href=\"https:\/\/arttao.org\/pt\/?page_id=22027&#038;preview=true\" style=\"color:#00695c;text-decoration:none;border-bottom:1px solid #F5DEB3;font-weight:600;\">Como usar os ritmos naturais para melhorar o foco<\/a><\/div><div style=\"font-size:14px;line-height:1.6;color:#333;\">Dividir o processo de &quot;sair de casa&quot; em tr\u00eas etapas \u2014 vestir-se, abrir a porta e descer as escadas \u2014 reduz a resist\u00eancia.<\/div><\/li><li value=\"18\" style=\"margin:0 0 16px 0;list-style:decimal;\"><div style=\"margin-bottom:4px;\"><a href=\"https:\/\/arttao.org\/pt\/?page_id=22028&#038;preview=true\" style=\"color:#00695c;text-decoration:none;border-bottom:1px solid #F5DEB3;font-weight:600;\">Estabelecer apoio familiar e do parceiro<\/a><\/div><div style=\"font-size:14px;line-height:1.6;color:#333;\">Intera\u00e7\u00f5es de curta dura\u00e7\u00e3o, baixa densidade e previs\u00edveis, com prioridade para o suporte da estratosfera.<\/div><\/li><li value=\"19\" style=\"margin:0 0 16px 0;list-style:decimal;\"><div style=\"margin-bottom:4px;\"><a href=\"https:\/\/arttao.org\/pt\/?page_id=22029&#038;preview=true\" style=\"color:#00695c;text-decoration:none;border-bottom:1px solid #F5DEB3;font-weight:600;\">Treinamento psicol\u00f3gico para transtorno afetivo sazonal<\/a><\/div><div style=\"font-size:14px;line-height:1.6;color:#333;\">Caminhadas matinais e exerc\u00edcios r\u00edtmicos de balan\u00e7o podem melhorar a curva de temperatura corporal e o estado de alerta.<\/div><\/li><li value=\"20\" style=\"margin:0 0 16px 0;list-style:decimal;\"><div style=\"margin-bottom:4px;\"><a href=\"https:\/\/arttao.org\/pt\/?page_id=22030&#038;preview=true\" style=\"color:#00695c;text-decoration:none;border-bottom:1px solid #F5DEB3;font-weight:600;\">Ajustar o plano de tratamento em colabora\u00e7\u00e3o com um psic\u00f3logo.<\/a><\/div><div style=\"font-size:14px;line-height:1.6;color:#333;\">Registre a luz solar, o sono, a energia e o humor; tome decis\u00f5es com base em dados, n\u00e3o em sentimentos.<\/div><\/li><li value=\"21\" style=\"margin:0 0 16px 0;list-style:decimal;\"><div style=\"margin-bottom:4px;\"><a href=\"https:\/\/arttao.org\/pt\/?page_id=22031&#038;preview=true\" style=\"color:#00695c;text-decoration:none;border-bottom:1px solid #F5DEB3;font-weight:600;\">Ajustes t\u00edpicos do inverno no trabalho e nos estudos.<\/a><\/div><div style=\"font-size:14px;line-height:1.6;color:#333;\">Reduza a granularidade das tarefas, deixe um tempo de reserva e use a T\u00e9cnica Pomodoro para manter o ritmo.<\/div><\/li><li value=\"22\" style=\"margin:0 0 16px 0;list-style:decimal;\"><div style=\"margin-bottom:4px;\"><a href=\"https:\/\/arttao.org\/pt\/?page_id=22032&#038;preview=true\" style=\"color:#00695c;text-decoration:none;border-bottom:1px solid #F5DEB3;font-weight:600;\">Compreens\u00e3o e colabora\u00e7\u00e3o na fam\u00edlia e nos relacionamentos<\/a><\/div><div style=\"font-size:14px;line-height:1.6;color:#333;\">Comunique a &quot;evolu\u00e7\u00e3o da doen\u00e7a - necessidades - limites&quot; e divida o trabalho em vez de discutir.<\/div><\/li><li value=\"23\" style=\"margin:0 0 16px 0;list-style:decimal;\"><div style=\"margin-bottom:4px;\"><a href=\"https:\/\/arttao.org\/pt\/?page_id=22033&#038;preview=true\" style=\"color:#00695c;text-decoration:none;border-bottom:1px solid #F5DEB3;font-weight:600;\">Contraindica\u00e7\u00f5es e precau\u00e7\u00f5es da terapia com luz<\/a><\/div><div style=\"font-size:14px;line-height:1.6;color:#333;\">Devido aos riscos associados ao transtorno bipolar, problemas na retina e fotossensibilidade induzida por medicamentos, \u00e9 necess\u00e1rio consultar um profissional de sa\u00fade previamente.<\/div><\/li><li value=\"24\" style=\"margin:0 0 16px 0;list-style:decimal;\"><div style=\"margin-bottom:4px;\"><a href=\"https:\/\/arttao.org\/pt\/?page_id=22034&#038;preview=true\" style=\"color:#00695c;text-decoration:none;border-bottom:1px solid #F5DEB3;font-weight:600;\">O conjunto de tr\u00eas pe\u00e7as que te deixa pra baixo de manh\u00e3 (<\/a><\/div><div style=\"font-size:14px;line-height:1.6;color:#333;\">Ilumina\u00e7\u00e3o, hidrata\u00e7\u00e3o e a\u00e7\u00e3o: priorize iniciar o menor passo poss\u00edvel.<\/div><\/li><li value=\"25\" style=\"margin:0 0 16px 0;list-style:decimal;\"><div style=\"margin-bottom:4px;\"><a href=\"https:\/\/arttao.org\/pt\/?page_id=22035&#038;preview=true\" style=\"color:#00695c;text-decoration:none;border-bottom:1px solid #F5DEB3;font-weight:600;\">Como lidar com a queda de energia da tarde<\/a><\/div><div style=\"font-size:14px;line-height:1.6;color:#333;\">Breves per\u00edodos de exposi\u00e7\u00e3o \u00e0 luz intensa, atividades leves e baixa ingest\u00e3o de prote\u00ednas, evitando a compensa\u00e7\u00e3o com altos n\u00edveis de glicose.<\/div><\/li><li value=\"26\" style=\"margin:0 0 16px 0;list-style:decimal;\"><div style=\"margin-bottom:4px;\"><a href=\"https:\/\/arttao.org\/pt\/?page_id=22036&#038;preview=true\" style=\"color:#00695c;text-decoration:none;border-bottom:1px solid #F5DEB3;font-weight:600;\">Controle de telas noturnas e gerenciamento de luz azul<\/a><\/div><div style=\"font-size:14px;line-height:1.6;color:#333;\">Duas horas de higieniza\u00e7\u00e3o da tela e exposi\u00e7\u00e3o \u00e0 luz quente protegem a secre\u00e7\u00e3o de melatonina.<\/div><\/li><li value=\"27\" style=\"margin:0 0 16px 0;list-style:decimal;\"><div style=\"margin-bottom:4px;\"><a href=\"https:\/\/arttao.org\/pt\/?page_id=22037&#038;preview=true\" style=\"color:#00695c;text-decoration:none;border-bottom:1px solid #F5DEB3;font-weight:600;\">Depress\u00e3o e ansiedade ocorrendo simultaneamente<\/a><\/div><div style=\"font-size:14px;line-height:1.6;color:#333;\">Para distinguir entre padr\u00f5es impulsionados pela ansiedade e padr\u00f5es impulsionados pela depress\u00e3o, primeiro \u00e9 necess\u00e1rio estabilizar o ritmo circadiano antes de se envolver em processos cognitivos.<\/div><\/li><li value=\"28\" style=\"margin:0 0 16px 0;list-style:decimal;\"><div style=\"margin-bottom:4px;\"><a href=\"https:\/\/arttao.org\/pt\/?page_id=22038&#038;preview=true\" style=\"color:#00695c;text-decoration:none;border-bottom:1px solid #F5DEB3;font-weight:600;\">Aplica\u00e7\u00e3o da aten\u00e7\u00e3o plena e do enraizamento no inverno<\/a><\/div><div style=\"font-size:14px;line-height:1.6;color:#333;\">Utilize \u00e2ncoras somatossensoriais e ritmos respirat\u00f3rios para reduzir a rumina\u00e7\u00e3o e a letargia.<\/div><\/li><li value=\"29\" style=\"margin:0 0 16px 0;list-style:decimal;\"><div style=\"margin-bottom:4px;\"><a href=\"https:\/\/arttao.org\/pt\/?page_id=22039&#038;preview=true\" style=\"color:#00695c;text-decoration:none;border-bottom:1px solid #F5DEB3;font-weight:600;\">Configura\u00e7\u00e3o ambiental: temperatura, cheiro e som.<\/a><\/div><div style=\"font-size:14px;line-height:1.6;color:#333;\">Cobertores quentes, fragr\u00e2ncias e ru\u00eddo branco criam um &quot;lugar para ficar&quot; para o corpo e a mente.<\/div><\/li><li value=\"30\" style=\"margin:0 0 16px 0;list-style:decimal;\"><div style=\"margin-bottom:4px;\"><a href=\"https:\/\/arttao.org\/pt\/?page_id=22040&#038;preview=true\" style=\"color:#00695c;text-decoration:none;border-bottom:1px solid #F5DEB3;font-weight:600;\">O papel da terapia medicamentosa no transtorno de ansiedade social.<\/a><\/div><div style=\"font-size:14px;line-height:1.6;color:#333;\">Discuta as indica\u00e7\u00f5es, o curso do tratamento e o plano de tratamento abrangente com seu m\u00e9dico, incluindo terapia de luz\/TCC (Terapia Cognitivo-Comportamental).<\/div><\/li><li value=\"31\" style=\"margin:0 0 16px 0;list-style:decimal;\"><div style=\"margin-bottom:4px;\"><a href=\"https:\/\/arttao.org\/pt\/?page_id=22041&#038;preview=true\" style=\"color:#00695c;text-decoration:none;border-bottom:1px solid #F5DEB3;font-weight:600;\">Viagens e fuso hor\u00e1rio: como evitar interrup\u00e7\u00f5es<\/a><\/div><div style=\"font-size:14px;line-height:1.6;color:#333;\">A exposi\u00e7\u00e3o solar segmentada e os hor\u00e1rios fixos de despertar reduzem o per\u00edodo de adapta\u00e7\u00e3o.<\/div><\/li><li value=\"32\" style=\"margin:0 0 16px 0;list-style:decimal;\"><div style=\"margin-bottom:4px;\"><a href=\"https:\/\/arttao.org\/pt\/?page_id=22042&#038;preview=true\" style=\"color:#00695c;text-decoration:none;border-bottom:1px solid #F5DEB3;font-weight:600;\">F\u00e9rias e uma sensa\u00e7\u00e3o de vazio (ainda n\u00e3o dispon\u00edvel online)<\/a><\/div><div style=\"font-size:14px;line-height:1.6;color:#333;\">Fa\u00e7a planos &quot;sem grandes expectativas&quot; para as festas de fim de ano e compense a decep\u00e7\u00e3o com rituais simples.<\/div><\/li><li value=\"33\" style=\"margin:0 0 16px 0;list-style:decimal;\"><div style=\"margin-bottom:4px;\"><a href=\"https:\/\/arttao.org\/pt\/?page_id=22043&#038;preview=true\" style=\"color:#00695c;text-decoration:none;border-bottom:1px solid #F5DEB3;font-weight:600;\">Planos alternativos para dias nublados consecutivos<\/a><\/div><div style=\"font-size:14px;line-height:1.6;color:#333;\">Ilumina\u00e7\u00e3o interna de alta intensidade e ilumina\u00e7\u00e3o multiponto com dura\u00e7\u00e3o de v\u00e1rios dias reduzem o impacto de dias nublados consecutivos.<\/div><\/li><li value=\"34\" style=\"margin:0 0 16px 0;list-style:decimal;\"><div style=\"margin-bottom:4px;\"><a href=\"https:\/\/arttao.org\/pt\/?page_id=22044&#038;preview=true\" style=\"color:#00695c;text-decoration:none;border-bottom:1px solid #F5DEB3;font-weight:600;\">Desmantelando a autocr\u00edtica e a vergonha.<\/a><\/div><div style=\"font-size:14px;line-height:1.6;color:#333;\">Externalizar os efeitos das esta\u00e7\u00f5es do ano para mecanismos r\u00edtmicos e reduzir as acusa\u00e7\u00f5es personalizadas.<\/div><\/li><li value=\"35\" style=\"margin:0 0 16px 0;list-style:decimal;\"><div style=\"margin-bottom:4px;\"><a href=\"https:\/\/arttao.org\/pt\/?page_id=22045&#038;preview=true\" style=\"color:#00695c;text-decoration:none;border-bottom:1px solid #F5DEB3;font-weight:600;\">Sinais de alerta de reca\u00edda e cart\u00e3o de a\u00e7\u00e3o<\/a><\/div><div style=\"font-size:14px;line-height:1.6;color:#333;\">Liste o status da sua luz amarela e as a\u00e7\u00f5es correspondentes que exigem um clique, e redefina-as imediatamente.<\/div><\/li><li value=\"36\" style=\"margin:0 0 16px 0;list-style:decimal;\"><div style=\"margin-bottom:4px;\"><a href=\"https:\/\/arttao.org\/pt\/?page_id=22046&#038;preview=true\" style=\"color:#00695c;text-decoration:none;border-bottom:1px solid #F5DEB3;font-weight:600;\">Roteiro de comunica\u00e7\u00e3o com a escola\/organiza\u00e7\u00e3o<\/a><\/div><div style=\"font-size:14px;line-height:1.6;color:#333;\">Os quatro passos \u2013 fato, impacto, demanda e solu\u00e7\u00e3o \u2013 s\u00e3o explicados de forma clara, sem rodeios.<\/div><\/li><li value=\"37\" style=\"margin:0 0 16px 0;list-style:decimal;\"><div style=\"margin-bottom:4px;\"><a href=\"https:\/\/arttao.org\/pt\/?page_id=22047&#038;preview=true\" style=\"color:#00695c;text-decoration:none;border-bottom:1px solid #F5DEB3;font-weight:600;\">Recupera\u00e7\u00e3o na primavera e gest\u00e3o do excesso de entusiasmo<\/a><\/div><div style=\"font-size:14px;line-height:1.6;color:#333;\">Para evitar uma mudan\u00e7a repentina de humor deprimido para excita\u00e7\u00e3o excessiva, mantenha um estado est\u00e1vel.<\/div><\/li><li value=\"38\" style=\"margin:0 0 16px 0;list-style:decimal;\"><div style=\"margin-bottom:4px;\"><a href=\"https:\/\/arttao.org\/pt\/?page_id=22048&#038;preview=true\" style=\"color:#00695c;text-decoration:none;border-bottom:1px solid #F5DEB3;font-weight:600;\">Estrat\u00e9gia a longo prazo: Prepare-se com um m\u00eas de anteced\u00eancia.<\/a><\/div><div style=\"font-size:14px;line-height:1.6;color:#333;\">Comece a ajustar sua ilumina\u00e7\u00e3o e seus hor\u00e1rios de sono antes da mudan\u00e7a de esta\u00e7\u00e3o para obter uma vantagem.<\/div><\/li><li value=\"39\" style=\"margin:0 0 16px 0;list-style:decimal;\"><div style=\"margin-bottom:4px;\"><a href=\"https:\/\/arttao.org\/pt\/?page_id=22049&#038;preview=true\" style=\"color:#00695c;text-decoration:none;border-bottom:1px solid #F5DEB3;font-weight:600;\">Estudo de Caso: Meu Mapa Sazonal<\/a><\/div><div style=\"font-size:14px;line-height:1.6;color:#333;\">Compile dados pessoais em um &quot;mapa de humor anual&quot; para facilitar os ajustes para o pr\u00f3ximo trimestre.<\/div><\/li><li value=\"40\" style=\"margin:0 0 16px 0;list-style:decimal;\"><div style=\"margin-bottom:4px;\"><a href=\"https:\/\/arttao.org\/pt\/?page_id=22050&#038;preview=true\" style=\"color:#00695c;text-decoration:none;border-bottom:1px solid #F5DEB3;font-weight:600;\">Avalia\u00e7\u00e3o geral: Estabelecendo um &quot;Sistema Pessoal de Cuidados Emocionais Sazonais&quot;\u201c<\/a><\/div><div style=\"font-size:14px;line-height:1.6;color:#333;\">Integrando ferramentas relacionadas \u00e0 luz, sono, nutri\u00e7\u00e3o, exerc\u00edcios, ambiente, intera\u00e7\u00e3o social e reflex\u00e3o, criamos um sistema sustent\u00e1vel de cuidados com o humor em diferentes esta\u00e7\u00f5es do ano.<\/div><\/li><li value=\"41\" style=\"margin:0 0 16px 0;list-style:decimal;\"><div style=\"margin-bottom:4px;\"><a href=\"https:\/\/arttao.org\/pt\/?page_id=27843&#038;preview=true\" style=\"color:#00695c;text-decoration:none;border-bottom:1px solid #F5DEB3;font-weight:600;\">Curso de Mandala Tradicional (Curso Complementar)<\/a><\/div><div style=\"font-size:14px;line-height:1.6;color:#333;\">Fa\u00e7a um curso complementar de mandala tradicional para continuar usando imagens, cores, observa\u00e7\u00e3o, escrita e exerc\u00edcios de desenho para ajudar a alcan\u00e7ar uma acomoda\u00e7\u00e3o e organiza\u00e7\u00e3o mais suaves das mudan\u00e7as de humor sazonais.<\/div><\/li><li value=\"42\" style=\"margin:0 0 16px 0;list-style:decimal;\"><div style=\"margin-bottom:4px;\"><a href=\"https:\/\/arttao.org\/pt\/?page_id=27844&#038;preview=true\" style=\"color:#00695c;text-decoration:none;border-bottom:1px solid #F5DEB3;font-weight:600;\">Curso sobre Transtorno Afetivo Sazonal (Li\u00e7\u00f5es 401-440) - Avalia\u00e7\u00e3o do Curso<\/a><\/div><div style=\"font-size:14px;line-height:1.6;color:#333;\">Conclua a avalia\u00e7\u00e3o do curso, revise os objetivos de aprendizagem desta unidade, as altera\u00e7\u00f5es nos exerc\u00edcios e as \u00e1reas onde ainda \u00e9 necess\u00e1rio apoio, para obter uma compreens\u00e3o mais clara do sistema de cuidados com o humor sazonal.<\/div><\/li><\/ol><div style=\"margin-top:24px;font-size:13px;color:#666;line-height:1.5;background:#fff8dc;border:1px solid #F5DEB3;border-radius:8px;padding:12px 12px;\">Nota: Este conte\u00fado destina-se apenas a fins de autoconhecimento e treinamento e n\u00e3o substitui o diagn\u00f3stico m\u00e9dico profissional e o tratamento de emerg\u00eancia. Se voc\u00ea apresentar piora progressiva da depress\u00e3o, sentimentos de desesperan\u00e7a, agita\u00e7\u00e3o, perda de controle ou pensamentos suicidas ou de automutila\u00e7\u00e3o, entre em contato imediatamente com profissionais e servi\u00e7os de crise.<\/div><\/div>","protected":false},"excerpt":{"rendered":"","protected":false},"author":1,"featured_media":0,"parent":0,"menu_order":0,"comment_status":"closed","ping_status":"closed","template":"","meta":{"nf_dc_page":"","om_disable_all_campaigns":false,"footnotes":""},"class_list":["post-12128","page","type-page","status-publish","hentry"],"_links":{"self":[{"href":"https:\/\/arttao.org\/pt\/wp-json\/wp\/v2\/pages\/12128","targetHints":{"allow":["GET"]}}],"collection":[{"href":"https:\/\/arttao.org\/pt\/wp-json\/wp\/v2\/pages"}],"about":[{"href":"https:\/\/arttao.org\/pt\/wp-json\/wp\/v2\/types\/page"}],"author":[{"embeddable":true,"href":"https:\/\/arttao.org\/pt\/wp-json\/wp\/v2\/users\/1"}],"replies":[{"embeddable":true,"href":"https:\/\/arttao.org\/pt\/wp-json\/wp\/v2\/comments?post=12128"}],"version-history":[{"count":2,"href":"https:\/\/arttao.org\/pt\/wp-json\/wp\/v2\/pages\/12128\/revisions"}],"predecessor-version":[{"id":29070,"href":"https:\/\/arttao.org\/pt\/wp-json\/wp\/v2\/pages\/12128\/revisions\/29070"}],"wp:attachment":[{"href":"https:\/\/arttao.org\/pt\/wp-json\/wp\/v2\/media?parent=12128"}],"curies":[{"name":"wp","href":"https:\/\/api.w.org\/{rel}","templated":true}]}}