{"id":12303,"date":"2025-11-07T22:10:31","date_gmt":"2025-11-07T22:10:31","guid":{"rendered":"https:\/\/arttao.org\/?page_id=12303"},"modified":"2026-07-10T05:18:00","modified_gmt":"2026-07-10T05:18:00","slug":"%e7%ac%ac%e4%ba%8c%e5%8d%81%e4%b8%89%e8%af%be%ef%bc%9a%e7%9a%ae%e8%82%a4%e5%89%a5%e7%a6%bb%e7%97%87%ef%bc%88%e7%ac%ac821%ef%bd%9e840%e8%af%be%ef%bc%89","status":"publish","type":"page","link":"https:\/\/arttao.org\/pt\/%e7%ac%ac%e4%ba%8c%e5%8d%81%e4%b8%89%e8%af%be%ef%bc%9a%e7%9a%ae%e8%82%a4%e5%89%a5%e7%a6%bb%e7%97%87%ef%bc%88%e7%ac%ac821%ef%bd%9e840%e8%af%be%ef%bc%89\/","title":{"rendered":"Unidade 23: S\u00edndrome de Descama\u00e7\u00e3o da Pele (Li\u00e7\u00f5es 831-860)"},"content":{"rendered":"<div class=\"healing-outline-wrap\" style=\"max-width:800px;margin:24px auto;font-family:-apple-system,BlinkMacSystemFont,'Segoe UI',Roboto,Helvetica,Arial,sans-serif;line-height:1.6;color:#111;font-size:15px;\"><h2 style=\"font-size:20px;color:#00695c;margin:0 0 16px;font-weight:600;border-left:4px solid #F5DEB3;padding-left:8px;\">Li\u00e7\u00e3o 23: Curso sobre a S\u00edndrome de Remo\u00e7\u00e3o da Pele (Li\u00e7\u00f5es 831-860) \u00b7 Cat\u00e1logo de Cursos<\/h2><div style=\"margin:0 0 16px;\"><div style=\"font-size:15px;color:#00695c;font-weight:600;margin-bottom:4px;\">Caracter\u00edsticas dos sintomas:<\/div><div style=\"font-size:15px;line-height:1.7;color:#333;\">A descama\u00e7\u00e3o da pele \u00e9 um tipo de &quot;transtorno comportamental repetitivo focado no corpo&quot; caracterizado por descama\u00e7\u00e3o, cutucada, coceira e outros comportamentos repetitivos, frequentemente desencadeados por ansiedade, tens\u00e3o ou t\u00e9dio. Embora o comportamento proporcione al\u00edvio tempor\u00e1rio, ele \u00e9 frequentemente acompanhado por dor, culpa e vergonha.<\/div><\/div><div style=\"margin:0 0 24px;\"><div style=\"font-size:15px;color:#00695c;font-weight:600;margin-bottom:4px;\">Objetivos do curso:<\/div><div style=\"font-size:15px;line-height:1.7;color:#333;\">O curso utiliza a abordagem &quot;consci\u00eancia\u2014atraso\u2014substitui\u00e7\u00e3o\u2014corre\u00e7\u00e3o cognitiva\u2014autoaceita\u00e7\u00e3o&quot; como fio condutor principal para ajudar os alunos a identificar os mecanismos desencadeadores, reduzir a vontade de se distanciar e estabelecer um sistema de autocuidado suave e sustent\u00e1vel.<\/div><\/div><ol style=\"margin:0;padding-left:20px;font-size:15px;color:#111;\"><li style=\"margin:0 0 16px 0;list-style:decimal;\"><div style=\"margin-bottom:4px;\"><a href=\"https:\/\/arttao.org\/pt\/%e7%ac%ac831%e8%af%be%ef%bc%9a%e5%a4%8d%e5%8f%91%e5%90%8e%e7%9a%84%e9%87%8d%e6%96%b0%e5%90%af%e5%8a%a8%e8%ae%a1%e5%88%92\/\" style=\"color:#00695c;text-decoration:none;border-bottom:1px solid #F5DEB3;font-weight:600;\">Compreendendo as caracter\u00edsticas e os mecanismos psicol\u00f3gicos da s\u00edndrome de descama\u00e7\u00e3o da pele.<\/a><\/div><div style=\"font-size:14px;line-height:1.6;color:#333;\">Reconhecer as principais caracter\u00edsticas da s\u00edndrome de descama\u00e7\u00e3o da pele e compreender sua rela\u00e7\u00e3o com a ansiedade e o desequil\u00edbrio na autorregula\u00e7\u00e3o.<\/div><\/li><li style=\"margin:0 0 16px 0;list-style:decimal;\"><div style=\"margin-bottom:4px;\"><a href=\"https:\/\/arttao.org\/pt\/%e7%ac%ac832%e8%af%be%ef%bc%9a%e8%8d%af%e7%89%a9%e6%b2%bb%e7%96%97%e4%b8%8e%e6%8b%94%e6%af%9b%e7%99%96%e6%81%a2%e5%a4%8d%e7%9a%84%e5%85%b3%e7%b3%bb\/\" style=\"color:#00695c;text-decoration:none;border-bottom:1px solid #F5DEB3;font-weight:600;\">Identificar e esclarecer equ\u00edvocos comuns sobre a descama\u00e7\u00e3o da pele.<\/a><\/div><div style=\"font-size:14px;line-height:1.6;color:#333;\">Corrija cren\u00e7as negativas como &quot;Eu n\u00e3o consigo controlar isso&quot; e &quot;Eu sou estranho&quot; e estabele\u00e7a uma nova estrutura para a compreens\u00e3o.<\/div><\/li><li style=\"margin:0 0 16px 0;list-style:decimal;\"><div style=\"margin-bottom:4px;\"><a href=\"https:\/\/arttao.org\/pt\/%e7%ac%ac833%e8%af%be%ef%bc%9a%e5%ad%a6%e6%a0%a1%e4%b8%8e%e5%b7%a5%e4%bd%9c%e5%9c%ba%e6%99%af%e4%b8%ad%e7%9a%84%e6%94%af%e6%8c%81%e6%b2%9f%e9%80%9a\/\" style=\"color:#00695c;text-decoration:none;border-bottom:1px solid #F5DEB3;font-weight:600;\">Treinamento em t\u00e9cnicas alternativas para reduzir a descama\u00e7\u00e3o da pele.<\/a><\/div><div style=\"font-size:14px;line-height:1.6;color:#333;\">Aprenda comportamentos alternativos seguros: apertar uma bola, massagear, respirar fundo, enxaguar com \u00e1gua fria, etc.<\/div><\/li><li style=\"margin:0 0 16px 0;list-style:decimal;\"><div style=\"margin-bottom:4px;\"><a href=\"https:\/\/arttao.org\/pt\/%e7%ac%ac834%e8%af%be%ef%bc%9a%e9%ab%98%e9%a3%8e%e9%99%a9%e6%97%b6%e6%ae%b5%e7%9a%84%e9%98%b2%e6%8b%94%e6%af%9b%e8%a1%8c%e5%8a%a8%e5%8d%a1\/\" style=\"color:#00695c;text-decoration:none;border-bottom:1px solid #F5DEB3;font-weight:600;\">Aprimore o autocontrole e reduza o comportamento impulsivo.<\/a><\/div><div style=\"font-size:14px;line-height:1.6;color:#333;\">Aprimore a experi\u00eancia de controle por meio do treinamento de consci\u00eancia-atraso-substitui\u00e7\u00e3o.<\/div><\/li><li style=\"margin:0 0 16px 0;list-style:decimal;\"><div style=\"margin-bottom:4px;\"><a href=\"https:\/\/arttao.org\/pt\/%e7%ac%ac835%e8%af%be%ef%bc%9a%e8%a7%a6%e8%a7%89%e9%9c%80%e6%b1%82%e4%b8%8e%e8%ba%ab%e4%bd%93%e5%ae%89%e6%8a%9a%e9%87%8d%e5%bb%ba\/\" style=\"color:#00695c;text-decoration:none;border-bottom:1px solid #F5DEB3;font-weight:600;\">Lidando com emo\u00e7\u00f5es negativas e estresse interpessoal na s\u00edndrome de descama\u00e7\u00e3o da pele<\/a><\/div><div style=\"font-size:14px;line-height:1.6;color:#333;\">Ao se deparar com vergonha, ansiedade e ang\u00fastia social, pratique expressar-se e buscar apoio.<\/div><\/li><li style=\"margin:0 0 16px 0;list-style:decimal;\"><div style=\"margin-bottom:4px;\"><a href=\"https:\/\/arttao.org\/pt\/%e7%ac%ac836%e8%af%be%ef%bc%9a%e4%ba%b2%e5%af%86%e5%85%b3%e7%b3%bb%e4%b8%ad%e7%9a%84%e5%9d%a6%e8%af%9a%e4%b8%8e%e8%be%b9%e7%95%8c\/\" style=\"color:#00695c;text-decoration:none;border-bottom:1px solid #F5DEB3;font-weight:600;\">Estabele\u00e7a um mecanismo de preven\u00e7\u00e3o de reca\u00eddas a longo prazo e um plano de equil\u00edbrio mente-corpo.<\/a><\/div><div style=\"font-size:14px;line-height:1.6;color:#333;\">Estabele\u00e7a um ritmo e um mecanismo de relaxamento para consolidar uma mentalidade est\u00e1vel e o h\u00e1bito da reflex\u00e3o.<\/div><\/li><li style=\"margin:0 0 16px 0;list-style:decimal;\"><div style=\"margin-bottom:4px;\"><a href=\"https:\/\/arttao.org\/pt\/%e7%ac%ac837%e8%af%be%ef%bc%9a%e6%af%8f%e6%97%a5%e5%be%ae%e5%a4%8d%e7%9b%98%e4%b8%8e%e8%bf%9b%e5%b1%95%e8%ae%b0%e5%bd%95\/\" style=\"color:#00695c;text-decoration:none;border-bottom:1px solid #F5DEB3;font-weight:600;\">Identificar os sinais de alerta e as situa\u00e7\u00f5es que desencadeiam a descama\u00e7\u00e3o da pele.<\/a><\/div><div style=\"font-size:14px;line-height:1.6;color:#333;\">Aprenda a reconhecer sinais precoces como tens\u00e3o f\u00edsica, dispers\u00e3o da aten\u00e7\u00e3o e explora\u00e7\u00e3o com a ponta dos dedos, para intervir e estabilizar o ritmo antes que os impulsos atinjam o seu pico.<\/div><\/li><li style=\"margin:0 0 16px 0;list-style:decimal;\"><div style=\"margin-bottom:4px;\"><a href=\"https:\/\/arttao.org\/pt\/%e7%ac%ac838%e8%af%be%ef%bc%9a%e9%95%bf%e6%9c%9f%e6%81%a2%e5%a4%8d%e4%b8%ad%e7%9a%84%e8%87%aa%e6%88%91%e4%bf%a1%e4%bb%bb%e8%ae%ad%e7%bb%83\/\" style=\"color:#00695c;text-decoration:none;border-bottom:1px solid #F5DEB3;font-weight:600;\">Registro e acompanhamento de padr\u00f5es de comportamento de descama\u00e7\u00e3o da pele<\/a><\/div><div style=\"font-size:14px;line-height:1.6;color:#333;\">Crie um registro de gatilhos para anotar a hora, a emo\u00e7\u00e3o, o local e a intensidade, o que ajudar\u00e1 voc\u00ea a identificar padr\u00f5es ocultos e a encontrar o ponto mais precoce em que poder\u00e1 intervir.<\/div><\/li><li style=\"margin:0 0 16px 0;list-style:decimal;\"><div style=\"margin-bottom:4px;\"><a href=\"https:\/\/arttao.org\/pt\/%e7%ac%ac839%e8%af%be%ef%bc%9a%e7%a8%b3%e5%ae%9a%e6%9c%9f%e7%9a%84%e7%94%9f%e6%b4%bb%e7%bb%93%e6%9e%84%e4%b8%8e%e6%94%af%e6%8c%81%e7%b3%bb%e7%bb%9f\/\" style=\"color:#00695c;text-decoration:none;border-bottom:1px solid #F5DEB3;font-weight:600;\">Treinamento alternativo de condicionamento por movimento e estimula\u00e7\u00e3o sensorial<\/a><\/div><div style=\"font-size:14px;line-height:1.6;color:#333;\">Utilize estrat\u00e9gias alternativas, como apertar bolas de corda, pedras t\u00e1teis e faixas de resist\u00eancia, para liberar com seguran\u00e7a a energia da ansiedade relacionada \u00e0s m\u00e3os.<\/div><\/li><li style=\"margin:0 0 16px 0;list-style:decimal;\"><div style=\"margin-bottom:4px;\"><a href=\"https:\/\/arttao.org\/pt\/%e7%ac%ac840%e8%af%be%ef%bc%9a%e6%95%b4%e5%90%88%e5%9b%9e%e9%a1%be%ef%bc%9a%e4%bb%8e%e6%8b%94%e6%af%9b%e5%86%b2%e5%8a%a8%e5%88%b0%e8%ba%ab%e4%bd%93%e5%b0%8a%e9%87%8d\/\" style=\"color:#00695c;text-decoration:none;border-bottom:1px solid #F5DEB3;font-weight:600;\">Reconstruindo do Impulso \u00e0 Autoaceita\u00e7\u00e3o<\/a><\/div><div style=\"font-size:14px;line-height:1.6;color:#333;\">Mude a perspectiva de &quot;Eu falhei novamente&quot; para &quot;Estou praticando a compreens\u00e3o dos impulsos&quot; para estabelecer um relacionamento consigo mesmo mais gentil e um caminho de transi\u00e7\u00e3o comportamental.<\/div><\/li><li style=\"margin:0 0 16px 0;list-style:decimal;\"><div style=\"margin-bottom:4px;\"><a href=\"https:\/\/arttao.org\/pt\/%e7%ac%ac841%e8%af%be%ef%bc%9a%e4%ba%86%e8%a7%a3%e7%9a%ae%e8%82%a4%e5%89%a5%e7%a6%bb%e7%97%87%e7%9a%84%e7%89%b9%e7%82%b9%e4%b8%8e%e5%bf%83%e7%90%86%e6%9c%ba%e5%88%b6\/\" style=\"color:#00695c;text-decoration:none;border-bottom:1px solid #F5DEB3;font-weight:600;\">Compreendendo as caracter\u00edsticas e os mecanismos psicol\u00f3gicos da s\u00edndrome de descama\u00e7\u00e3o da pele.<\/a><\/div><div style=\"font-size:14px;line-height:1.6;color:#333;\">Esclarecer os tr\u00eas principais mecanismos da s\u00edndrome de descolamento da pele \u2014 cognitivo, impulsivo e emocional \u2014 estabelece uma base psicol\u00f3gica para estrat\u00e9gias de adapta\u00e7\u00e3o eficazes.<\/div><\/li><li style=\"margin:0 0 16px 0;list-style:decimal;\"><div style=\"margin-bottom:4px;\"><a href=\"https:\/\/arttao.org\/pt\/%e7%ac%ac842%e8%af%be%ef%bc%9a%e8%af%86%e5%88%ab%e4%b8%8e%e8%b0%83%e6%95%b4%e7%9a%ae%e8%82%a4%e5%89%a5%e7%a6%bb%e7%9a%84%e8%ae%a4%e7%9f%a5%e8%af%af%e5%8c%ba\/\" style=\"color:#00695c;text-decoration:none;border-bottom:1px solid #F5DEB3;font-weight:600;\">Identificar e esclarecer equ\u00edvocos comuns sobre a descama\u00e7\u00e3o da pele.<\/a><\/div><div style=\"font-size:14px;line-height:1.6;color:#333;\">Reestruture pensamentos err\u00f4neos como &quot;N\u00e3o consigo parar&quot; e &quot;Estou com uma apar\u00eancia terr\u00edvel&quot; para reduzir comportamentos c\u00edclicos impulsionados pela ansiedade.<\/div><\/li><li style=\"margin:0 0 16px 0;list-style:decimal;\"><div style=\"margin-bottom:4px;\"><a href=\"https:\/\/arttao.org\/pt\/%e7%ac%ac843%e8%af%be%ef%bc%9a%e5%87%8f%e5%b0%91%e7%9a%ae%e8%82%a4%e5%89%a5%e7%a6%bb%e8%a1%8c%e4%b8%ba%e7%9a%84%e6%9b%bf%e4%bb%a3%e6%8a%80%e5%b7%a7%e8%ae%ad%e7%bb%83\/\" style=\"color:#00695c;text-decoration:none;border-bottom:1px solid #F5DEB3;font-weight:600;\">Treinamento em t\u00e9cnicas alternativas para reduzir a descama\u00e7\u00e3o da pele.<\/a><\/div><div style=\"font-size:14px;line-height:1.6;color:#333;\">Ao treinar movimentos preparat\u00f3rios das m\u00e3os, substitui\u00e7\u00e3o t\u00e1til estruturada e altern\u00e2ncia de tarefas, reduz-se a velocidade com que a inconsci\u00eancia leva \u00e0 execu\u00e7\u00e3o da a\u00e7\u00e3o.<\/div><\/li><li style=\"margin:0 0 16px 0;list-style:decimal;\"><div style=\"margin-bottom:4px;\"><a href=\"https:\/\/arttao.org\/pt\/%e7%ac%ac844%e8%af%be%ef%bc%9a%e6%8f%90%e5%8d%87%e8%87%aa%e6%88%91%e6%8e%a7%e5%88%b6%e6%84%9f%ef%bc%8c%e5%87%8f%e5%b0%91%e8%a1%8c%e4%b8%ba%e5%86%b2%e5%8a%a8\/\" style=\"color:#00695c;text-decoration:none;border-bottom:1px solid #F5DEB3;font-weight:600;\">Aprimore o autocontrole e reduza o comportamento impulsivo.<\/a><\/div><div style=\"font-size:14px;line-height:1.6;color:#333;\">Por meio de pr\u00e1tica gradual e acumula\u00e7\u00e3o de experi\u00eancias bem-sucedidas, fortale\u00e7a seu senso de controle sobre os impulsos e seu sistema de estabilidade interna.<\/div><\/li><li style=\"margin:0 0 16px 0;list-style:decimal;\"><div style=\"margin-bottom:4px;\"><a href=\"https:\/\/arttao.org\/pt\/%e7%ac%ac845%e8%af%be%ef%bc%9a%e5%ba%94%e5%af%b9%e7%9a%ae%e8%82%a4%e5%89%a5%e7%a6%bb%e7%97%87%e4%b8%ad%e7%9a%84%e8%b4%9f%e9%9d%a2%e6%83%85%e7%bb%aa%e4%b8%8e%e4%ba%ba%e9%99%85%e5%8e%8b%e5%8a%9b\/\" style=\"color:#00695c;text-decoration:none;border-bottom:1px solid #F5DEB3;font-weight:600;\">Lidando com emo\u00e7\u00f5es negativas e estresse interpessoal na s\u00edndrome de descama\u00e7\u00e3o da pele<\/a><\/div><div style=\"font-size:14px;line-height:1.6;color:#333;\">Abordar a vergonha, a ansiedade, o ocultamento e os mal-entendidos com os outros; desenvolver formas saud\u00e1veis de expressar emo\u00e7\u00f5es e estrat\u00e9gias de comunica\u00e7\u00e3o seguras.<\/div><\/li><li style=\"margin:0 0 16px 0;list-style:decimal;\"><div style=\"margin-bottom:4px;\"><a href=\"https:\/\/arttao.org\/pt\/%e7%ac%ac846%e8%af%be%ef%bc%9a%e5%bb%ba%e7%ab%8b%e9%95%bf%e6%9c%9f%e9%98%b2%e5%a4%8d%e5%8f%91%e6%9c%ba%e5%88%b6%e4%b8%8e%e8%ba%ab%e5%bf%83%e5%b9%b3%e8%a1%a1%e8%ae%a1%e5%88%92\/\" style=\"color:#00695c;text-decoration:none;border-bottom:1px solid #F5DEB3;font-weight:600;\">Estabele\u00e7a um mecanismo de preven\u00e7\u00e3o de reca\u00eddas a longo prazo e um plano de equil\u00edbrio mente-corpo.<\/a><\/div><div style=\"font-size:14px;line-height:1.6;color:#333;\">Estabele\u00e7a um sistema est\u00e1vel em quatro \u00e1reas: ritmo circadiano, sono, gest\u00e3o do estresse e cuidados com a pele, para reduzir o risco de efeito rebote durante per\u00edodos de alto estresse.<\/div><\/li><li style=\"margin:0 0 16px 0;list-style:decimal;\"><div style=\"margin-bottom:4px;\"><a href=\"https:\/\/arttao.org\/pt\/%e7%ac%ac847%e8%af%be%ef%bc%9a%e8%af%86%e5%88%ab%e7%9a%ae%e8%82%a4%e5%89%a5%e7%a6%bb%e7%9a%84%e5%89%8d%e5%85%86%e4%bf%a1%e5%8f%b7%e4%b8%8e%e8%a7%a6%e5%8f%91%e6%83%85%e5%a2%83\/\" style=\"color:#00695c;text-decoration:none;border-bottom:1px solid #F5DEB3;font-weight:600;\">Identificar os sinais de alerta e as situa\u00e7\u00f5es que desencadeiam a descama\u00e7\u00e3o da pele.<\/a><\/div><div style=\"font-size:14px;line-height:1.6;color:#333;\">Aprimore ainda mais a sensibilidade a eventos desencadeadores e sinais f\u00edsicos, e pratique a percep\u00e7\u00e3o oportuna e a interven\u00e7\u00e3o precoce.<\/div><\/li><li style=\"margin:0 0 16px 0;list-style:decimal;\"><div style=\"margin-bottom:4px;\"><a href=\"https:\/\/arttao.org\/pt\/%e7%ac%ac848%e8%af%be%ef%bc%9a%e8%ae%b0%e5%bd%95%e4%b8%8e%e8%bf%bd%e8%b8%aa%e7%9a%ae%e8%82%a4%e5%89%a5%e7%a6%bb%e8%a1%8c%e4%b8%ba%e6%a8%a1%e5%bc%8f\/\" style=\"color:#00695c;text-decoration:none;border-bottom:1px solid #F5DEB3;font-weight:600;\">Registro e acompanhamento de padr\u00f5es de comportamento de descama\u00e7\u00e3o da pele<\/a><\/div><div style=\"font-size:14px;line-height:1.6;color:#333;\">Estruturar registros comportamentais, incluindo intensidade, ambiente e distribui\u00e7\u00e3o temporal, para identificar com mais precis\u00e3o os principais pontos de corre\u00e7\u00e3o.<\/div><\/li><li style=\"margin:0 0 16px 0;list-style:decimal;\"><div style=\"margin-bottom:4px;\"><a href=\"https:\/\/arttao.org\/pt\/%e7%ac%ac849%e8%af%be%ef%bc%9a%e6%9b%bf%e4%bb%a3%e6%80%a7%e5%8a%a8%e4%bd%9c%e4%b8%8e%e6%84%9f%e5%ae%98%e5%88%ba%e6%bf%80%e8%b0%83%e8%8a%82%e8%ae%ad%e7%bb%83\/\" style=\"color:#00695c;text-decoration:none;border-bottom:1px solid #F5DEB3;font-weight:600;\">Treinamento alternativo de condicionamento por movimento e estimula\u00e7\u00e3o sensorial<\/a><\/div><div style=\"font-size:14px;line-height:1.6;color:#333;\">Amplie o repert\u00f3rio de a\u00e7\u00f5es alternativas, como est\u00edmulos quentes e frios, press\u00e3o profunda e troca t\u00e1til de objetos, para fortalecer o canal imediato do &quot;impulso \u00e0 substitui\u00e7\u00e3o&quot;.<\/div><\/li><li style=\"margin:0 0 16px 0;list-style:decimal;\"><div style=\"margin-bottom:4px;\"><a href=\"https:\/\/arttao.org\/pt\/%e7%ac%ac850%e8%af%be%ef%bc%9a%e8%ae%a4%e8%af%86%e7%84%a6%e8%99%91%e3%80%81%e7%b4%a7%e5%bc%a0%e4%b8%8e%e7%9a%ae%e8%82%a4%e5%89%a5%e7%a6%bb%e7%9a%84%e5%85%b3%e8%81%94\/\" style=\"color:#00695c;text-decoration:none;border-bottom:1px solid #F5DEB3;font-weight:600;\">Entendendo a liga\u00e7\u00e3o entre ansiedade, tens\u00e3o e descama\u00e7\u00e3o da pele.<\/a><\/div><div style=\"font-size:14px;line-height:1.6;color:#333;\">Compreenda os mecanismos de regula\u00e7\u00e3o da ansiedade por tr\u00e1s do comportamento e aprenda a distinguir entre &quot;libera\u00e7\u00e3o emocional&quot; e &quot;a\u00e7\u00f5es habituais&quot;.<\/div><\/li><li style=\"margin:0 0 16px 0;list-style:decimal;\"><div style=\"margin-bottom:4px;\"><a href=\"https:\/\/arttao.org\/pt\/%e7%ac%ac851%e8%af%be%ef%bc%9a%e5%bb%b6%e8%bf%9f%e5%86%b2%e5%8a%a8%e5%8f%8d%e5%ba%94%e7%9a%84%e4%b8%89%e6%ad%a5%e6%b3%95\/\" style=\"color:#00695c;text-decoration:none;border-bottom:1px solid #F5DEB3;font-weight:600;\">M\u00e9todo de tr\u00eas etapas para retardar a resposta ao impulso<\/a><\/div><div style=\"font-size:14px;line-height:1.6;color:#333;\">Pratique a estrutura de tr\u00eas etapas &quot;pausa-substitui\u00e7\u00e3o-reavalia\u00e7\u00e3o&quot; para criar uma margem de seguran\u00e7a para interven\u00e7\u00f5es quando os impulsos se intensificarem.<\/div><\/li><li style=\"margin:0 0 16px 0;list-style:decimal;\"><div style=\"margin-bottom:4px;\"><a href=\"https:\/\/arttao.org\/pt\/%e7%ac%ac852%e8%af%be%ef%bc%9a%e9%9d%9e%e6%83%a9%e7%bd%9a%e5%bc%8f%e5%a4%8d%e5%8f%91%e5%a4%8d%e7%9b%98%e6%96%b9%e6%b3%95\/\" style=\"color:#00695c;text-decoration:none;border-bottom:1px solid #F5DEB3;font-weight:600;\">M\u00e9todo de revis\u00e3o de reca\u00eddas n\u00e3o punitivo<\/a><\/div><div style=\"font-size:14px;line-height:1.6;color:#333;\">Analise os pontos de reca\u00edda de forma n\u00e3o culpabilizadora para estabelecer um ciclo saud\u00e1vel de &quot;compreens\u00e3o-ajuste-movimento&quot;, em vez de autoataque.<\/div><\/li><li style=\"margin:0 0 16px 0;list-style:decimal;\"><div style=\"margin-bottom:4px;\"><a href=\"https:\/\/arttao.org\/pt\/%e7%ac%ac853%e8%af%be%ef%bc%9a%e6%94%b9%e5%96%84%e7%9d%a1%e7%9c%a0%e4%b8%8e%e4%bd%9c%e6%81%af%ef%bc%8c%e5%87%8f%e8%bd%bb%e5%86%b2%e5%8a%a8%e9%a2%91%e7%8e%87\/\" style=\"color:#00695c;text-decoration:none;border-bottom:1px solid #F5DEB3;font-weight:600;\">Melhore o sono e a rotina di\u00e1ria, reduza a frequ\u00eancia de impulsos.<\/a><\/div><div style=\"font-size:14px;line-height:1.6;color:#333;\">Otimize o sono, a luz, a alimenta\u00e7\u00e3o e os ritmos circadianos para reduzir a vontade de se desconectar devido \u00e0 fadiga e \u00e0 sobrecarga do sistema nervoso.<\/div><\/li><li style=\"margin:0 0 16px 0;list-style:decimal;\"><div style=\"margin-bottom:4px;\"><a href=\"https:\/\/arttao.org\/pt\/%e7%ac%ac854%e8%af%be%ef%bc%9a%e4%bb%8e%e5%ae%8c%e7%be%8e%e4%b8%bb%e4%b9%89%e4%b8%8e%e5%bc%ba%e8%bf%ab%e4%b8%ad%e8%a7%a3%e6%94%be%e8%87%aa%e5%b7%b1\/\" style=\"color:#00695c;text-decoration:none;border-bottom:1px solid #F5DEB3;font-weight:600;\">Liberte-se do perfeccionismo e da compuls\u00e3o.<\/a><\/div><div style=\"font-size:14px;line-height:1.6;color:#333;\">Compreenda o padr\u00e3o obsessivo de que &quot;a pele precisa ser perfeita&quot; e aprenda a relaxar, a ser mais gentil e a ser realista em rela\u00e7\u00e3o \u00e0s suas expectativas.<\/div><\/li><li style=\"margin:0 0 16px 0;list-style:decimal;\"><div style=\"margin-bottom:4px;\"><a href=\"https:\/\/arttao.org\/pt\/%e7%ac%ac855%e8%af%be%ef%bc%9a%e6%8f%90%e5%8d%87%e8%ba%ab%e4%bd%93%e8%a7%89%e5%af%9f%ef%bc%8c%e4%bf%ae%e5%a4%8d%e8%87%aa%e6%88%91%e6%84%9f%e4%b8%8e%e5%ae%89%e5%85%a8%e6%84%9f\/\" style=\"color:#00695c;text-decoration:none;border-bottom:1px solid #F5DEB3;font-weight:600;\">Aprimore a consci\u00eancia corporal e restaure o senso de identidade e seguran\u00e7a.<\/a><\/div><div style=\"font-size:14px;line-height:1.6;color:#333;\">Por meio de exerc\u00edcios de respira\u00e7\u00e3o, tato e escaneamento corporal, a conex\u00e3o e os limites de seguran\u00e7a com o corpo s\u00e3o reconstru\u00eddos.<\/div><\/li><li style=\"margin:0 0 16px 0;list-style:decimal;\"><div style=\"margin-bottom:4px;\"><a href=\"https:\/\/arttao.org\/pt\/%e7%ac%ac856%e8%af%be%ef%bc%9a%e8%87%aa%e6%88%91%e5%8e%9f%e8%b0%85%e4%b8%8e%e7%be%9e%e8%80%bb%e6%84%9f%e7%9a%84%e7%96%97%e6%84%88%e4%b9%a6%e5%86%99%e7%bb%83%e4%b9%a0\/\" style=\"color:#00695c;text-decoration:none;border-bottom:1px solid #F5DEB3;font-weight:600;\">Exerc\u00edcios de escrita terap\u00eautica sobre autoperd\u00e3o e vergonha<\/a><\/div><div style=\"font-size:14px;line-height:1.6;color:#333;\">Ao utilizar a escrita terap\u00eautica para abordar a vergonha, a auto-recrimina\u00e7\u00e3o e as emo\u00e7\u00f5es reprimidas, o foco muda da puni\u00e7\u00e3o para a recupera\u00e7\u00e3o.<\/div><\/li><li style=\"margin:0 0 16px 0;list-style:decimal;\"><div style=\"margin-bottom:4px;\"><a href=\"https:\/\/arttao.org\/pt\/%e7%ac%ac857%e8%af%be%ef%bc%9a%e4%bd%bf%e7%94%a8%e8%89%ba%e6%9c%af%e7%96%97%e6%b3%95%e8%a1%a8%e8%be%be%e7%9a%ae%e8%82%a4%e5%89%a5%e7%a6%bb%e4%bd%93%e9%aa%8c\/\" style=\"color:#00695c;text-decoration:none;border-bottom:1px solid #F5DEB3;font-weight:600;\">Utilizando a arteterapia para expressar a experi\u00eancia da descama\u00e7\u00e3o da pele.<\/a><\/div><div style=\"font-size:14px;line-height:1.6;color:#333;\">Utilizando cores, linhas e texturas para expressar a tens\u00e3o emocional por tr\u00e1s do ato de despir-se, permitindo que a press\u00e3o invis\u00edvel encontre uma sa\u00edda segura.<\/div><\/li><li style=\"margin:0 0 16px 0;list-style:decimal;\"><div style=\"margin-bottom:4px;\"><a href=\"https:\/\/arttao.org\/pt\/%e7%ac%ac858%e8%af%be%ef%bc%9a%e5%bb%ba%e7%ab%8b%e7%a4%be%e4%bc%9a%e6%94%af%e6%8c%81%e7%b3%bb%e7%bb%9f%e4%b8%8e%e6%b2%9f%e9%80%9a%e8%ae%a1%e5%88%92\/\" style=\"color:#00695c;text-decoration:none;border-bottom:1px solid #F5DEB3;font-weight:600;\">Estabelecer sistemas de apoio social e planos de comunica\u00e7\u00e3o.<\/a><\/div><div style=\"font-size:14px;line-height:1.6;color:#333;\">Aprenda a expressar suas necessidades a pessoas de confian\u00e7a, e estabele\u00e7a conex\u00f5es e apoio, um recurso importante para reduzir comportamentos impulsivos.<\/div><\/li><li style=\"margin:0 0 16px 0;list-style:decimal;\"><div style=\"margin-bottom:4px;\"><a href=\"https:\/\/arttao.org\/pt\/%e7%ac%ac859%e8%af%be%ef%bc%9a%e9%95%bf%e6%9c%9f%e7%bb%b4%e6%8c%81%e4%b8%8e%e9%98%b2%e5%a4%8d%e5%8f%91%e7%9a%84%e6%97%a5%e5%b8%b8%e7%ad%96%e7%95%a5\/\" style=\"color:#00695c;text-decoration:none;border-bottom:1px solid #F5DEB3;font-weight:600;\">Estrat\u00e9gias di\u00e1rias para manuten\u00e7\u00e3o a longo prazo e preven\u00e7\u00e3o de reca\u00eddas.<\/a><\/div><div style=\"font-size:14px;line-height:1.6;color:#333;\">Fortalecer os mecanismos de substitui\u00e7\u00e3o comportamental, ritmo, cuidado e registro para tornar a estabilidade uma estrutura de vida sustent\u00e1vel.<\/div><\/li><li style=\"margin:0 0 16px 0;list-style:decimal;\"><div style=\"margin-bottom:4px;\"><a href=\"https:\/\/arttao.org\/pt\/%e7%ac%ac860%e8%af%be%ef%bc%9a%e6%95%b4%e5%90%88%e4%b8%8e%e6%80%bb%e7%bb%93%ef%bc%9a%e4%bb%8e%e6%8e%a7%e5%88%b6%e5%88%b0%e6%8e%a5%e7%ba%b3%e7%9a%84%e8%ba%ab%e5%bf%83%e9%87%8d%e5%bb%ba\/\" style=\"color:#00695c;text-decoration:none;border-bottom:1px solid #F5DEB3;font-weight:600;\">Integra\u00e7\u00e3o e Resumo: Do Controle \u00e0 Aceita\u00e7\u00e3o - Uma Reconstru\u00e7\u00e3o Hol\u00edstica da Mente e do Corpo<\/a><\/div><div style=\"font-size:14px;line-height:1.6;color:#333;\">Ao analisar toda a terapia, percebe-se que &quot;reduzir a impulsividade&quot; e &quot;aumentar a autoaceita\u00e7\u00e3o&quot; foram combinadas em uma estrutura mente-corpo est\u00e1vel e de longo prazo.<\/div><\/li><li style=\"margin:0 0 16px 0;list-style:decimal;\"><div style=\"margin-bottom:4px;\"><a href=\"https:\/\/arttao.org\/pt\/?page_id=27865&#038;preview=true\" style=\"color:#00695c;text-decoration:none;border-bottom:1px solid #F5DEB3;font-weight:600;\">Mandala tradicional colorida (Curso complementar)<\/a><\/div><div style=\"font-size:14px;line-height:1.6;color:#333;\">Os cursos tradicionais de mandala colorida focam no impacto psicol\u00f3gico da cor e na autoexpress\u00e3o.<\/div><\/li><li style=\"margin:0 0 16px 0;list-style:decimal;\"><div style=\"margin-bottom:4px;\"><a href=\"https:\/\/arttao.org\/pt\/?page_id=27866&#038;preview=true\" style=\"color:#00695c;text-decoration:none;border-bottom:1px solid #F5DEB3;font-weight:600;\">Li\u00e7\u00e3o 23: S\u00edndrome de Descama\u00e7\u00e3o da Pele (Li\u00e7\u00f5es 811-840) Avalia\u00e7\u00e3o do Curso<\/a><\/div><div style=\"font-size:14px;line-height:1.6;color:#333;\">Por favor, preencha a avalia\u00e7\u00e3o do curso para analisar o que voc\u00ea aprendeu e oferecer sugest\u00f5es. Isso ajudar\u00e1 voc\u00ea a aprofundar seu conhecimento e tamb\u00e9m nos ajudar\u00e1 a melhorar o curso.<\/div><\/li><\/ol><div style=\"margin-top:24px;font-size:13px;color:#666;line-height:1.5;background:#fff8dc;border:1px solid #F5DEB3;border-radius:8px;padding:12px 12px;\">Nota: Este conte\u00fado destina-se apenas \u00e0 auto-compreens\u00e3o e pr\u00e1tica, e n\u00e3o substitui o diagn\u00f3stico m\u00e9dico profissional. Se voc\u00ea apresentar infec\u00e7\u00f5es de pele, automutila\u00e7\u00e3o ou ansiedade grave, entre em contato imediatamente com um profissional ou servi\u00e7o de atendimento a crises.<\/div><\/div>","protected":false},"excerpt":{"rendered":"","protected":false},"author":1,"featured_media":0,"parent":0,"menu_order":0,"comment_status":"closed","ping_status":"closed","template":"","meta":{"nf_dc_page":"","om_disable_all_campaigns":false,"footnotes":""},"class_list":["post-12303","page","type-page","status-publish","hentry"],"_links":{"self":[{"href":"https:\/\/arttao.org\/pt\/wp-json\/wp\/v2\/pages\/12303","targetHints":{"allow":["GET"]}}],"collection":[{"href":"https:\/\/arttao.org\/pt\/wp-json\/wp\/v2\/pages"}],"about":[{"href":"https:\/\/arttao.org\/pt\/wp-json\/wp\/v2\/types\/page"}],"author":[{"embeddable":true,"href":"https:\/\/arttao.org\/pt\/wp-json\/wp\/v2\/users\/1"}],"replies":[{"embeddable":true,"href":"https:\/\/arttao.org\/pt\/wp-json\/wp\/v2\/comments?post=12303"}],"version-history":[{"count":3,"href":"https:\/\/arttao.org\/pt\/wp-json\/wp\/v2\/pages\/12303\/revisions"}],"predecessor-version":[{"id":29081,"href":"https:\/\/arttao.org\/pt\/wp-json\/wp\/v2\/pages\/12303\/revisions\/29081"}],"wp:attachment":[{"href":"https:\/\/arttao.org\/pt\/wp-json\/wp\/v2\/media?parent=12303"}],"curies":[{"name":"wp","href":"https:\/\/api.w.org\/{rel}","templated":true}]}}