{"id":12504,"date":"2025-11-10T00:11:15","date_gmt":"2025-11-10T00:11:15","guid":{"rendered":"https:\/\/arttao.org\/?page_id=12504"},"modified":"2026-07-10T05:18:00","modified_gmt":"2026-07-10T05:18:00","slug":"%e7%ac%ac%e4%b8%89%e5%8d%81%e4%ba%8c%e8%af%be%ef%bc%9a%e5%8f%8c%e7%9b%b8i%e5%9e%8b%e9%9a%9c%e7%a2%8d%ef%bc%88%e7%ac%ac1121%ef%bd%9e1160%e8%af%be%ef%bc%89","status":"publish","type":"page","link":"https:\/\/arttao.org\/pt\/%e7%ac%ac%e4%b8%89%e5%8d%81%e4%ba%8c%e8%af%be%ef%bc%9a%e5%8f%8c%e7%9b%b8i%e5%9e%8b%e9%9a%9c%e7%a2%8d%ef%bc%88%e7%ac%ac1121%ef%bd%9e1160%e8%af%be%ef%bc%89\/","title":{"rendered":"\u7b2c\u4e09\u5341\u4e8c\u5355\u5143\uff1a\u53cc\u76f8I\u578b\u969c\u788d\uff08\u7b2c1141\uff5e1180\u8bfe\uff09"},"content":{"rendered":"<div class=\"healing-outline-wrap\" style=\"max-width:800px;margin:24px auto;font-family:-apple-system,BlinkMacSystemFont,'Segoe UI',Roboto,Helvetica,Arial,sans-serif;line-height:1.6;color:#111;font-size:15px;\"><h2 style=\"font-size:20px;color:#00695c;margin:0 0 16px;font-weight:600;border-left:4px solid #F5DEB3;padding-left:8px;\">\u7b2c\u4e09\u5341\u4e8c\u5355\u5143\uff1a\u53cc\u76f8I\u578b\u969c\u788d \u2013 \u8e81\u72c2\u4e0e\u6291\u90c1\u4ea4\u66ff\uff08\u7b2c1141\uff5e1180\u8bfe\uff09 \u00b7 \u8bfe\u7a0b\u76ee\u5f55<\/h2><div style=\"margin:0 0 16px;\"><div style=\"font-size:15px;color:#00695c;font-weight:600;margin-bottom:4px;\">Caracter\u00edsticas dos sintomas:<\/div><div style=\"font-size:15px;line-height:1.7;color:#333;\">O transtorno bipolar tipo I \u00e9 caracterizado pela altern\u00e2ncia entre fases man\u00edacas e depressivas, frequentemente acompanhadas por dist\u00farbios do ritmo do sono, impulsividade e altera\u00e7\u00f5es de julgamento, que podem afetar o aprendizado, o trabalho e os relacionamentos.<\/div><\/div><div style=\"margin:0 0 24px;\"><div style=\"font-size:15px;color:#00695c;font-weight:600;margin-bottom:4px;\">Objetivos do curso:<\/div><div style=\"font-size:15px;line-height:1.7;color:#333;\">Partindo do princ\u00edpio da seguran\u00e7a, ser\u00e1 estabelecido um caminho sustent\u00e1vel e de longo prazo para prevenir reca\u00eddas e restaurar a fun\u00e7\u00e3o, tendo como eixo principal a &quot;estabiliza\u00e7\u00e3o da medica\u00e7\u00e3o, o controle do ritmo card\u00edaco, a psicoeduca\u00e7\u00e3o, a regula\u00e7\u00e3o cognitiva e emocional e o apoio familiar e social&quot;.<\/div><\/div><ol style=\"margin:0;padding-left:20px;font-size:15px;color:#111;\"><li style=\"margin:0 0 16px 0;list-style:decimal;\"><div style=\"margin-bottom:4px;\"><a href=\"https:\/\/arttao.org\/pt\/?page_id=25842\" style=\"color:#00695c;text-decoration:none;border-bottom:1px solid #F5DEB3;font-weight:600;\">Vis\u00e3o geral do transtorno bipolar tipo I<\/a><\/div><div style=\"font-size:14px;line-height:1.6;color:#333;\">Analisar as principais caracter\u00edsticas da altern\u00e2ncia man\u00edaco-depressiva e seu impacto no funcionamento.<\/div><\/li><li style=\"margin:0 0 16px 0;list-style:decimal;\"><div style=\"margin-bottom:4px;\"><a href=\"https:\/\/arttao.org\/pt\/?page_id=25843\" style=\"color:#00695c;text-decoration:none;border-bottom:1px solid #F5DEB3;font-weight:600;\">Caracter\u00edsticas da fase man\u00edaca<\/a><\/div><div style=\"font-size:14px;line-height:1.6;color:#333;\">Ele consegue identificar sinais como alta energia, fala acelerada, redu\u00e7\u00e3o do sono e comportamento de risco.<\/div><\/li><li style=\"margin:0 0 16px 0;list-style:decimal;\"><div style=\"margin-bottom:4px;\"><a href=\"https:\/\/arttao.org\/pt\/?page_id=25844\" style=\"color:#00695c;text-decoration:none;border-bottom:1px solid #F5DEB3;font-weight:600;\">Caracter\u00edsticas da fase depressiva<\/a><\/div><div style=\"font-size:14px;line-height:1.6;color:#333;\">Compreenda as manifesta\u00e7\u00f5es t\u00edpicas de baixo astral, perda de interesse e sentimentos de impot\u00eancia e culpa.<\/div><\/li><li style=\"margin:0 0 16px 0;list-style:decimal;\"><div style=\"margin-bottom:4px;\"><a href=\"https:\/\/arttao.org\/pt\/?page_id=25845\" style=\"color:#00695c;text-decoration:none;border-bottom:1px solid #F5DEB3;font-weight:600;\">Causas e fatores de risco<\/a><\/div><div style=\"font-size:14px;line-height:1.6;color:#333;\">A intera\u00e7\u00e3o entre suscetibilidade gen\u00e9tica, neurobiologia, ritmos circadianos e estresse.<\/div><\/li><li style=\"margin:0 0 16px 0;list-style:decimal;\"><div style=\"margin-bottom:4px;\"><a href=\"https:\/\/arttao.org\/pt\/?page_id=25846\" style=\"color:#00695c;text-decoration:none;border-bottom:1px solid #F5DEB3;font-weight:600;\">Pontos de diagn\u00f3stico e avalia\u00e7\u00e3o<\/a><\/div><div style=\"font-size:14px;line-height:1.6;color:#333;\">Utilizando epis\u00f3dios man\u00edacos como pista fundamental, em conjunto com escalas, evolu\u00e7\u00e3o da doen\u00e7a e hist\u00f3rico familiar.<\/div><\/li><li style=\"margin:0 0 16px 0;list-style:decimal;\"><div style=\"margin-bottom:4px;\"><a href=\"https:\/\/arttao.org\/pt\/?page_id=25847\" style=\"color:#00695c;text-decoration:none;border-bottom:1px solid #F5DEB3;font-weight:600;\">Vias de tratamento e gest\u00e3o a longo prazo<\/a><\/div><div style=\"font-size:14px;line-height:1.6;color:#333;\">Com base em estabilizadores de humor, combinados com psicoterapia e controle do ritmo circadiano.<\/div><\/li><li style=\"margin:0 0 16px 0;list-style:decimal;\"><div style=\"margin-bottom:4px;\"><a href=\"https:\/\/arttao.org\/pt\/?page_id=25848\" style=\"color:#00695c;text-decoration:none;border-bottom:1px solid #F5DEB3;font-weight:600;\">Alerta precoce e automonitoramento da mania<\/a><\/div><div style=\"font-size:14px;line-height:1.6;color:#333;\">Estabele\u00e7a um acompanhamento di\u00e1rio de tr\u00eas indicadores: energia, velocidade da fala e sono.<\/div><\/li><li style=\"margin:0 0 16px 0;list-style:decimal;\"><div style=\"margin-bottom:4px;\"><a href=\"https:\/\/arttao.org\/pt\/?page_id=25849\" style=\"color:#00695c;text-decoration:none;border-bottom:1px solid #F5DEB3;font-weight:600;\">Identifica\u00e7\u00e3o e classifica\u00e7\u00e3o de epis\u00f3dios depressivos<\/a><\/div><div style=\"font-size:14px;line-height:1.6;color:#333;\">Identificar comprometimentos cognitivos e funcionais negativos, de leves a graves, e intervir o mais cedo poss\u00edvel.<\/div><\/li><li style=\"margin:0 0 16px 0;list-style:decimal;\"><div style=\"margin-bottom:4px;\"><a href=\"https:\/\/arttao.org\/pt\/?page_id=25850\" style=\"color:#00695c;text-decoration:none;border-bottom:1px solid #F5DEB3;font-weight:600;\">Ciclos emocionais e fatores desencadeadores<\/a><\/div><div style=\"font-size:14px;line-height:1.6;color:#333;\">Crie um mapa pessoal de gatilhos: sono, estresse, subst\u00e2ncias e ritmos.<\/div><\/li><li style=\"margin:0 0 16px 0;list-style:decimal;\"><div style=\"margin-bottom:4px;\"><a href=\"https:\/\/arttao.org\/pt\/?page_id=25851\" style=\"color:#00695c;text-decoration:none;border-bottom:1px solid #F5DEB3;font-weight:600;\">Julgamento prejudicado e gest\u00e3o impulsiva de riscos.<\/a><\/div><div style=\"font-size:14px;line-height:1.6;color:#333;\">Estabele\u00e7a limites seguros para consumo, dire\u00e7\u00e3o, socializa\u00e7\u00e3o e tomada de decis\u00f5es.<\/div><\/li><li style=\"margin:0 0 16px 0;list-style:decimal;\"><div style=\"margin-bottom:4px;\"><a href=\"https:\/\/arttao.org\/pt\/?page_id=25852\" style=\"color:#00695c;text-decoration:none;border-bottom:1px solid #F5DEB3;font-weight:600;\">Colabora\u00e7\u00e3o familiar durante a fase man\u00edaca e comportamentos de alto risco<\/a><\/div><div style=\"font-size:14px;line-height:1.6;color:#333;\">Combine uma &quot;palavra de seguran\u00e7a&quot; com familiares e amigos e acione o servi\u00e7o m\u00e9dico, se necess\u00e1rio.<\/div><\/li><li style=\"margin:0 0 16px 0;list-style:decimal;\"><div style=\"margin-bottom:4px;\"><a href=\"https:\/\/arttao.org\/pt\/?page_id=25853\" style=\"color:#00695c;text-decoration:none;border-bottom:1px solid #F5DEB3;font-weight:600;\">Reconhecimento de crises e apoio durante a depress\u00e3o.<\/a><\/div><div style=\"font-size:14px;line-height:1.6;color:#333;\">Preste aten\u00e7\u00e3o aos riscos de desespero e automutila\u00e7\u00e3o e prepare uma lista acess\u00edvel de crises.<\/div><\/li><li style=\"margin:0 0 16px 0;list-style:decimal;\"><div style=\"margin-bottom:4px;\"><a href=\"https:\/\/arttao.org\/pt\/?page_id=25854\" style=\"color:#00695c;text-decoration:none;border-bottom:1px solid #F5DEB3;font-weight:600;\">Ritmo do sono e estabilidade do humor<\/a><\/div><div style=\"font-size:14px;line-height:1.6;color:#333;\">Mantenha um ciclo regular de sono-vig\u00edlia, controle a exposi\u00e7\u00e3o \u00e0 luz e a ingest\u00e3o de cafe\u00edna e estabilize seu ritmo circadiano.<\/div><\/li><li style=\"margin:0 0 16px 0;list-style:decimal;\"><div style=\"margin-bottom:4px;\"><a href=\"https:\/\/arttao.org\/pt\/?page_id=25855\" style=\"color:#00695c;text-decoration:none;border-bottom:1px solid #F5DEB3;font-weight:600;\">Terapia medicamentosa e estrat\u00e9gias de ades\u00e3o<\/a><\/div><div style=\"font-size:14px;line-height:1.6;color:#333;\">Compreenda os efeitos e as rea\u00e7\u00f5es adversas e busque ajuda atrav\u00e9s de lembretes e apoio familiar.<\/div><\/li><li style=\"margin:0 0 16px 0;list-style:decimal;\"><div style=\"margin-bottom:4px;\"><a href=\"https:\/\/arttao.org\/pt\/?page_id=25856\" style=\"color:#00695c;text-decoration:none;border-bottom:1px solid #F5DEB3;font-weight:600;\">Utiliza\u00e7\u00e3o de registros e escalas de monitoramento do humor<\/a><\/div><div style=\"font-size:14px;line-height:1.6;color:#333;\">Registre a intensidade do seu humor di\u00e1rio, a dura\u00e7\u00e3o do seu sono e os eventos significativos.<\/div><\/li><li style=\"margin:0 0 16px 0;list-style:decimal;\"><div style=\"margin-bottom:4px;\"><a href=\"https:\/\/arttao.org\/pt\/?page_id=25857\" style=\"color:#00695c;text-decoration:none;border-bottom:1px solid #F5DEB3;font-weight:600;\">Transi\u00e7\u00e3o da mania para a depress\u00e3o<\/a><\/div><div style=\"font-size:14px;line-height:1.6;color:#333;\">Isso ajuda a diminuir gradualmente a intensidade das emo\u00e7\u00f5es e evita uma queda direta em depress\u00e3o grave.<\/div><\/li><li style=\"margin:0 0 16px 0;list-style:decimal;\"><div style=\"margin-bottom:4px;\"><a href=\"https:\/\/arttao.org\/pt\/?page_id=25858\" style=\"color:#00695c;text-decoration:none;border-bottom:1px solid #F5DEB3;font-weight:600;\">Objetivos personalizados de tratamento e reabilita\u00e7\u00e3o<\/a><\/div><div style=\"font-size:14px;line-height:1.6;color:#333;\">O processo ser\u00e1 desenvolvido em etapas, com foco em tr\u00eas n\u00edveis: seguran\u00e7a, funcionalidade e relev\u00e2ncia.<\/div><\/li><li style=\"margin:0 0 16px 0;list-style:decimal;\"><div style=\"margin-bottom:4px;\"><a href=\"https:\/\/arttao.org\/pt\/?page_id=25859\" style=\"color:#00695c;text-decoration:none;border-bottom:1px solid #F5DEB3;font-weight:600;\">Roteiro para Educa\u00e7\u00e3o e Comunica\u00e7\u00e3o Familiar<\/a><\/div><div style=\"font-size:14px;line-height:1.6;color:#333;\">Discuta os sintomas e os planos usando uma linguagem que n\u00e3o acuse os outros, a fim de reduzir o conflito.<\/div><\/li><li style=\"margin:0 0 16px 0;list-style:decimal;\"><div style=\"margin-bottom:4px;\"><a href=\"https:\/\/arttao.org\/pt\/?page_id=25860\" style=\"color:#00695c;text-decoration:none;border-bottom:1px solid #F5DEB3;font-weight:600;\">Exerc\u00edcios de estabiliza\u00e7\u00e3o emocional<\/a><\/div><div style=\"font-size:14px;line-height:1.6;color:#333;\">A respira\u00e7\u00e3o, o relaxamento muscular e o aterramento reduzem a ativa\u00e7\u00e3o fisiol\u00f3gica.<\/div><\/li><li style=\"margin:0 0 16px 0;list-style:decimal;\"><div style=\"margin-bottom:4px;\"><a href=\"https:\/\/arttao.org\/pt\/?page_id=25861\" style=\"color:#00695c;text-decoration:none;border-bottom:1px solid #F5DEB3;font-weight:600;\">Identifica\u00e7\u00e3o e corre\u00e7\u00e3o de vieses cognitivos<\/a><\/div><div style=\"font-size:14px;line-height:1.6;color:#333;\">Corrigir mentalidades comuns como &quot;tudo bom ou tudo ruim\/leitura da mente\/catastrofiza\u00e7\u00e3o&quot;.<\/div><\/li><li style=\"margin:0 0 16px 0;list-style:decimal;\"><div style=\"margin-bottom:4px;\"><a href=\"https:\/\/arttao.org\/pt\/?page_id=25862\" style=\"color:#00695c;text-decoration:none;border-bottom:1px solid #F5DEB3;font-weight:600;\">Educa\u00e7\u00e3o psicol\u00f3gica: Vivendo com o curso da doen\u00e7a a longo prazo<\/a><\/div><div style=\"font-size:14px;line-height:1.6;color:#333;\">Compreenda as vari\u00e1veis lentas e r\u00e1pidas e mantenha expectativas realistas e desej\u00e1veis.<\/div><\/li><li style=\"margin:0 0 16px 0;list-style:decimal;\"><div style=\"margin-bottom:4px;\"><a href=\"https:\/\/arttao.org\/pt\/?page_id=25863\" style=\"color:#00695c;text-decoration:none;border-bottom:1px solid #F5DEB3;font-weight:600;\">Estrutura\u00e7\u00e3o da vida e ancoragem temporal<\/a><\/div><div style=\"font-size:14px;line-height:1.6;color:#333;\">Um &quot;conjunto r\u00edtmico de quatro elementos&quot; composto por rotinas di\u00e1rias fixas, refei\u00e7\u00f5es, exerc\u00edcios e intera\u00e7\u00f5es sociais.<\/div><\/li><li style=\"margin:0 0 16px 0;list-style:decimal;\"><div style=\"margin-bottom:4px;\"><a href=\"https:\/\/arttao.org\/pt\/?page_id=25864\" style=\"color:#00695c;text-decoration:none;border-bottom:1px solid #F5DEB3;font-weight:600;\">Planejamento pr\u00e9vio de gatilhos emocionais<\/a><\/div><div style=\"font-size:14px;line-height:1.6;color:#333;\">Prepare roteiros de resposta para cen\u00e1rios como alta tens\u00e3o, fusos hor\u00e1rios diferentes e feriados.<\/div><\/li><li style=\"margin:0 0 16px 0;list-style:decimal;\"><div style=\"margin-bottom:4px;\"><a href=\"https:\/\/arttao.org\/pt\/?page_id=25865\" style=\"color:#00695c;text-decoration:none;border-bottom:1px solid #F5DEB3;font-weight:600;\">O tri\u00e2ngulo do estresse, das emo\u00e7\u00f5es e do sono<\/a><\/div><div style=\"font-size:14px;line-height:1.6;color:#333;\">Quebre o ciclo vicioso atrav\u00e9s do gerenciamento da carga e do treinamento de relaxamento.<\/div><\/li><li style=\"margin:0 0 16px 0;list-style:decimal;\"><div style=\"margin-bottom:4px;\"><a href=\"https:\/\/arttao.org\/pt\/?page_id=25866\" style=\"color:#00695c;text-decoration:none;border-bottom:1px solid #F5DEB3;font-weight:600;\">Pontos-chave para colaborar com m\u00e9dicos e buscar tratamento m\u00e9dico<\/a><\/div><div style=\"font-size:14px;line-height:1.6;color:#333;\">Leve um di\u00e1rio emocional e uma lista de perguntas para melhorar a efici\u00eancia da consulta.<\/div><\/li><li style=\"margin:0 0 16px 0;list-style:decimal;\"><div style=\"margin-bottom:4px;\"><a href=\"https:\/\/arttao.org\/pt\/?page_id=25867\" style=\"color:#00695c;text-decoration:none;border-bottom:1px solid #F5DEB3;font-weight:600;\">Evite comportamentos e subst\u00e2ncias man\u00edacas.<\/a><\/div><div style=\"font-size:14px;line-height:1.6;color:#333;\">Tenha cuidado com a priva\u00e7\u00e3o de sono, estimulantes, \u00e1lcool e comportamentos excessivamente focados em objetivos.<\/div><\/li><li style=\"margin:0 0 16px 0;list-style:decimal;\"><div style=\"margin-bottom:4px;\"><a href=\"https:\/\/arttao.org\/pt\/?page_id=25868\" style=\"color:#00695c;text-decoration:none;border-bottom:1px solid #F5DEB3;font-weight:600;\">Autossuporte e gest\u00e3o de energia durante a depress\u00e3o<\/a><\/div><div style=\"font-size:14px;line-height:1.6;color:#333;\">Micromovimentos, exerc\u00edcios de baixa intensidade e a capacidade de concluir tarefas restauram a sensa\u00e7\u00e3o de realiza\u00e7\u00e3o.<\/div><\/li><li style=\"margin:0 0 16px 0;list-style:decimal;\"><div style=\"margin-bottom:4px;\"><a href=\"https:\/\/arttao.org\/pt\/?page_id=25869\" style=\"color:#00695c;text-decoration:none;border-bottom:1px solid #F5DEB3;font-weight:600;\">A rela\u00e7\u00e3o entre transtorno bipolar, dieta e exerc\u00edcios f\u00edsicos.<\/a><\/div><div style=\"font-size:14px;line-height:1.6;color:#333;\">Os benef\u00edcios combinados de n\u00edveis est\u00e1veis de a\u00e7\u00facar no sangue, exerc\u00edcios regulares e exposi\u00e7\u00e3o ao sol.<\/div><\/li><li style=\"margin:0 0 16px 0;list-style:decimal;\"><div style=\"margin-bottom:4px;\"><a href=\"https:\/\/arttao.org\/pt\/?page_id=25870\" style=\"color:#00695c;text-decoration:none;border-bottom:1px solid #F5DEB3;font-weight:600;\">Constru\u00e7\u00e3o de rede social e sistema de suporte<\/a><\/div><div style=\"font-size:14px;line-height:1.6;color:#333;\">Diferencie entre relacionamentos energ\u00e9ticos e est\u00e1veis e defina claramente uma lista de pedidos de ajuda.<\/div><\/li><li style=\"margin:0 0 16px 0;list-style:decimal;\"><div style=\"margin-bottom:4px;\"><a href=\"https:\/\/arttao.org\/pt\/?page_id=25871\" style=\"color:#00695c;text-decoration:none;border-bottom:1px solid #F5DEB3;font-weight:600;\">Organiza\u00e7\u00e3o r\u00edtmica do trabalho e do estudo<\/a><\/div><div style=\"font-size:14px;line-height:1.6;color:#333;\">Divida as metas em partes menores e estabele\u00e7a limites para evitar sobrecarga emocional.<\/div><\/li><li style=\"margin:0 0 16px 0;list-style:decimal;\"><div style=\"margin-bottom:4px;\"><a href=\"https:\/\/arttao.org\/pt\/?page_id=25872\" style=\"color:#00695c;text-decoration:none;border-bottom:1px solid #F5DEB3;font-weight:600;\">Enfrentando flutua\u00e7\u00f5es repetidas e sentimentos de frustra\u00e7\u00e3o<\/a><\/div><div style=\"font-size:14px;line-height:1.6;color:#333;\">Substitua as avalia\u00e7\u00f5es do tipo &quot;tudo ou nada&quot; por resultados e revis\u00f5es faseadas.<\/div><\/li><li style=\"margin:0 0 16px 0;list-style:decimal;\"><div style=\"margin-bottom:4px;\"><a href=\"https:\/\/arttao.org\/pt\/?page_id=25873\" style=\"color:#00695c;text-decoration:none;border-bottom:1px solid #F5DEB3;font-weight:600;\">Estabilidade e previsibilidade no planejamento di\u00e1rio<\/a><\/div><div style=\"font-size:14px;line-height:1.6;color:#333;\">Estabilize o ritmo da sua mente e do seu corpo com pontos de ancoragem e rotinas fixas.<\/div><\/li><li style=\"margin:0 0 16px 0;list-style:decimal;\"><div style=\"margin-bottom:4px;\"><a href=\"https:\/\/arttao.org\/pt\/?page_id=25874\" style=\"color:#00695c;text-decoration:none;border-bottom:1px solid #F5DEB3;font-weight:600;\">Reconstruindo a identidade e a autoestima<\/a><\/div><div style=\"font-size:14px;line-height:1.6;color:#333;\">Desvincule a autoestima do curso da doen\u00e7a e reconecte-se com seus pontos fortes e interesses.<\/div><\/li><li style=\"margin:0 0 16px 0;list-style:decimal;\"><div style=\"margin-bottom:4px;\"><a href=\"https:\/\/arttao.org\/pt\/?page_id=25875\" style=\"color:#00695c;text-decoration:none;border-bottom:1px solid #F5DEB3;font-weight:600;\">Uso de subst\u00e2ncias e risco de comorbidade<\/a><\/div><div style=\"font-size:14px;line-height:1.6;color:#333;\">Identifique m\u00e9todos alternativos de automedica\u00e7\u00e3o e procure apoio profissional seguro.<\/div><\/li><li style=\"margin:0 0 16px 0;list-style:decimal;\"><div style=\"margin-bottom:4px;\"><a href=\"https:\/\/arttao.org\/pt\/?page_id=25876\" style=\"color:#00695c;text-decoration:none;border-bottom:1px solid #F5DEB3;font-weight:600;\">Aten\u00e7\u00e3o plena e consci\u00eancia do momento presente<\/a><\/div><div style=\"font-size:14px;line-height:1.6;color:#333;\">Reduza a amplitude e a reatividade emocional utilizando a aten\u00e7\u00e3o n\u00e3o julgadora.<\/div><\/li><li style=\"margin:0 0 16px 0;list-style:decimal;\"><div style=\"margin-bottom:4px;\"><a href=\"https:\/\/arttao.org\/pt\/?page_id=25877\" style=\"color:#00695c;text-decoration:none;border-bottom:1px solid #F5DEB3;font-weight:600;\">Vis\u00e3o geral dos sinais de alerta de reca\u00edda<\/a><\/div><div style=\"font-size:14px;line-height:1.6;color:#333;\">Liste os primeiros sinais de personaliza\u00e7\u00e3o e suas respectivas &quot;a\u00e7\u00f5es de primeira resposta&quot;.<\/div><\/li><li style=\"margin:0 0 16px 0;list-style:decimal;\"><div style=\"margin-bottom:4px;\"><a href=\"https:\/\/arttao.org\/pt\/?page_id=25878\" style=\"color:#00695c;text-decoration:none;border-bottom:1px solid #F5DEB3;font-weight:600;\">Estrat\u00e9gia de preven\u00e7\u00e3o de reca\u00eddas a longo prazo<\/a><\/div><div style=\"font-size:14px;line-height:1.6;color:#333;\">Ades\u00e3o \u00e0 medica\u00e7\u00e3o, manuten\u00e7\u00e3o do ritmo card\u00edaco, reuni\u00f5es de avalia\u00e7\u00e3o p\u00f3s-medica\u00e7\u00e3o e grupos de apoio.<\/div><\/li><li style=\"margin:0 0 16px 0;list-style:decimal;\"><div style=\"margin-bottom:4px;\"><a href=\"https:\/\/arttao.org\/pt\/?page_id=25879\" style=\"color:#00695c;text-decoration:none;border-bottom:1px solid #F5DEB3;font-weight:600;\">Cuidados de longa dura\u00e7\u00e3o e sinergia de fun\u00e7\u00f5es<\/a><\/div><div style=\"font-size:14px;line-height:1.6;color:#333;\">O &quot;apoio de quatro vias&quot; consiste no apoio do pr\u00f3prio indiv\u00edduo, de membros da fam\u00edlia, de m\u00e9dicos e de colegas.<\/div><\/li><li style=\"margin:0 0 16px 0;list-style:decimal;\"><div style=\"margin-bottom:4px;\"><a href=\"https:\/\/arttao.org\/pt\/?page_id=25880\" style=\"color:#00695c;text-decoration:none;border-bottom:1px solid #F5DEB3;font-weight:600;\">Reconstru\u00e7\u00e3o do sentido da vida e da motiva\u00e7\u00e3o para a recupera\u00e7\u00e3o.<\/a><\/div><div style=\"font-size:14px;line-height:1.6;color:#333;\">Defina metas alcan\u00e7\u00e1veis com foco em valores e acumule progressos pequenos, por\u00e9m consistentes.<\/div><\/li><li style=\"margin:0 0 16px 0;list-style:decimal;\"><div style=\"margin-bottom:4px;\"><a href=\"https:\/\/arttao.org\/pt\/?page_id=25881\" style=\"color:#00695c;text-decoration:none;border-bottom:1px solid #F5DEB3;font-weight:600;\">Integra\u00e7\u00e3o e resumo: rumo \u00e0 estabilidade a longo prazo<\/a><\/div><div style=\"font-size:14px;line-height:1.6;color:#333;\">Analise o conjunto de ferramentas e as diretrizes para desenvolver um plano de manuten\u00e7\u00e3o anual vi\u00e1vel.<\/div><\/li><li style=\"margin:0 0 16px 0;list-style:decimal;\"><div style=\"margin-bottom:4px;\"><a href=\"https:\/\/arttao.org\/pt\/%e7%ac%ac%e4%b8%89%e5%8d%81%e4%ba%8c%e8%af%be%ef%bc%9a%e5%8f%8c%e7%9b%b8i%e5%9e%8b%e9%9a%9c%e7%a2%8d-%e8%ba%81%e7%8b%82%e4%b8%8e%e6%8a%91%e9%83%81%e4%ba%a4%e6%9b%bf-%c2%b7-%e4%bc%a0%e7%bb%9f\/\" style=\"color:#00695c;text-decoration:none;border-bottom:1px solid #F5DEB3;font-weight:600;\">Curso de Mandala Tradicional (Curso Complementar)<\/a><\/div><div style=\"font-size:14px;line-height:1.6;color:#333;\">Inscreva-se em um curso complementar de mandala tradicional para dar continuidade \u00e0 pr\u00e1tica integrada de simbolismo, imagens e bem-estar mental e f\u00edsico.<\/div><\/li><li style=\"margin:0 0 16px 0;list-style:decimal;\"><div style=\"margin-bottom:4px;\"><a href=\"https:\/\/arttao.org\/pt\/%e7%ac%ac%e4%b8%89%e5%8d%81%e4%ba%8c%e8%af%be%ef%bc%9a%e5%8f%8c%e7%9b%b8i%e5%9e%8b%e9%9a%9c%e7%a2%8d-%e8%ba%81%e7%8b%82%e4%b8%8e%e6%8a%91%e9%83%81%e4%ba%a4%e6%9b%bf-%c2%b7-%e8%af%be%e7%a8%8b\/\" style=\"color:#00695c;text-decoration:none;border-bottom:1px solid #F5DEB3;font-weight:600;\">Avalia\u00e7\u00e3o do curso<\/a><\/div><div style=\"font-size:14px;line-height:1.6;color:#333;\">Conclua a avalia\u00e7\u00e3o do curso, revisando o que voc\u00ea aprendeu, as mudan\u00e7as na pr\u00e1tica e as \u00e1reas onde \u00e9 necess\u00e1rio mais apoio.<\/div><\/li><\/ol><div style=\"margin-top:24px;font-size:13px;color:#666;line-height:1.5;background:#fff8dc;border:1px solid #F5DEB3;border-radius:8px;padding:12px 12px;\">Nota: Este conte\u00fado destina-se apenas a fins de autoconhecimento e treinamento e n\u00e3o substitui o diagn\u00f3stico m\u00e9dico profissional e o tratamento de emerg\u00eancia. Se voc\u00ea apresentar altera\u00e7\u00f5es de humor persistentes e crescentes, sentimentos de desesperan\u00e7a ou pensamentos suicidas ou de automutila\u00e7\u00e3o, entre em contato imediatamente com profissionais e servi\u00e7os de crise.<\/div><\/div>","protected":false},"excerpt":{"rendered":"","protected":false},"author":1,"featured_media":0,"parent":0,"menu_order":0,"comment_status":"closed","ping_status":"closed","template":"","meta":{"nf_dc_page":"","om_disable_all_campaigns":false,"footnotes":""},"class_list":["post-12504","page","type-page","status-publish","hentry"],"_links":{"self":[{"href":"https:\/\/arttao.org\/pt\/wp-json\/wp\/v2\/pages\/12504","targetHints":{"allow":["GET"]}}],"collection":[{"href":"https:\/\/arttao.org\/pt\/wp-json\/wp\/v2\/pages"}],"about":[{"href":"https:\/\/arttao.org\/pt\/wp-json\/wp\/v2\/types\/page"}],"author":[{"embeddable":true,"href":"https:\/\/arttao.org\/pt\/wp-json\/wp\/v2\/users\/1"}],"replies":[{"embeddable":true,"href":"https:\/\/arttao.org\/pt\/wp-json\/wp\/v2\/comments?post=12504"}],"version-history":[{"count":3,"href":"https:\/\/arttao.org\/pt\/wp-json\/wp\/v2\/pages\/12504\/revisions"}],"predecessor-version":[{"id":29089,"href":"https:\/\/arttao.org\/pt\/wp-json\/wp\/v2\/pages\/12504\/revisions\/29089"}],"wp:attachment":[{"href":"https:\/\/arttao.org\/pt\/wp-json\/wp\/v2\/media?parent=12504"}],"curies":[{"name":"wp","href":"https:\/\/api.w.org\/{rel}","templated":true}]}}