{"id":12591,"date":"2025-11-11T04:21:53","date_gmt":"2025-11-11T04:21:53","guid":{"rendered":"https:\/\/arttao.org\/?page_id=12591"},"modified":"2026-07-10T05:18:00","modified_gmt":"2026-07-10T05:18:00","slug":"%e7%ac%ac%e4%b8%89%e5%8d%81%e4%b8%83%e8%af%be%ef%bc%9a%e5%a4%b1%e7%9c%a0%e9%9a%9c%e7%a2%8d%ef%bc%88%e7%ac%ac1321%ef%bd%9e1360%e8%af%be%ef%bc%89","status":"publish","type":"page","link":"https:\/\/arttao.org\/pt\/%e7%ac%ac%e4%b8%89%e5%8d%81%e4%b8%83%e8%af%be%ef%bc%9a%e5%a4%b1%e7%9c%a0%e9%9a%9c%e7%a2%8d%ef%bc%88%e7%ac%ac1321%ef%bd%9e1360%e8%af%be%ef%bc%89\/","title":{"rendered":"Unidade 37: Transtorno de Ins\u00f4nia (Li\u00e7\u00f5es 1341-1380)"},"content":{"rendered":"<div class=\"healing-outline-wrap\" style=\"max-width:800px;margin:24px auto;font-family:-apple-system,BlinkMacSystemFont,'Segoe UI',Roboto,Helvetica,Arial,sans-serif;line-height:1.6;color:#111;font-size:15px;\"><h2 style=\"font-size:20px;color:#00695c;margin:0 0 16px;font-weight:600;border-left:4px solid #F5DEB3;padding-left:8px;\">Li\u00e7\u00e3o 37: Dist\u00farbios de Ins\u00f4nia \u2013 Dificuldade para Adormecer ou Manter o Sono (Li\u00e7\u00f5es 1341\u20131380) \u00b7 Cat\u00e1logo de Cursos<\/h2><div style=\"margin:0 0 16px;\"><div style=\"font-size:15px;color:#00695c;font-weight:600;margin-bottom:4px;\">Caracter\u00edsticas dos sintomas:<\/div><div style=\"font-size:15px;line-height:1.7;color:#333;\">A ins\u00f4nia \u00e9 caracterizada por dificuldade em adormecer, dificuldade em manter o sono ou despertar precoce, acompanhada de diminui\u00e7\u00e3o da qualidade do sono, fadiga diurna, diminui\u00e7\u00e3o da aten\u00e7\u00e3o e altera\u00e7\u00f5es de humor. Frequentemente, interage com estresse, ansiedade\/depress\u00e3o, dist\u00farbios do ritmo circadiano e maus h\u00e1bitos de sono, causando interrup\u00e7\u00f5es persistentes nos estudos, no trabalho e na vida familiar.<\/div><\/div><div style=\"margin:0 0 24px;\"><div style=\"font-size:15px;color:#00695c;font-weight:600;margin-bottom:4px;\">Objetivos do curso:<\/div><div style=\"font-size:15px;line-height:1.7;color:#333;\">Em condi\u00e7\u00f5es seguras, adota-se uma abordagem de TCC-I baseada em evid\u00eancias para integrar-se ao estilo de vida: estabiliza\u00e7\u00e3o dos ritmos circadianos, controle de est\u00edmulos, restri\u00e7\u00e3o do sono, reestrutura\u00e7\u00e3o cognitiva, treinamento de relaxamento, otimiza\u00e7\u00e3o ambiental e preven\u00e7\u00e3o de reca\u00eddas, melhorando gradualmente a efici\u00eancia do sono e a sensa\u00e7\u00e3o de recupera\u00e7\u00e3o, e reconstruindo a fun\u00e7\u00e3o diurna.<\/div><\/div><ol style=\"margin:0;padding-left:20px;font-size:15px;color:#111;\"><li style=\"margin:0 0 16px 0;list-style:decimal;\"><div style=\"margin-bottom:4px;\"><a href=\"https:\/\/arttao.org\/pt\/%e7%ac%ac1341%e8%af%be%ef%bc%9a%e5%a4%b1%e7%9c%a0%e9%9a%9c%e7%a2%8d%e7%9a%84%e6%a6%82%e8%bf%b0\/\" style=\"color:#00695c;text-decoration:none;border-bottom:1px solid #F5DEB3;font-weight:600;\">Vis\u00e3o geral do transtorno de ins\u00f4nia<\/a><\/div><div style=\"font-size:14px;line-height:1.6;color:#333;\">Compreender a ins\u00f4nia por meio de sua defini\u00e7\u00e3o cl\u00ednica, dura\u00e7\u00e3o e gravidade; diferenciar entre os tipos de curto prazo, recorrente e cr\u00f4nico; e esclarecer quando \u00e9 necess\u00e1ria uma avalia\u00e7\u00e3o profissional.<\/div><\/li><li style=\"margin:0 0 16px 0;list-style:decimal;\"><div style=\"margin-bottom:4px;\"><a href=\"https:\/\/arttao.org\/pt\/%e7%ac%ac1342%e8%af%be%ef%bc%9a%e5%a4%b1%e7%9c%a0%e9%9a%9c%e7%a2%8d%e7%9a%84%e7%97%87%e7%8a%b6%e4%b8%8e%e8%a1%a8%e7%8e%b0\/\" style=\"color:#00695c;text-decoration:none;border-bottom:1px solid #F5DEB3;font-weight:600;\">Sintomas e manifesta\u00e7\u00f5es do transtorno de ins\u00f4nia<\/a><\/div><div style=\"font-size:14px;line-height:1.6;color:#333;\">Identifique os principais sintomas, como dificuldade em adormecer, dificuldade em manter o sono, despertar precoce, recupera\u00e7\u00e3o lenta e comprometimento do funcionamento diurno, e crie uma lista de verifica\u00e7\u00e3o para auto-observa\u00e7\u00e3o.<\/div><\/li><li style=\"margin:0 0 16px 0;list-style:decimal;\"><div style=\"margin-bottom:4px;\"><a href=\"https:\/\/arttao.org\/pt\/%e7%ac%ac1343%e8%af%be%ef%bc%9a%e5%a4%b1%e7%9c%a0%e9%9a%9c%e7%a2%8d%e7%9a%84%e6%88%90%e5%9b%a0\/\" style=\"color:#00695c;text-decoration:none;border-bottom:1px solid #F5DEB3;font-weight:600;\">Causas da ins\u00f4nia<\/a><\/div><div style=\"font-size:14px;line-height:1.6;color:#333;\">Compreender os fatores desencadeantes a partir de quatro dimens\u00f5es: fisiol\u00f3gica, psicol\u00f3gica, comportamental e ambiental: n\u00edvel de estresse, ansiedade\/depress\u00e3o, perturba\u00e7\u00e3o do ritmo circadiano e h\u00e1bitos de sono.<\/div><\/li><li style=\"margin:0 0 16px 0;list-style:decimal;\"><div style=\"margin-bottom:4px;\"><a href=\"https:\/\/arttao.org\/pt\/%e7%ac%ac1344%e8%af%be%ef%bc%9a%e7%9d%a1%e7%9c%a0%e9%9a%9c%e7%a2%8d%e7%9a%84%e8%af%8a%e6%96%ad%e4%b8%8e%e8%af%84%e4%bc%b0\/\" style=\"color:#00695c;text-decoration:none;border-bottom:1px solid #F5DEB3;font-weight:600;\">Diagn\u00f3stico e avalia\u00e7\u00e3o de dist\u00farbios do sono<\/a><\/div><div style=\"font-size:14px;line-height:1.6;color:#333;\">Este artigo apresenta entrevistas cl\u00ednicas, di\u00e1rios do sono, escalas e, quando necess\u00e1rio, polissonografia para esclarecer a abordagem diagn\u00f3stica diferencial.<\/div><\/li><li style=\"margin:0 0 16px 0;list-style:decimal;\"><div style=\"margin-bottom:4px;\"><a href=\"https:\/\/arttao.org\/pt\/%e7%ac%ac1345%e8%af%be%ef%bc%9a%e5%a4%b1%e7%9c%a0%e9%9a%9c%e7%a2%8d%e7%9a%84%e6%b2%bb%e7%96%97%e6%96%b9%e6%b3%95\/\" style=\"color:#00695c;text-decoration:none;border-bottom:1px solid #F5DEB3;font-weight:600;\">Tratamento para ins\u00f4nia<\/a><\/div><div style=\"font-size:14px;line-height:1.6;color:#333;\">Vis\u00e3o geral da abordagem baseada em evid\u00eancias: sinergia da TCC-I (Terapia Cognitivo-Comportamental), t\u00e9cnicas comportamentais, medica\u00e7\u00e3o e interven\u00e7\u00f5es no estilo de vida.<\/div><\/li><li style=\"margin:0 0 16px 0;list-style:decimal;\"><div style=\"margin-bottom:4px;\"><a href=\"https:\/\/arttao.org\/pt\/%e7%ac%ac1346%e8%af%be%ef%bc%9a%e5%a4%b1%e7%9c%a0%e9%9a%9c%e7%a2%8d%e7%9a%84%e8%87%aa%e6%88%91%e7%ae%a1%e7%90%86%e4%b8%8e%e9%95%bf%e6%9c%9f%e7%bb%b4%e6%8a%a4\/\" style=\"color:#00695c;text-decoration:none;border-bottom:1px solid #F5DEB3;font-weight:600;\">Autogest\u00e3o e manuten\u00e7\u00e3o a longo prazo da ins\u00f4nia<\/a><\/div><div style=\"font-size:14px;line-height:1.6;color:#333;\">Estabele\u00e7a uma rotina de sono regular, um ritual est\u00e1vel para a hora de dormir e pontos-chave para a preven\u00e7\u00e3o de reca\u00eddas, a fim de formar um sistema sustent\u00e1vel de apoio ao sono.<\/div><\/li><li style=\"margin:0 0 16px 0;list-style:decimal;\"><div style=\"margin-bottom:4px;\"><a href=\"https:\/\/arttao.org\/pt\/%e7%ac%ac1347%e8%af%be%ef%bc%9a%e5%8e%8b%e5%8a%9b%e4%ba%8b%e4%bb%b6%e5%90%8e%e7%9a%84%e6%80%a5%e6%80%a7%e5%a4%b1%e7%9c%a0\/\" style=\"color:#00695c;text-decoration:none;border-bottom:1px solid #F5DEB3;font-weight:600;\">Ins\u00f4nia aguda ap\u00f3s um evento estressante<\/a><\/div><div style=\"font-size:14px;line-height:1.6;color:#333;\">Compreenda as causas e manifesta\u00e7\u00f5es da ins\u00f4nia de curto prazo ap\u00f3s um evento estressante repentino e aprenda a intervir nas primeiras noites para evitar que a ins\u00f4nia aguda se torne um dist\u00farbio do sono a longo prazo.<\/div><\/li><li style=\"margin:0 0 16px 0;list-style:decimal;\"><div style=\"margin-bottom:4px;\"><a href=\"https:\/\/arttao.org\/pt\/%e7%ac%ac1348%e8%af%be%ef%bc%9a%e7%9d%a1%e5%89%8d%e6%80%9d%e7%bb%b4%e8%bf%87%e5%ba%a6%e6%b4%bb%e8%b7%83\/\" style=\"color:#00695c;text-decoration:none;border-bottom:1px solid #F5DEB3;font-weight:600;\">Pensamentos hiperativos antes de dormir<\/a><\/div><div style=\"font-size:14px;line-height:1.6;color:#333;\">Identifique o padr\u00e3o de pensamento acelerado de &quot;quanto mais voc\u00ea se deita, mais desperto voc\u00ea fica&quot; e aprenda t\u00e9cnicas para abandonar a revis\u00e3o e a repeti\u00e7\u00e3o constantes, permitindo que o c\u00e9rebro mude do modo diurno para o estado de prontid\u00e3o para o sono.<\/div><\/li><li style=\"margin:0 0 16px 0;list-style:decimal;\"><div style=\"margin-bottom:4px;\"><a href=\"https:\/\/arttao.org\/pt\/%e7%ac%ac1349%e8%af%be%ef%bc%9a%e6%83%85%e7%bb%aa%e9%97%ae%e9%a2%98%e4%b8%8e%e5%a4%b1%e7%9c%a0%e7%9a%84%e5%8f%8c%e5%90%91%e5%bd%b1%e5%93%8d\/\" style=\"color:#00695c;text-decoration:none;border-bottom:1px solid #F5DEB3;font-weight:600;\">O duplo impacto dos problemas emocionais e da ins\u00f4nia<\/a><\/div><div style=\"font-size:14px;line-height:1.6;color:#333;\">Compreenda o ciclo de refor\u00e7o entre emo\u00e7\u00f5es como ansiedade, depress\u00e3o e irritabilidade e a ins\u00f4nia, e aprenda uma estrutura abrangente de enfrentamento que cuide tanto das emo\u00e7\u00f5es quanto do sono.<\/div><\/li><li style=\"margin:0 0 16px 0;list-style:decimal;\"><div style=\"margin-bottom:4px;\"><a href=\"https:\/\/arttao.org\/pt\/%e7%ac%ac1350%e8%af%be%ef%bc%9a%e6%98%bc%e5%a4%9c%e8%8a%82%e5%be%8b%e5%a4%b1%e8%b0%83%e4%b8%8e%e7%94%9f%e7%89%a9%e9%92%9f%e9%94%99%e4%b9%b1\/\" style=\"color:#00695c;text-decoration:none;border-bottom:1px solid #F5DEB3;font-weight:600;\">Dist\u00farbio do ritmo circadiano e perturba\u00e7\u00e3o do rel\u00f3gio biol\u00f3gico<\/a><\/div><div style=\"font-size:14px;line-height:1.6;color:#333;\">Este curso apresenta os mecanismos b\u00e1sicos dos ritmos circadianos e do rel\u00f3gio biol\u00f3gico, ajudando a identificar problemas de ritmo, como padr\u00f5es de sono atrasados e ciclos diurnos e noturnos invertidos, e a aprender como corrigir e reconstruir gradualmente esses padr\u00f5es.<\/div><\/li><li style=\"margin:0 0 16px 0;list-style:decimal;\"><div style=\"margin-bottom:4px;\"><a href=\"https:\/\/arttao.org\/pt\/%e7%ac%ac1351%e8%af%be%ef%bc%9a%e5%85%89%e7%ba%bf%e3%80%81%e5%99%aa%e9%9f%b3%e4%b8%8e%e7%9d%a1%e7%9c%a0%e7%8e%af%e5%a2%83%e4%bc%98%e5%8c%96\/\" style=\"color:#00695c;text-decoration:none;border-bottom:1px solid #F5DEB3;font-weight:600;\">Otimiza\u00e7\u00e3o do ambiente de luz, ru\u00eddo e sono<\/a><\/div><div style=\"font-size:14px;line-height:1.6;color:#333;\">Avalie o ambiente de sono considerando fatores como luz, ru\u00eddo, temperatura e roupa de cama, e aprenda como criar um espa\u00e7o no quarto prop\u00edcio para adormecer e ter uma noite de sono repousante.<\/div><\/li><li style=\"margin:0 0 16px 0;list-style:decimal;\"><div style=\"margin-bottom:4px;\"><a href=\"https:\/\/arttao.org\/pt\/%e7%ac%ac1352%e8%af%be%ef%bc%9a%e7%94%b5%e5%ad%90%e8%ae%be%e5%a4%87%e4%b8%8e%e8%93%9d%e5%85%89%e7%9a%84%e5%bd%b1%e5%93%8d\/\" style=\"color:#00695c;text-decoration:none;border-bottom:1px solid #F5DEB3;font-weight:600;\">Os efeitos dos dispositivos eletr\u00f4nicos e da luz azul.<\/a><\/div><div style=\"font-size:14px;line-height:1.6;color:#333;\">Compreenda os efeitos de celulares, tablets, computadores e luz azul na secre\u00e7\u00e3o de melatonina e na lat\u00eancia do sono, e aprenda os limites e estrat\u00e9gias alternativas para o uso de dispositivos eletr\u00f4nicos antes de dormir.<\/div><\/li><li style=\"margin:0 0 16px 0;list-style:decimal;\"><div style=\"margin-bottom:4px;\"><a href=\"https:\/\/arttao.org\/pt\/%e7%ac%ac1353%e8%af%be%ef%bc%9a%e5%92%96%e5%95%a1%e5%9b%a0%e3%80%81%e9%a5%ae%e9%a3%9f%e4%b8%8e%e7%9d%a1%e7%9c%a0%e8%b4%a8%e9%87%8f\/\" style=\"color:#00695c;text-decoration:none;border-bottom:1px solid #F5DEB3;font-weight:600;\">Cafe\u00edna, dieta e qualidade do sono<\/a><\/div><div style=\"font-size:14px;line-height:1.6;color:#333;\">Ao analisar os efeitos do caf\u00e9, ch\u00e1, bebidas energ\u00e9ticas, alimentos a\u00e7ucarados e gordurosos na profundidade e fragmenta\u00e7\u00e3o do sono, podemos elaborar um ritmo alimentar diurno mais favor\u00e1vel ao sono.<\/div><\/li><li style=\"margin:0 0 16px 0;list-style:decimal;\"><div style=\"margin-bottom:4px;\"><a href=\"https:\/\/arttao.org\/pt\/%e7%ac%ac1354%e8%af%be%ef%bc%9a%e8%ba%ab%e4%bd%93%e7%b4%a7%e7%bb%b7%e3%80%81%e7%96%bc%e7%97%9b%e4%b8%8e%e7%9d%a1%e7%9c%a0%e5%8d%8f%e5%90%8c\/\" style=\"color:#00695c;text-decoration:none;border-bottom:1px solid #F5DEB3;font-weight:600;\">Tens\u00e3o corporal, dor e sono est\u00e3o intimamente ligados.<\/a><\/div><div style=\"font-size:14px;line-height:1.6;color:#333;\">Identifique a liga\u00e7\u00e3o entre dores no pesco\u00e7o e nas costas, tens\u00e3o generalizada, dor cr\u00f4nica e dificuldade para dormir, e aprenda sobre o efeito sin\u00e9rgico do relaxamento e do controle da dor na melhora do sono.<\/div><\/li><li style=\"margin:0 0 16px 0;list-style:decimal;\"><div style=\"margin-bottom:4px;\"><a href=\"https:\/\/arttao.org\/pt\/%e7%ac%ac1357%e8%af%be%ef%bc%9a%e7%9d%a1%e7%9c%a0%e9%99%90%e5%88%b6%e7%96%97%e6%b3%95%ef%bc%88cbt-i%ef%bc%89\/\" style=\"color:#00695c;text-decoration:none;border-bottom:1px solid #F5DEB3;font-weight:600;\">Priva\u00e7\u00e3o de sono a longo prazo e d\u00edvida de sono<\/a><\/div><div style=\"font-size:14px;line-height:1.6;color:#333;\">Compreenda o conceito de &quot;d\u00edvida de sono&quot; e seus danos cumulativos ao humor, \u00e0 aten\u00e7\u00e3o e \u00e0 sa\u00fade f\u00edsica, e aprenda passos pr\u00e1ticos para se libertar gradualmente de um padr\u00e3o de priva\u00e7\u00e3o de sono a longo prazo.<\/div><\/li><li style=\"margin:0 0 16px 0;list-style:decimal;\"><div style=\"margin-bottom:4px;\"><a href=\"https:\/\/arttao.org\/pt\/%e7%ac%ac1356%e8%af%be%ef%bc%9a%e5%88%ba%e6%bf%80%e6%8e%a7%e5%88%b6%e6%b3%95%ef%bc%88cbt-i%ef%bc%89\/\" style=\"color:#00695c;text-decoration:none;border-bottom:1px solid #F5DEB3;font-weight:600;\">TCC-I (M\u00e9todo de Controle de Est\u00edmulos Atuais)<\/a><\/div><div style=\"font-size:14px;line-height:1.6;color:#333;\">Aprenda sistematicamente os princ\u00edpios de controle de est\u00edmulos na terapia cognitivo-comportamental para ins\u00f4nia e pratique ressignificar a cama e o quarto, associando-os ao &quot;sono e descanso&quot; em vez de &quot;vig\u00edlia e ansiedade&quot;.<\/div><\/li><li style=\"margin:0 0 16px 0;list-style:decimal;\"><div style=\"margin-bottom:4px;\"><a href=\"https:\/\/arttao.org\/pt\/%e7%ac%ac1357%e8%af%be%ef%bc%9a%e7%9d%a1%e7%9c%a0%e9%99%90%e5%88%b6%e7%96%97%e6%b3%95%ef%bc%88cbt-i%ef%bc%89\/\" style=\"color:#00695c;text-decoration:none;border-bottom:1px solid #F5DEB3;font-weight:600;\">Terapia de restri\u00e7\u00e3o do sono (TCC-I)<\/a><\/div><div style=\"font-size:14px;line-height:1.6;color:#333;\">Este artigo apresenta a l\u00f3gica central e a aplica\u00e7\u00e3o segura da terapia de restri\u00e7\u00e3o do sono, ajudando a melhorar a efici\u00eancia do sono, reduzir o tempo acordado na cama e prolongar gradualmente o sono de alta qualidade.<\/div><\/li><li style=\"margin:0 0 16px 0;list-style:decimal;\"><div style=\"margin-bottom:4px;\"><a href=\"https:\/\/arttao.org\/pt\/%e7%ac%ac1358%e8%af%be%ef%bc%9a%e6%94%be%e6%9d%be%e7%bb%83%e4%b9%a0%e4%b8%8e%e8%ba%ab%e4%bd%93%e9%99%8d%e5%8e%8b%e6%8a%80%e5%b7%a7\/\" style=\"color:#00695c;text-decoration:none;border-bottom:1px solid #F5DEB3;font-weight:600;\">Exerc\u00edcios e t\u00e9cnicas de relaxamento para reduzir o estresse<\/a><\/div><div style=\"font-size:14px;line-height:1.6;color:#333;\">Aprenda t\u00e9cnicas para reduzir o estresse corporal, como respira\u00e7\u00e3o diafragm\u00e1tica, relaxamento muscular progressivo e alongamento lento, para ajudar seu sistema nervoso a transitar de um estado de alta excita\u00e7\u00e3o para um estado mais est\u00e1vel, adequado para adormecer.<\/div><\/li><li style=\"margin:0 0 16px 0;list-style:decimal;\"><div style=\"margin-bottom:4px;\"><a href=\"https:\/\/arttao.org\/pt\/%e7%ac%ac1359%e8%af%be%ef%bc%9a%e8%ae%a4%e7%9f%a5%e9%87%8d%e5%bb%ba%e4%b8%8e%e7%9d%a1%e7%9c%a0%e4%bf%a1%e5%bf%b5%e4%bf%ae%e6%ad%a3\/\" style=\"color:#00695c;text-decoration:none;border-bottom:1px solid #F5DEB3;font-weight:600;\">Reconstru\u00e7\u00e3o cognitiva e modifica\u00e7\u00e3o das cren\u00e7as sobre o sono<\/a><\/div><div style=\"font-size:14px;line-height:1.6;color:#333;\">Identifique cren\u00e7as r\u00edgidas sobre o sono, como &quot;Eu absolutamente preciso dormir&quot; ou &quot;Se eu n\u00e3o dormir bem esta noite, amanh\u00e3 ser\u00e1 o meu fim&quot;, e pratique o uso de pensamentos mais flex\u00edveis para reduzir a press\u00e3o para adormecer e a ansiedade de desempenho.<\/div><\/li><li style=\"margin:0 0 16px 0;list-style:decimal;\"><div style=\"margin-bottom:4px;\"><a href=\"https:\/\/arttao.org\/pt\/%e7%ac%ac1360%e8%af%be%ef%bc%9a%e7%9d%a1%e7%9c%a0%e6%97%a5%e8%ae%b0%e7%9a%84%e8%ae%b0%e5%bd%95%e4%b8%8e%e5%88%86%e6%9e%90\/\" style=\"color:#00695c;text-decoration:none;border-bottom:1px solid #F5DEB3;font-weight:600;\">Registro e an\u00e1lise de di\u00e1rios de sono<\/a><\/div><div style=\"font-size:14px;line-height:1.6;color:#333;\">Aprenda a usar tabelas simples para registrar indicadores como hor\u00e1rio de in\u00edcio do sono, n\u00famero de despertares e estado mental diurno, e descubra ritmos e padr\u00f5es ajust\u00e1veis a partir de di\u00e1rios de sono.<\/div><\/li><li style=\"margin:0 0 16px 0;list-style:decimal;\"><div style=\"margin-bottom:4px;\"><a href=\"https:\/\/arttao.org\/pt\/%e7%ac%ac1361%e8%af%be%ef%bc%9a%e5%a4%9c%e9%97%b4%e6%83%8a%e9%86%92%e4%b8%8e%e5%86%8d%e5%85%a5%e7%9d%a1%e5%9b%b0%e9%9a%be\/\" style=\"color:#00695c;text-decoration:none;border-bottom:1px solid #F5DEB3;font-weight:600;\">Despertares noturnos e dificuldade para voltar a dormir<\/a><\/div><div style=\"font-size:14px;line-height:1.6;color:#333;\">Este estudo distingue entre despertares noturnos normais e despertares repetidos, analisa fatores psicol\u00f3gicos e fisiol\u00f3gicos comuns que dificultam o retorno ao sono e fornece medidas espec\u00edficas para lidar com o problema ap\u00f3s acordar durante a noite.<\/div><\/li><li style=\"margin:0 0 16px 0;list-style:decimal;\"><div style=\"margin-bottom:4px;\"><a href=\"https:\/\/arttao.org\/pt\/%e7%ac%ac1362%e8%af%be%ef%bc%9a%e4%ba%a4%e6%84%9f%e7%a5%9e%e7%bb%8f%e9%ab%98%e6%95%8f%e7%8a%b6%e6%80%81\/\" style=\"color:#00695c;text-decoration:none;border-bottom:1px solid #F5DEB3;font-weight:600;\">Hipersensibilidade simp\u00e1tica<\/a><\/div><div style=\"font-size:14px;line-height:1.6;color:#333;\">Compreenda como o estado de hiperativa\u00e7\u00e3o do sistema nervoso simp\u00e1tico, que parece estar sempre em alerta, perturba o sono e aprenda exerc\u00edcios para ajudar o corpo a fazer a transi\u00e7\u00e3o gradual do modo de alerta de volta ao modo de seguran\u00e7a.<\/div><\/li><li style=\"margin:0 0 16px 0;list-style:decimal;\"><div style=\"margin-bottom:4px;\"><a href=\"https:\/\/arttao.org\/pt\/%e7%ac%ac1363%e8%af%be%ef%bc%9a%e8%b6%8a%e5%8a%aa%e5%8a%9b%e8%b6%8a%e7%9d%a1%e4%b8%8d%e7%9d%80%ef%bc%88%e8%a1%a8%e7%8e%b0%e7%84%a6%e8%99%91%ef%bc%89\/\" style=\"color:#00695c;text-decoration:none;border-bottom:1px solid #F5DEB3;font-weight:600;\">Quanto mais tento, menos consigo dormir (um sinal de ansiedade).<\/a><\/div><div style=\"font-size:14px;line-height:1.6;color:#333;\">Este artigo analisa como a ansiedade de &quot;preciso dormir agora mesmo&quot; pode ativar o c\u00e9rebro de forma inversa, ajudando-nos a reescrever nossos objetivos e di\u00e1logos internos antes de dormir, e a reduzir o ciclo vicioso de esfor\u00e7o para adormecer.<\/div><\/li><li style=\"margin:0 0 16px 0;list-style:decimal;\"><div style=\"margin-bottom:4px;\"><a href=\"https:\/\/arttao.org\/pt\/%e7%ac%ac1364%e8%af%be%ef%bc%9a%e6%bf%80%e7%b4%a0%e8%8a%82%e5%be%8b%e5%af%b9%e7%9d%a1%e7%9c%a0%e7%9a%84%e5%bd%b1%e5%93%8d\/\" style=\"color:#00695c;text-decoration:none;border-bottom:1px solid #F5DEB3;font-weight:600;\">A influ\u00eancia dos ritmos hormonais no sono<\/a><\/div><div style=\"font-size:14px;line-height:1.6;color:#333;\">Este estudo apresenta as altera\u00e7\u00f5es r\u00edtmicas de horm\u00f4nios como a melatonina e o cortisol, ajudando a compreender a base biol\u00f3gica das altera\u00e7\u00f5es do sono durante a puberdade, a menopausa e em situa\u00e7\u00f5es de estresse cr\u00f4nico.<\/div><\/li><li style=\"margin:0 0 16px 0;list-style:decimal;\"><div style=\"margin-bottom:4px;\"><a href=\"https:\/\/arttao.org\/pt\/%e7%ac%ac1365%e8%af%be%ef%bc%9a%e8%ba%ab%e4%bd%93%e7%96%be%e7%97%85%e7%9b%b8%e5%85%b3%e7%9a%84%e7%9d%a1%e7%9c%a0%e9%9a%9c%e7%a2%8d\/\" style=\"color:#00695c;text-decoration:none;border-bottom:1px solid #F5DEB3;font-weight:600;\">Dist\u00farbios do sono relacionados a doen\u00e7as f\u00edsicas<\/a><\/div><div style=\"font-size:14px;line-height:1.6;color:#333;\">Identificar o impacto de doen\u00e7as respirat\u00f3rias, cardiovasculares, end\u00f3crinas e relacionadas \u00e0 dor no sono e compreender quando \u00e9 necess\u00e1ria uma avalia\u00e7\u00e3o m\u00e9dica, em vez de simplesmente atribuir o problema \u00e0 for\u00e7a de vontade.<\/div><\/li><li style=\"margin:0 0 16px 0;list-style:decimal;\"><div style=\"margin-bottom:4px;\"><a href=\"https:\/\/arttao.org\/pt\/%e7%ac%ac1366%e8%af%be%ef%bc%9a%e5%99%a9%e6%a2%a6%e3%80%81%e7%84%a6%e8%99%91%e6%a2%a6%e4%b8%8e%e7%9d%a1%e7%9c%a0%e5%b9%b2%e6%89%b0\/\" style=\"color:#00695c;text-decoration:none;border-bottom:1px solid #F5DEB3;font-weight:600;\">Pesadelos, sonhos ansiosos e dist\u00farbios do sono.<\/a><\/div><div style=\"font-size:14px;line-height:1.6;color:#333;\">Diferencie entre pesadelos ocasionais e sonhos ansiosos recorrentes, compreenda a liga\u00e7\u00e3o entre trauma, estresse e conte\u00fado dos sonhos e aprenda estrat\u00e9gias para reduzir a interfer\u00eancia nos sonhos e construir uma sensa\u00e7\u00e3o de seguran\u00e7a.<\/div><\/li><li style=\"margin:0 0 16px 0;list-style:decimal;\"><div style=\"margin-bottom:4px;\"><a href=\"https:\/\/arttao.org\/pt\/%e7%ac%ac1367%e8%af%be%ef%bc%9a%e5%bb%ba%e7%ab%8b%e7%a8%b3%e5%ae%9a%e7%9a%84%e7%9d%a1%e5%89%8d%e4%bb%aa%e5%bc%8f\/\" style=\"color:#00695c;text-decoration:none;border-bottom:1px solid #F5DEB3;font-weight:600;\">Estabele\u00e7a uma rotina est\u00e1vel para a hora de dormir.<\/a><\/div><div style=\"font-size:14px;line-height:1.6;color:#333;\">Isso ajuda voc\u00ea a criar um ritual personalizado para a hora de dormir, incluindo luz, ch\u00e1, alongamento e limpeza mental, para que seu c\u00e9rebro aprenda gradualmente o sinal de que &quot;\u00e9 hora de desacelerar e se preparar para dormir&quot;.<\/div><\/li><li style=\"margin:0 0 16px 0;list-style:decimal;\"><div style=\"margin-bottom:4px;\"><a href=\"https:\/\/arttao.org\/pt\/%e7%ac%ac1368%e8%af%be%ef%bc%9a%e8%bf%90%e5%8a%a8%e4%b8%8e%e7%9d%a1%e7%9c%a0%e6%81%a2%e5%a4%8d\/\" style=\"color:#00695c;text-decoration:none;border-bottom:1px solid #F5DEB3;font-weight:600;\">Exerc\u00edcio e recupera\u00e7\u00e3o do sono<\/a><\/div><div style=\"font-size:14px;line-height:1.6;color:#333;\">Esta se\u00e7\u00e3o explica o impacto de diferentes tipos e hor\u00e1rios de exerc\u00edcio na qualidade do sono e ensina como usar exerc\u00edcios moderados para promover um sono profundo e a recupera\u00e7\u00e3o geral, em vez de sobrecarregar o corpo.<\/div><\/li><li style=\"margin:0 0 16px 0;list-style:decimal;\"><div style=\"margin-bottom:4px;\"><a href=\"https:\/\/arttao.org\/pt\/%e7%ac%ac1369%e8%af%be%ef%bc%9a%e5%b8%b8%e8%a7%81%e5%8a%a9%e7%9c%a0%e8%a1%a5%e5%85%85%e5%89%82\/\" style=\"color:#00695c;text-decoration:none;border-bottom:1px solid #F5DEB3;font-weight:600;\">Suplementos comuns para ajudar a dormir<\/a><\/div><div style=\"font-size:14px;line-height:1.6;color:#333;\">Este artigo descreve os mecanismos de a\u00e7\u00e3o e as limita\u00e7\u00f5es de auxiliares comuns do sono, como melatonina, magn\u00e9sio e prepara\u00e7\u00f5es \u00e0 base de ervas, enfatizando os princ\u00edpios fundamentais do uso cient\u00edfico e a preven\u00e7\u00e3o da depend\u00eancia.<\/div><\/li><li style=\"margin:0 0 16px 0;list-style:decimal;\"><div style=\"margin-bottom:4px;\"><a href=\"https:\/\/arttao.org\/pt\/%e7%ac%ac1370%e8%af%be%ef%bc%9a%e4%b8%8d%e5%90%8c%e5%b9%b4%e9%be%84%e9%98%b6%e6%ae%b5%e7%9a%84%e7%9d%a1%e7%9c%a0%e7%89%b9%e7%82%b9\/\" style=\"color:#00695c;text-decoration:none;border-bottom:1px solid #F5DEB3;font-weight:600;\">Caracter\u00edsticas do sono em diferentes idades<\/a><\/div><div style=\"font-size:14px;line-height:1.6;color:#333;\">Comparar as diferen\u00e7as nas necessidades e estruturas de sono entre crian\u00e7as, adolescentes, adultos e idosos ajuda voc\u00ea a avaliar seu pr\u00f3prio estado de sono com expectativas mais realistas.<\/div><\/li><li style=\"margin:0 0 16px 0;list-style:decimal;\"><div style=\"margin-bottom:4px;\"><a href=\"https:\/\/arttao.org\/pt\/%e7%ac%ac1371%e8%af%be%ef%bc%9a%e8%8d%af%e7%89%a9%e4%bd%bf%e7%94%a8%e4%b8%8e%e7%9d%a1%e7%9c%a0%e8%b4%a8%e9%87%8f\/\" style=\"color:#00695c;text-decoration:none;border-bottom:1px solid #F5DEB3;font-weight:600;\">Uso de medicamentos e qualidade do sono<\/a><\/div><div style=\"font-size:14px;line-height:1.6;color:#333;\">Este artigo apresenta os efeitos de medicamentos psiqui\u00e1tricos comuns, sedativos e analg\u00e9sicos na estrutura do sono, lembrando os leitores da import\u00e2ncia de avaliar os benef\u00edcios e riscos sob orienta\u00e7\u00e3o profissional e de evitar a interrup\u00e7\u00e3o ou o uso indevido de medicamentos por conta pr\u00f3pria.<\/div><\/li><li style=\"margin:0 0 16px 0;list-style:decimal;\"><div style=\"margin-bottom:4px;\"><a href=\"https:\/\/arttao.org\/pt\/%e7%ac%ac1372%e8%af%be%ef%bc%9a%e7%9d%a1%e7%9c%a0%e6%95%88%e7%8e%87%e8%ae%ad%e7%bb%83\/\" style=\"color:#00695c;text-decoration:none;border-bottom:1px solid #F5DEB3;font-weight:600;\">Treinamento de efici\u00eancia do sono<\/a><\/div><div style=\"font-size:14px;line-height:1.6;color:#333;\">A abordagem de aprendizagem utiliza a &quot;efici\u00eancia do sono&quot; em vez do &quot;tempo gasto na cama&quot; como indicador de progresso, aumentando gradualmente a propor\u00e7\u00e3o de tempo efetivamente gasto dormindo na cama, ajustando a hora de dormir e a hora de acordar.<\/div><\/li><li style=\"margin:0 0 16px 0;list-style:decimal;\"><div style=\"margin-bottom:4px;\"><a href=\"https:\/\/arttao.org\/pt\/%e7%ac%ac1373%e8%af%be%ef%bc%9a%e7%99%bd%e5%a4%a9%e5%8e%8b%e5%8a%9b%e7%ae%a1%e7%90%86%e4%b8%8e%e5%a4%9c%e9%97%b4%e7%9d%a1%e7%9c%a0%e8%a1%a8%e7%8e%b0\/\" style=\"color:#00695c;text-decoration:none;border-bottom:1px solid #F5DEB3;font-weight:600;\">Gest\u00e3o do estresse diurno e desempenho do sono noturno<\/a><\/div><div style=\"font-size:14px;line-height:1.6;color:#333;\">Compreenda a liga\u00e7\u00e3o entre a supress\u00e3o emocional diurna, a alta carga de trabalho e a ins\u00f4nia noturna, e aprenda a aliviar o estresse antecipadamente durante o dia para abrir espa\u00e7o para o sono \u00e0 noite.<\/div><\/li><li style=\"margin:0 0 16px 0;list-style:decimal;\"><div style=\"margin-bottom:4px;\"><a href=\"https:\/\/arttao.org\/pt\/%e7%ac%ac1374%e8%af%be%ef%bc%9a%e5%85%b3%e7%b3%bb%e5%8e%8b%e5%8a%9b%e4%b8%8e%e7%9d%a1%e7%9c%a0%e5%8f%97%e6%8d%9f\/\" style=\"color:#00695c;text-decoration:none;border-bottom:1px solid #F5DEB3;font-weight:600;\">Estresse no relacionamento e dist\u00farbios do sono<\/a><\/div><div style=\"font-size:14px;line-height:1.6;color:#333;\">Analise os efeitos perturbadores de relacionamentos \u00edntimos, conflitos familiares e tens\u00f5es interpessoais no local de trabalho sobre o sono e pratique limites e estrat\u00e9gias de recupera\u00e7\u00e3o para proteger o sono sob estresse relacional.<\/div><\/li><li style=\"margin:0 0 16px 0;list-style:decimal;\"><div style=\"margin-bottom:4px;\"><a href=\"https:\/\/arttao.org\/pt\/%e7%ac%ac1375%e8%af%be%ef%bc%9a%e4%b8%89%e5%a4%a9%e7%9d%a1%e7%9c%a0%e9%87%8d%e7%bd%ae%e8%ae%a1%e5%88%92\/\" style=\"color:#00695c;text-decoration:none;border-bottom:1px solid #F5DEB3;font-weight:600;\">Plano de tr\u00eas dias para redefinir o sono<\/a><\/div><div style=\"font-size:14px;line-height:1.6;color:#333;\">Oferece um programa de tr\u00eas dias para regularizar o sono, adequado para uso quando o ritmo card\u00edaco est\u00e1 ligeiramente desregulado, ajudando a retornar rapidamente a um padr\u00e3o de sono mais est\u00e1vel.<\/div><\/li><li style=\"margin:0 0 16px 0;list-style:decimal;\"><div style=\"margin-bottom:4px;\"><a href=\"https:\/\/arttao.org\/pt\/%e7%ac%ac1376%e8%af%be%ef%bc%9a%e5%9b%9b%e5%91%a8%e7%9d%a1%e7%9c%a0%e6%94%b9%e5%96%84%e8%ae%a1%e5%88%92\/\" style=\"color:#00695c;text-decoration:none;border-bottom:1px solid #F5DEB3;font-weight:600;\">Plano de quatro semanas para melhorar o sono<\/a><\/div><div style=\"font-size:14px;line-height:1.6;color:#333;\">Desenvolvemos um programa de treinamento progressivo de quatro semanas que interv\u00e9m simultaneamente em tr\u00eas aspectos: ambiente, comportamento e cogni\u00e7\u00e3o, para fornecer um caminho de melhoria vi\u00e1vel para pessoas com ins\u00f4nia cr\u00f4nica.<\/div><\/li><li style=\"margin:0 0 16px 0;list-style:decimal;\"><div style=\"margin-bottom:4px;\"><a href=\"https:\/\/arttao.org\/pt\/%e7%ac%ac1377%e8%af%be%ef%bc%9a%e9%a2%84%e9%98%b2%e7%9d%a1%e7%9c%a0%e5%a4%8d%e5%8f%91%e6%81%b6%e5%8c%96\/\" style=\"color:#00695c;text-decoration:none;border-bottom:1px solid #F5DEB3;font-weight:600;\">Preven\u00e7\u00e3o de reca\u00eddas e agravamento do sono<\/a><\/div><div style=\"font-size:14px;line-height:1.6;color:#333;\">Aprenda a reconhecer os primeiros sinais de uma reca\u00edda no sono, crie um quadro de alerta de reca\u00eddas e um plano de enfrentamento, e evite que a ins\u00f4nia ocasional se transforme facilmente em um problema de longo prazo.<\/div><\/li><li style=\"margin:0 0 16px 0;list-style:decimal;\"><div style=\"margin-bottom:4px;\"><a href=\"https:\/\/arttao.org\/pt\/%e7%ac%ac1378%e8%af%be%ef%bc%9a%e6%97%85%e8%a1%8c%e4%b8%8e%e6%97%b6%e5%b7%ae%e7%9d%a1%e7%9c%a0%e8%b0%83%e6%95%b4\/\" style=\"color:#00695c;text-decoration:none;border-bottom:1px solid #F5DEB3;font-weight:600;\">Ajuste do sono durante viagens e jet lag<\/a><\/div><div style=\"font-size:14px;line-height:1.6;color:#333;\">Este artigo apresenta princ\u00edpios para ajustar as rotinas di\u00e1rias antes e depois de viagens atrav\u00e9s de fusos hor\u00e1rios, bem como m\u00e9todos para usar a luz solar e organizar cochilos, a fim de ajudar a reduzir o impacto do jet lag no sono e no humor.<\/div><\/li><li style=\"margin:0 0 16px 0;list-style:decimal;\"><div style=\"margin-bottom:4px;\"><a href=\"https:\/\/arttao.org\/pt\/%e7%ac%ac1379%e8%af%be%ef%bc%9a%e5%8f%af%e7%a9%bf%e6%88%b4%e8%ae%be%e5%a4%87%e4%b8%8e%e7%9d%a1%e7%9c%a0%e7%9b%91%e6%b5%8b\/\" style=\"color:#00695c;text-decoration:none;border-bottom:1px solid #F5DEB3;font-weight:600;\">Dispositivos vest\u00edveis e monitoramento do sono<\/a><\/div><div style=\"font-size:14px;line-height:1.6;color:#333;\">Compreenda a import\u00e2ncia e as limita\u00e7\u00f5es dos dados de sono obtidos por dispositivos vest\u00edveis, como pulseiras e rel\u00f3gios, e aprenda a utilizar os resultados do monitoramento de forma eficaz, sem se deixar levar pela ansiedade causada pelos n\u00fameros.<\/div><\/li><li style=\"margin:0 0 16px 0;list-style:decimal;\"><div style=\"margin-bottom:4px;\"><a href=\"https:\/\/arttao.org\/pt\/%e7%ac%ac1380%e8%af%be%ef%bc%9a%e5%a4%b1%e7%9c%a0%e9%9a%9c%e7%a2%8d%e7%9a%84%e9%a2%84%e9%98%b2%e4%b8%8e%e6%94%b9%e5%96%84%e7%ad%96%e7%95%a5\/\" style=\"color:#00695c;text-decoration:none;border-bottom:1px solid #F5DEB3;font-weight:600;\">Estrat\u00e9gias para a preven\u00e7\u00e3o e melhoria da ins\u00f4nia<\/a><\/div><div style=\"font-size:14px;line-height:1.6;color:#333;\">Ao integrar h\u00e1bitos de vida, tecnologias cognitivo-comportamentais e otimiza\u00e7\u00e3o ambiental, \u00e9 poss\u00edvel formar um sistema de sono est\u00e1vel, de longo prazo e autossustent\u00e1vel.<\/div><\/li><li style=\"margin:0 0 16px 0;list-style:decimal;\"><div style=\"margin-bottom:4px;\"><a href=\"https:\/\/arttao.org\/pt\/%e7%ac%ac%e4%b8%89%e5%8d%81%e4%b8%83%e8%af%be%ef%bc%9a%e5%a4%b1%e7%9c%a0%e9%9a%9c%e7%a2%8d-%e5%85%a5%e7%9d%a1%e6%88%96%e7%bb%b4%e6%8c%81%e7%9d%a1%e7%9c%a0%e5%9b%b0%e9%9a%be-%c2%b7-%e4%bc%a0\/\" style=\"color:#00695c;text-decoration:none;border-bottom:1px solid #F5DEB3;font-weight:600;\">Mandala com Tema Tradicional (Li\u00e7\u00f5es 1341-1380) (Curso Complementar)<\/a><\/div><div style=\"font-size:14px;line-height:1.6;color:#333;\">\u201c&quot;Mandalas de tema tradicional&quot; s\u00e3o pinturas simb\u00f3licas criadas em torno de uma experi\u00eancia psicol\u00f3gica, evento ou inten\u00e7\u00e3o espec\u00edfica.<\/div><\/li><li style=\"margin:0 0 16px 0;list-style:decimal;\"><div style=\"margin-bottom:4px;\"><a href=\"https:\/\/arttao.org\/pt\/%e7%ac%ac%e4%b8%89%e5%8d%81%e4%b8%83%e8%af%be%ef%bc%9a%e5%a4%b1%e7%9c%a0%e9%9a%9c%e7%a2%8d-%e5%85%a5%e7%9d%a1%e6%88%96%e7%bb%b4%e6%8c%81%e7%9d%a1%e7%9c%a0%e5%9b%b0%e9%9a%be-%c2%b7-%e8%af%be\/\" style=\"color:#00695c;text-decoration:none;border-bottom:1px solid #F5DEB3;font-weight:600;\">Transtornos de Ins\u00f4nia (Li\u00e7\u00f5es 1341-1380) Avalia\u00e7\u00e3o do Curso<\/a><\/div><div style=\"font-size:14px;line-height:1.6;color:#333;\">Por favor, preencha a avalia\u00e7\u00e3o do curso para analisar o que voc\u00ea aprendeu e oferecer sugest\u00f5es. Isso ajudar\u00e1 voc\u00ea a aprofundar seu conhecimento e tamb\u00e9m nos ajudar\u00e1 a melhorar o curso.<\/div><\/li><\/ol><div style=\"margin-top:24px;font-size:13px;color:#666;line-height:1.5;background:#fff8dc;border:1px solid #F5DEB3;border-radius:8px;padding:12px 12px;\">Nota: Este conte\u00fado destina-se apenas a fins de autoconhecimento e treinamento, e n\u00e3o substitui o diagn\u00f3stico m\u00e9dico profissional e o tratamento de emerg\u00eancia. Se voc\u00ea apresentar comportamentos de alto risco ou situa\u00e7\u00f5es de perigo \u00e0 seguran\u00e7a (como depress\u00e3o grave, ins\u00f4nia persistente acompanhada de intensos sentimentos de desesperan\u00e7a, overdose de medicamentos, etc.), entre em contato imediatamente com profissionais e servi\u00e7os de crise.<\/div><\/div>","protected":false},"excerpt":{"rendered":"","protected":false},"author":1,"featured_media":0,"parent":0,"menu_order":0,"comment_status":"closed","ping_status":"closed","template":"","meta":{"nf_dc_page":"","om_disable_all_campaigns":false,"footnotes":""},"class_list":["post-12591","page","type-page","status-publish","hentry"],"_links":{"self":[{"href":"https:\/\/arttao.org\/pt\/wp-json\/wp\/v2\/pages\/12591","targetHints":{"allow":["GET"]}}],"collection":[{"href":"https:\/\/arttao.org\/pt\/wp-json\/wp\/v2\/pages"}],"about":[{"href":"https:\/\/arttao.org\/pt\/wp-json\/wp\/v2\/types\/page"}],"author":[{"embeddable":true,"href":"https:\/\/arttao.org\/pt\/wp-json\/wp\/v2\/users\/1"}],"replies":[{"embeddable":true,"href":"https:\/\/arttao.org\/pt\/wp-json\/wp\/v2\/comments?post=12591"}],"version-history":[{"count":3,"href":"https:\/\/arttao.org\/pt\/wp-json\/wp\/v2\/pages\/12591\/revisions"}],"predecessor-version":[{"id":29094,"href":"https:\/\/arttao.org\/pt\/wp-json\/wp\/v2\/pages\/12591\/revisions\/29094"}],"wp:attachment":[{"href":"https:\/\/arttao.org\/pt\/wp-json\/wp\/v2\/media?parent=12591"}],"curies":[{"name":"wp","href":"https:\/\/api.w.org\/{rel}","templated":true}]}}