{"id":12599,"date":"2025-11-11T05:52:11","date_gmt":"2025-11-11T05:52:11","guid":{"rendered":"https:\/\/arttao.org\/?page_id=12599"},"modified":"2026-07-10T05:18:01","modified_gmt":"2026-07-10T05:18:01","slug":"%e7%ac%ac%e5%9b%9b%e5%8d%81%e4%b8%80%e8%af%be%ef%bc%9a%e8%bd%ac%e6%8d%a2%e9%9a%9c%e7%a2%8d%ef%bc%88%e7%ac%ac1481%ef%bd%9e1520%e8%af%be%ef%bc%89","status":"publish","type":"page","link":"https:\/\/arttao.org\/pt\/%e7%ac%ac%e5%9b%9b%e5%8d%81%e4%b8%80%e8%af%be%ef%bc%9a%e8%bd%ac%e6%8d%a2%e9%9a%9c%e7%a2%8d%ef%bc%88%e7%ac%ac1481%ef%bd%9e1520%e8%af%be%ef%bc%89\/","title":{"rendered":"Unidade 41: Barreiras \u00e0 Convers\u00e3o (Li\u00e7\u00f5es 1481-1520)"},"content":{"rendered":"<div class=\"healing-outline-wrap\" data-outline-version=\"41-v1.2.1-force-41-42\" style=\"max-width:800px;margin:24px auto;font-family:-apple-system,BlinkMacSystemFont,'Segoe UI',Roboto,Helvetica,Arial,sans-serif;line-height:1.6;color:#111;font-size:15px;\"><h2 style=\"font-size:20px;color:#00695c;margin:0 0 16px;font-weight:600;border-left:4px solid #F5DEB3;padding-left:8px;\">Li\u00e7\u00e3o 41: Transtorno de Convers\u00e3o \u2013 O Estresse Psicol\u00f3gico se Transforma em Sintomas F\u00edsicos (Li\u00e7\u00f5es 1481\u20131520) \u00b7 Cat\u00e1logo de Cursos<\/h2><div style=\"margin:0 0 16px;\"><div style=\"font-size:15px;color:#00695c;font-weight:600;margin-bottom:4px;\">Caracter\u00edsticas dos sintomas:<\/div><div style=\"font-size:15px;line-height:1.7;color:#333;\">O transtorno de convers\u00e3o (sintomas neurol\u00f3gicos funcionais) manifesta-se com sintomas motores, sensoriais ou epis\u00f3dicos reais e percept\u00edveis, na aus\u00eancia de evid\u00eancias org\u00e2nicas, e est\u00e1 frequentemente associado a estresse psicol\u00f3gico, vi\u00e9s atencional e mecanismos de aprendizagem. Mal-entendidos e medos podem perpetuar os sintomas e prejudicar o aprendizado e o desempenho no trabalho.<\/div><\/div><div style=\"margin:0 0 24px;\"><div style=\"font-size:15px;color:#00695c;font-weight:600;margin-bottom:4px;\">Objetivos do curso:<\/div><div style=\"font-size:15px;line-height:1.7;color:#333;\">Partindo do princ\u00edpio da seguran\u00e7a, adota-se uma abordagem abrangente, que inclui &quot;esclarecimento educacional, reabilita\u00e7\u00e3o f\u00edsica\/ocupacional, TCC (Terapia Cognitivo-Comportamental), mindfulness e dessensibiliza\u00e7\u00e3o, adapta\u00e7\u00e3o escolar\/profissional, apoio familiar e revis\u00e3o a longo prazo&quot;, para reduzir gradualmente a interfer\u00eancia dos sintomas, restaurar a fun\u00e7\u00e3o e estabelecer um ritmo di\u00e1rio sustent\u00e1vel.<\/div><\/div><ol style=\"margin:0;padding-left:20px;font-size:15px;color:#111;\"><li style=\"margin:0 0 16px 0;list-style:decimal;\"><div style=\"margin-bottom:4px;\"><a href=\"https:\/\/arttao.org\/pt\/%e7%ac%ac1481%e8%af%be%ef%bc%9a%e8%bd%ac%e6%8d%a2%e9%9a%9c%e7%a2%8d%e7%9a%84%e6%a6%82%e8%bf%b0\/\" style=\"color:#00695c;text-decoration:none;border-bottom:1px solid #F5DEB3;font-weight:600;\">Vis\u00e3o geral do transtorno de convers\u00e3o<\/a><\/div><div style=\"font-size:14px;line-height:1.6;color:#333;\">Para compreender a rela\u00e7\u00e3o entre sintomas neurol\u00f3gicos funcionais e estresse psicol\u00f3gico, aten\u00e7\u00e3o e mecanismos de aprendizagem.<\/div><\/li><li style=\"margin:0 0 16px 0;list-style:decimal;\"><div style=\"margin-bottom:4px;\"><a href=\"https:\/\/arttao.org\/pt\/%e7%ac%ac1482%e8%af%be%ef%bc%9a%e8%bd%ac%e6%8d%a2%e9%9a%9c%e7%a2%8d%e7%9a%84%e7%97%87%e7%8a%b6%e8%a1%a8%e7%8e%b0\/\" style=\"color:#00695c;text-decoration:none;border-bottom:1px solid #F5DEB3;font-weight:600;\">Sintomas do transtorno de convers\u00e3o<\/a><\/div><div style=\"font-size:14px;line-height:1.6;color:#333;\">O espectro inclui fraqueza\/paralisia, tremor\/tique, anormalidades na marcha, altera\u00e7\u00f5es sensoriais, anormalidades na fala\/vis\u00e3o e eventos epis\u00f3dicos.<\/div><\/li><li style=\"margin:0 0 16px 0;list-style:decimal;\"><div style=\"margin-bottom:4px;\"><a href=\"https:\/\/arttao.org\/pt\/%e7%ac%ac1483%e8%af%be%ef%bc%9a%e8%bd%ac%e6%8d%a2%e9%9a%9c%e7%a2%8d%e7%9a%84%e6%88%90%e5%9b%a0\/\" style=\"color:#00695c;text-decoration:none;border-bottom:1px solid #F5DEB3;font-weight:600;\">Causas do transtorno de convers\u00e3o<\/a><\/div><div style=\"font-size:14px;line-height:1.6;color:#333;\">Um modelo de intera\u00e7\u00e3o multifatorial de suscetibilidade-gatilho de estresse-mecanismo de manuten\u00e7\u00e3o-benef\u00edcio secund\u00e1rio.<\/div><\/li><li style=\"margin:0 0 16px 0;list-style:decimal;\"><div style=\"margin-bottom:4px;\"><a href=\"https:\/\/arttao.org\/pt\/%e7%ac%ac1484%e8%af%be%ef%bc%9a%e8%bd%ac%e6%8d%a2%e9%9a%9c%e7%a2%8d%e7%9a%84%e8%af%8a%e6%96%ad%e4%b8%8e%e8%af%84%e4%bc%b0\/\" style=\"color:#00695c;text-decoration:none;border-bottom:1px solid #F5DEB3;font-weight:600;\">Diagn\u00f3stico e avalia\u00e7\u00e3o do transtorno de convers\u00e3o<\/a><\/div><div style=\"font-size:14px;line-height:1.6;color:#333;\">Deve-se dar \u00eanfase aos &quot;sinais funcionais positivos&quot; e ao reconhecimento de padr\u00f5es para evitar testes de exclus\u00e3o intermin\u00e1veis.<\/div><\/li><li style=\"margin:0 0 16px 0;list-style:decimal;\"><div style=\"margin-bottom:4px;\"><a href=\"https:\/\/arttao.org\/pt\/%e7%ac%ac1485%e8%af%be%ef%bc%9a%e8%bd%ac%e6%8d%a2%e9%9a%9c%e7%a2%8d%e7%9a%84%e6%b2%bb%e7%96%97%e6%96%b9%e6%b3%95\/\" style=\"color:#00695c;text-decoration:none;border-bottom:1px solid #F5DEB3;font-weight:600;\">Tratamento para transtorno de convers\u00e3o<\/a><\/div><div style=\"font-size:14px;line-height:1.6;color:#333;\">Um programa abrangente que combina esclarecimento educacional, TCC (Terapia Cognitivo-Comportamental), fisioterapia\/terapia ocupacional, fonoaudiologia e ritmo de vida.<\/div><\/li><li style=\"margin:0 0 16px 0;list-style:decimal;\"><div style=\"margin-bottom:4px;\"><a href=\"https:\/\/arttao.org\/pt\/%e7%ac%ac1486%e8%af%be%ef%bc%9a%e9%95%bf%e6%9c%9f%e7%ae%a1%e7%90%86%e4%b8%8e%e9%a2%84%e9%98%b2\/\" style=\"color:#00695c;text-decoration:none;border-bottom:1px solid #F5DEB3;font-weight:600;\">Gest\u00e3o e preven\u00e7\u00e3o a longo prazo<\/a><\/div><div style=\"font-size:14px;line-height:1.6;color:#333;\">Configure alertas de reca\u00edda, monitoramento de fun\u00e7\u00f5es e metas faseadas para consolidar progressivamente as capacidades di\u00e1rias.<\/div><\/li><li style=\"margin:0 0 16px 0;list-style:decimal;\"><div style=\"margin-bottom:4px;\"><a href=\"https:\/\/arttao.org\/pt\/%e7%ac%ac1487%e8%af%be%ef%bc%9a%e5%8a%9f%e8%83%bd%e6%80%a7%e7%a5%9e%e7%bb%8f%e9%9a%9c%e7%a2%8d%ef%bc%88fnd%ef%bc%89%e7%9a%84%e5%ae%9a%e4%bd%8d\/\" style=\"color:#00695c;text-decoration:none;border-bottom:1px solid #F5DEB3;font-weight:600;\">Localiza\u00e7\u00e3o de Dist\u00farbios Neurol\u00f3gicos Funcionais (DNF)<\/a><\/div><div style=\"font-size:14px;line-height:1.6;color:#333;\">Esclarecer o posicionamento disciplinar e o consenso cl\u00ednico predominante sobre o Transtorno Neurol\u00f3gico Funcional (TNF) na intersec\u00e7\u00e3o neuropsicop\u00e1tica.<\/div><\/li><li style=\"margin:0 0 16px 0;list-style:decimal;\"><div style=\"margin-bottom:4px;\"><a href=\"https:\/\/arttao.org\/pt\/%e7%ac%ac1488%e8%af%be%ef%bc%9a%e8%bf%90%e5%8a%a8%e7%97%87%e7%8a%b6%ef%bc%9a%e6%97%a0%e5%8a%9b%e4%b8%8e%e7%98%ab%e7%97%aa\/\" style=\"color:#00695c;text-decoration:none;border-bottom:1px solid #F5DEB3;font-weight:600;\">Sintomas motores: fraqueza e paralisia<\/a><\/div><div style=\"font-size:14px;line-height:1.6;color:#333;\">Identificar caracter\u00edsticas e padr\u00f5es de atribui\u00e7\u00e3o inconsistentes e utilizar ativa\u00e7\u00e3o segura e treinamento de for\u00e7a progressivo.<\/div><\/li><li style=\"margin:0 0 16px 0;list-style:decimal;\"><div style=\"margin-bottom:4px;\"><a href=\"https:\/\/arttao.org\/pt\/%e7%ac%ac1489%e8%af%be%ef%bc%9a%e8%bf%90%e5%8a%a8%e7%97%87%e7%8a%b6%ef%bc%9a%e9%9c%87%e9%a2%a4%e4%b8%8e%e6%8a%bd%e5%8a%a8\/\" style=\"color:#00695c;text-decoration:none;border-bottom:1px solid #F5DEB3;font-weight:600;\">Sintomas motores: tremor e tiques<\/a><\/div><div style=\"font-size:14px;line-height:1.6;color:#333;\">Utilize t\u00e9cnicas de distra\u00e7\u00e3o, est\u00edmulos r\u00edtmicos e mudan\u00e7as de foco da aten\u00e7\u00e3o para reduzir a intensidade dos sintomas.<\/div><\/li><li style=\"margin:0 0 16px 0;list-style:decimal;\"><div style=\"margin-bottom:4px;\"><a href=\"https:\/\/arttao.org\/pt\/%e7%ac%ac1490%e8%af%be%ef%bc%9a%e6%ad%a5%e6%80%81%e5%bc%82%e5%b8%b8%e4%b8%8e%e5%8d%8f%e8%b0%83%e9%9a%9c%e7%a2%8d\/\" style=\"color:#00695c;text-decoration:none;border-bottom:1px solid #F5DEB3;font-weight:600;\">Anormalidades na marcha e dist\u00farbios de coordena\u00e7\u00e3o<\/a><\/div><div style=\"font-size:14px;line-height:1.6;color:#333;\">A marcha e o equil\u00edbrio s\u00e3o reconstru\u00eddos por meio da decomposi\u00e7\u00e3o da tarefa, da orienta\u00e7\u00e3o r\u00edtmica e de est\u00edmulos externos.<\/div><\/li><li style=\"margin:0 0 16px 0;list-style:decimal;\"><div style=\"margin-bottom:4px;\"><a href=\"https:\/\/arttao.org\/pt\/%e7%ac%ac1491%e8%af%be%ef%bc%9a%e6%84%9f%e8%a7%89%e7%97%87%e7%8a%b6%ef%bc%9a%e9%ba%bb%e6%9c%a8%e3%80%81%e5%88%ba%e7%97%9b%e4%b8%8e%e7%96%bc%e7%97%9b\/\" style=\"color:#00695c;text-decoration:none;border-bottom:1px solid #F5DEB3;font-weight:600;\">Sintomas sensoriais: dorm\u00eancia, formigamento e dor.<\/a><\/div><div style=\"font-size:14px;line-height:1.6;color:#333;\">Explique a sensibiliza\u00e7\u00e3o central e o conceito de &quot;quanto mais voc\u00ea tem medo, mais doloroso se torna&quot;, e combine-os com exposi\u00e7\u00e3o suave e atividades r\u00edtmicas.<\/div><\/li><li style=\"margin:0 0 16px 0;list-style:decimal;\"><div style=\"margin-bottom:4px;\"><a href=\"https:\/\/arttao.org\/pt\/%e7%ac%ac1492%e8%af%be%ef%bc%9a%e8%a7%86%e8%a7%89-%e5%90%ac%e8%a7%89-%e8%a8%80%e8%af%ad%e7%97%87%e7%8a%b6%ef%bc%88%e5%a4%b1%e5%a3%b0%e3%80%81%e5%a4%b1%e6%98%8e%e6%a0%b7%ef%bc%89\/\" style=\"color:#00695c;text-decoration:none;border-bottom:1px solid #F5DEB3;font-weight:600;\">sintomas visuais\/auditivos\/de fala<\/a><\/div><div style=\"font-size:14px;line-height:1.6;color:#333;\">Principais pontos de avalia\u00e7\u00e3o e estrutura de treinamento de reabilita\u00e7\u00e3o para afonia e altera\u00e7\u00f5es visuais e auditivas.<\/div><\/li><li style=\"margin:0 0 16px 0;list-style:decimal;\"><div style=\"margin-bottom:4px;\"><a href=\"https:\/\/arttao.org\/pt\/%e7%ac%ac1493%e8%af%be%ef%bc%9a%e7%99%ab%e7%97%ab%e6%a0%b7%e5%8f%91%e4%bd%9c%e4%b8%8e%e9%9d%9e%e7%99%ab%e7%97%ab%e5%8f%91%e4%bd%9c%e4%ba%8b%e4%bb%b6\/\" style=\"color:#00695c;text-decoration:none;border-bottom:1px solid #F5DEB3;font-weight:600;\">Crises n\u00e3o epil\u00e9pticas (CNEP)<\/a><\/div><div style=\"font-size:14px;line-height:1.6;color:#333;\">Diferenciar entre epilepsia e crises n\u00e3o epil\u00e9pticas psicog\u00eanicas (CNEP) e desenvolver vias seguras de tratamento e acompanhamento.<\/div><\/li><li style=\"margin:0 0 16px 0;list-style:decimal;\"><div style=\"margin-bottom:4px;\"><a href=\"https:\/\/arttao.org\/pt\/%e7%ac%ac1494%e8%af%be%ef%bc%9a%e5%8e%8b%e5%8a%9b%e4%b8%8e%e8%a7%a6%e5%8f%91%e6%83%85%e5%a2%83%e8%af%86%e5%88%ab\/\" style=\"color:#00695c;text-decoration:none;border-bottom:1px solid #F5DEB3;font-weight:600;\">Identifica\u00e7\u00e3o do contexto de estresse e desencadeador<\/a><\/div><div style=\"font-size:14px;line-height:1.6;color:#333;\">Identifique as causas subjacentes e crie uma lista de gatilhos individualizada para orientar a interven\u00e7\u00e3o.<\/div><\/li><li style=\"margin:0 0 16px 0;list-style:decimal;\"><div style=\"margin-bottom:4px;\"><a href=\"https:\/\/arttao.org\/pt\/%e7%ac%ac1495%e8%af%be%ef%bc%9a%e4%ba%8c%e6%ac%a1%e8%8e%b7%e7%9b%8a%e4%b8%8e%e7%bb%b4%e6%8c%81%e5%9b%a0%e7%b4%a0\/\" style=\"color:#00695c;text-decoration:none;border-bottom:1px solid #F5DEB3;font-weight:600;\">Benef\u00edcios secund\u00e1rios e fatores de sustenta\u00e7\u00e3o<\/a><\/div><div style=\"font-size:14px;line-height:1.6;color:#333;\">Identificar e manter o ciclo de refor\u00e7o da aten\u00e7\u00e3o e do cuidado e fazer ajustes ambientais.<\/div><\/li><li style=\"margin:0 0 16px 0;list-style:decimal;\"><div style=\"margin-bottom:4px;\"><a href=\"https:\/\/arttao.org\/pt\/%e7%ac%ac1496%e8%af%be%ef%bc%9a%e5%8c%bb%e6%82%a3%e6%b2%9f%e9%80%9a%e4%b8%8e%e9%87%8a%e7%96%91%e7%ad%96%e7%95%a5\/\" style=\"color:#00695c;text-decoration:none;border-bottom:1px solid #F5DEB3;font-weight:600;\">Estrat\u00e9gias de comunica\u00e7\u00e3o e esclarecimento entre m\u00e9dico e paciente<\/a><\/div><div style=\"font-size:14px;line-height:1.6;color:#333;\">Uma abordagem de comunica\u00e7\u00e3o centrada em objetivos funcionais reduz mal-entendidos e receios.<\/div><\/li><li style=\"margin:0 0 16px 0;list-style:decimal;\"><div style=\"margin-bottom:4px;\"><a href=\"https:\/\/arttao.org\/pt\/%e7%ac%ac1497%e8%af%be%ef%bc%9a%e9%89%b4%e5%88%ab%e8%af%8a%e6%96%ad%ef%bc%9a%e6%8e%92%e9%99%a4%e5%99%a8%e8%b4%a8%e6%80%a7%e7%a5%9e%e7%bb%8f%e7%97%85\/\" style=\"color:#00695c;text-decoration:none;border-bottom:1px solid #F5DEB3;font-weight:600;\">Pontos-chave para diagn\u00f3stico diferencial e exclus\u00e3o<\/a><\/div><div style=\"font-size:14px;line-height:1.6;color:#333;\">\u00c9 importante esclarecer quando as les\u00f5es org\u00e2nicas precisam ser investigadas e quais as respectivas indica\u00e7\u00f5es m\u00e9dicas.<\/div><\/li><li style=\"margin:0 0 16px 0;list-style:decimal;\"><div style=\"margin-bottom:4px;\"><a href=\"https:\/\/arttao.org\/pt\/%e7%ac%ac1498%e8%af%be%ef%bc%9a%e4%bd%93%e6%a3%80%e4%b8%ad%e7%9a%84%e9%98%b3%e6%80%a7%e5%8a%9f%e8%83%bd%e4%bd%93%e5%be%81%ef%bc%88%e5%a6%82-hoover-%e5%be%81%ef%bc%89\/\" style=\"color:#00695c;text-decoration:none;border-bottom:1px solid #F5DEB3;font-weight:600;\">Exemplos de sinais funcionais positivos<\/a><\/div><div style=\"font-size:14px;line-height:1.6;color:#333;\">A import\u00e2ncia cl\u00ednica de sinais-chave como o sinal de Hoover e a melhora na distratibilidade.<\/div><\/li><li style=\"margin:0 0 16px 0;list-style:decimal;\"><div style=\"margin-bottom:4px;\"><a href=\"https:\/\/arttao.org\/pt\/%e7%ac%ac1499%e8%af%be%ef%bc%9a%e8%ae%a4%e7%9f%a5%e8%a1%8c%e4%b8%ba%e6%b2%bb%e7%96%97%e5%9c%a8%e8%bd%ac%e6%8d%a2%e9%9a%9c%e7%a2%8d%e4%b8%ad%e7%9a%84%e5%ba%94%e7%94%a8\/\" style=\"color:#00695c;text-decoration:none;border-bottom:1px solid #F5DEB3;font-weight:600;\">Aplica\u00e7\u00e3o da TCC no transtorno de convers\u00e3o<\/a><\/div><div style=\"font-size:14px;line-height:1.6;color:#333;\">Modificar a catastrofiza\u00e7\u00e3o e a evita\u00e7\u00e3o, e conduzir experimentos comportamentais centrados em objetivos funcionais.<\/div><\/li><li style=\"margin:0 0 16px 0;list-style:decimal;\"><div style=\"margin-bottom:4px;\"><a href=\"https:\/\/arttao.org\/pt\/%e7%ac%ac1500%e8%af%be%ef%bc%9a%e7%89%a9%e7%90%86%e6%b2%bb%e7%96%97%e4%b8%8e%e4%bd%9c%e4%b8%9a%e6%b2%bb%e7%96%97%e8%a6%81%e7%82%b9\/\" style=\"color:#00695c;text-decoration:none;border-bottom:1px solid #F5DEB3;font-weight:600;\">Pontos-chave da fisioterapia e da terapia ocupacional<\/a><\/div><div style=\"font-size:14px;line-height:1.6;color:#333;\">A aplica\u00e7\u00e3o gradual de carga, a orienta\u00e7\u00e3o r\u00edtmica e a grada\u00e7\u00e3o das tarefas melhoram a toler\u00e2ncia \u00e0 atividade.<\/div><\/li><li style=\"margin:0 0 16px 0;list-style:decimal;\"><div style=\"margin-bottom:4px;\"><a href=\"https:\/\/arttao.org\/pt\/%e7%ac%ac1501%e8%af%be%ef%bc%9a%e8%a8%80%e8%af%ad-%e5%90%9e%e5%92%bd-%e6%9e%84%e9%9f%b3%e5%ba%b7%e5%a4%8d%e8%ae%ad%e7%bb%83\/\" style=\"color:#00695c;text-decoration:none;border-bottom:1px solid #F5DEB3;font-weight:600;\">Reabilita\u00e7\u00e3o da fala\/degluti\u00e7\u00e3o\/articula\u00e7\u00e3o<\/a><\/div><div style=\"font-size:14px;line-height:1.6;color:#333;\">Treinamento espec\u00edfico e exerc\u00edcios familiares colaborativos ajudam a restaurar a fun\u00e7\u00e3o gradualmente.<\/div><\/li><li style=\"margin:0 0 16px 0;list-style:decimal;\"><div style=\"margin-bottom:4px;\"><a href=\"https:\/\/arttao.org\/pt\/%e7%ac%ac1502%e8%af%be%ef%bc%9a%e6%9a%b4%e9%9c%b2%e4%b8%8e%e8%a1%8c%e4%b8%ba%e6%bf%80%e6%b4%bb%ef%bc%9a%e5%87%8f%e5%b0%91%e8%bf%90%e5%8a%a8%e6%81%90%e6%83%a7\/\" style=\"color:#00695c;text-decoration:none;border-bottom:1px solid #F5DEB3;font-weight:600;\">Exposi\u00e7\u00e3o e ativa\u00e7\u00e3o comportamental<\/a><\/div><div style=\"font-size:14px;line-height:1.6;color:#333;\">Reduzir o medo do exerc\u00edcio e os comportamentos de seguran\u00e7a, e retomar gradualmente a participa\u00e7\u00e3o di\u00e1ria.<\/div><\/li><li style=\"margin:0 0 16px 0;list-style:decimal;\"><div style=\"margin-bottom:4px;\"><a href=\"https:\/\/arttao.org\/pt\/%e7%ac%ac1503%e8%af%be%ef%bc%9a%e6%ad%a3%e5%bf%b5%e4%b8%8e%e8%ba%ab%e5%bf%83%e8%b0%83%e8%8a%82%e7%bb%83%e4%b9%a0\/\" style=\"color:#00695c;text-decoration:none;border-bottom:1px solid #F5DEB3;font-weight:600;\">Pr\u00e1tica de Mindfulness e Regula\u00e7\u00e3o Mente-Corpo<\/a><\/div><div style=\"font-size:14px;line-height:1.6;color:#333;\">Aumentar a flexibilidade da aten\u00e7\u00e3o e reduzir o estado de alerta.<\/div><\/li><li style=\"margin:0 0 16px 0;list-style:decimal;\"><div style=\"margin-bottom:4px;\"><a href=\"https:\/\/arttao.org\/pt\/%e7%ac%ac1504%e8%af%be%ef%bc%9a%e5%91%bc%e5%90%b8%e4%b8%8e%e6%94%be%e6%9d%be%e4%bb%a5%e9%99%8d%e4%bd%8e%e8%ad%a6%e8%a7%89\/\" style=\"color:#00695c;text-decoration:none;border-bottom:1px solid #F5DEB3;font-weight:600;\">Treinamento de respira\u00e7\u00e3o e relaxamento<\/a><\/div><div style=\"font-size:14px;line-height:1.6;color:#333;\">A expira\u00e7\u00e3o prolongada e o relaxamento muscular estabilizam o sistema nervoso aut\u00f4nomo.<\/div><\/li><li style=\"margin:0 0 16px 0;list-style:decimal;\"><div style=\"margin-bottom:4px;\"><a href=\"https:\/\/arttao.org\/pt\/%e7%ac%ac1505%e8%af%be%ef%bc%9a%e7%9d%a1%e7%9c%a0%e4%b8%8e%e6%98%bc%e5%a4%9c%e8%8a%82%e5%be%8b%e7%ae%a1%e7%90%86\/\" style=\"color:#00695c;text-decoration:none;border-bottom:1px solid #F5DEB3;font-weight:600;\">Gest\u00e3o do sono e do ritmo circadiano<\/a><\/div><div style=\"font-size:14px;line-height:1.6;color:#333;\">Estabele\u00e7a um per\u00edodo de transi\u00e7\u00e3o consistente entre acordar e ir dormir para reduzir as flutua\u00e7\u00f5es ao longo do dia.<\/div><\/li><li style=\"margin:0 0 16px 0;list-style:decimal;\"><div style=\"margin-bottom:4px;\"><a href=\"https:\/\/arttao.org\/pt\/%e7%ac%ac1506%e8%af%be%ef%bc%9a%e5%ad%a6%e6%a0%a1%e4%b8%8e%e5%b7%a5%e4%bd%9c%e6%83%85%e5%a2%83%e7%9a%84%e5%8a%9f%e8%83%bd%e8%b0%83%e6%95%b4\/\" style=\"color:#00695c;text-decoration:none;border-bottom:1px solid #F5DEB3;font-weight:600;\">Ajuste do ambiente escolar\/de trabalho<\/a><\/div><div style=\"font-size:14px;line-height:1.6;color:#333;\">A segmenta\u00e7\u00e3o da tarefa, o ritmo e os est\u00edmulos externos aprimoram a fun\u00e7\u00e3o protetora.<\/div><\/li><li style=\"margin:0 0 16px 0;list-style:decimal;\"><div style=\"margin-bottom:4px;\"><a href=\"https:\/\/arttao.org\/pt\/%e7%ac%ac1507%e8%af%be%ef%bc%9a%e5%ae%b6%e5%ba%ad%e6%94%af%e6%8c%81%e4%b8%8e%e6%b2%9f%e9%80%9a%e8%be%b9%e7%95%8c\/\" style=\"color:#00695c;text-decoration:none;border-bottom:1px solid #F5DEB3;font-weight:600;\">Apoio familiar e limites<\/a><\/div><div style=\"font-size:14px;line-height:1.6;color:#333;\">Mudar do &quot;julgamento baseado em evid\u00eancias&quot; para o &quot;parceiro de debate&quot; e estabelecer limites de apoio.<\/div><\/li><li style=\"margin:0 0 16px 0;list-style:decimal;\"><div style=\"margin-bottom:4px;\"><a href=\"https:\/\/arttao.org\/pt\/%e7%ac%ac1508%e8%af%be%ef%bc%9a%e7%a4%be%e4%bc%9a%e6%b1%a1%e5%90%8d%e5%ba%94%e5%af%b9%e4%b8%8e%e8%87%aa%e6%88%91%e5%80%a1%e5%af%bc\/\" style=\"color:#00695c;text-decoration:none;border-bottom:1px solid #F5DEB3;font-weight:600;\">Estigma social e autodefesa<\/a><\/div><div style=\"font-size:14px;line-height:1.6;color:#333;\">Padronize o roteiro da narrativa para reduzir a rotula\u00e7\u00e3o e os mal-entendidos.<\/div><\/li><li style=\"margin:0 0 16px 0;list-style:decimal;\"><div style=\"margin-bottom:4px;\"><a href=\"https:\/\/arttao.org\/pt\/%e7%ac%ac1509%e8%af%be%ef%bc%9a%e5%90%88%e5%b9%b6%e7%84%a6%e8%99%91-%e6%8a%91%e9%83%81-%e5%88%9b%e4%bc%a4%e7%9a%84%e5%a4%84%e7%90%86\/\" style=\"color:#00695c;text-decoration:none;border-bottom:1px solid #F5DEB3;font-weight:600;\">Tratamento de ansiedade\/depress\u00e3o\/trauma combinados<\/a><\/div><div style=\"font-size:14px;line-height:1.6;color:#333;\">Otimizar a ordem das vias de interven\u00e7\u00e3o e coordenar o tratamento das comorbidades.<\/div><\/li><li style=\"margin:0 0 16px 0;list-style:decimal;\"><div style=\"margin-bottom:4px;\"><a href=\"https:\/\/arttao.org\/pt\/%e7%ac%ac1510%e8%af%be%ef%bc%9a%e8%8d%af%e7%89%a9%e4%bd%bf%e7%94%a8%e7%9a%84%e8%be%b9%e7%95%8c%e4%b8%8e%e5%8c%bb%e5%ad%a6%e5%8d%8f%e4%bd%9c\/\" style=\"color:#00695c;text-decoration:none;border-bottom:1px solid #F5DEB3;font-weight:600;\">Limites do uso de drogas<\/a><\/div><div style=\"font-size:14px;line-height:1.6;color:#333;\">Concentre-se nos agrupamentos de sintomas e no sono para evitar a depend\u00eancia excessiva e o ac\u00famulo de efeitos colaterais.<\/div><\/li><li style=\"margin:0 0 16px 0;list-style:decimal;\"><div style=\"margin-bottom:4px;\"><a href=\"https:\/\/arttao.org\/pt\/%e7%ac%ac1511%e8%af%be%ef%bc%9a%e8%87%aa%e6%88%91%e7%9b%91%e6%b5%8b%e4%b8%8e%e7%97%87%e7%8a%b6%e8%ae%b0%e5%bd%95\/\" style=\"color:#00695c;text-decoration:none;border-bottom:1px solid #F5DEB3;font-weight:600;\">Automonitoramento e registro de sintomas<\/a><\/div><div style=\"font-size:14px;line-height:1.6;color:#333;\">Foque nas tend\u00eancias e contextos funcionais, em vez de flutua\u00e7\u00f5es de segundo n\u00edvel.<\/div><\/li><li style=\"margin:0 0 16px 0;list-style:decimal;\"><div style=\"margin-bottom:4px;\"><a href=\"https:\/\/arttao.org\/pt\/%e7%ac%ac1512%e8%af%be%ef%bc%9a%e8%a7%a6%e5%8f%91-%e7%97%87%e7%8a%b6-%e5%ba%94%e5%af%b9%e5%9b%be%e8%b0%b1%e5%bb%ba%e7%ab%8b\/\" style=\"color:#00695c;text-decoration:none;border-bottom:1px solid #F5DEB3;font-weight:600;\">Mapa de Gatilho-Sintoma-Enfrentamento<\/a><\/div><div style=\"font-size:14px;line-height:1.6;color:#333;\">Crie fluxogramas individualizados para acionar rapidamente estrat\u00e9gias de resposta.<\/div><\/li><li style=\"margin:0 0 16px 0;list-style:decimal;\"><div style=\"margin-bottom:4px;\"><a href=\"https:\/\/arttao.org\/pt\/%e7%ac%ac1513%e8%af%be%ef%bc%9a%e5%8d%b1%e6%9c%ba%e4%b8%8e%e6%80%a5%e6%80%a7%e5%8a%a0%e9%87%8d%e7%9a%84%e5%a4%84%e7%bd%ae%e6%b5%81%e7%a8%8b\/\" style=\"color:#00695c;text-decoration:none;border-bottom:1px solid #F5DEB3;font-weight:600;\">Gest\u00e3o de Crises e Exacerba\u00e7\u00f5es Agudas<\/a><\/div><div style=\"font-size:14px;line-height:1.6;color:#333;\">Elabore uma lista de contatos de emerg\u00eancia, rotas m\u00e9dicas e t\u00e9cnicas de estabiliza\u00e7\u00e3o.<\/div><\/li><li style=\"margin:0 0 16px 0;list-style:decimal;\"><div style=\"margin-bottom:4px;\"><a href=\"https:\/\/arttao.org\/pt\/%e7%ac%ac1514%e8%af%be%ef%bc%9a%e5%a4%8d%e5%8f%91%e9%a2%84%e8%ad%a6%e4%bf%a1%e5%8f%b7%e4%b8%8e%e6%97%a9%e6%9c%9f%e5%b9%b2%e9%a2%84\/\" style=\"color:#00695c;text-decoration:none;border-bottom:1px solid #F5DEB3;font-weight:600;\">Alerta de reca\u00edda e interven\u00e7\u00e3o precoce<\/a><\/div><div style=\"font-size:14px;line-height:1.6;color:#333;\">Liste os avisos e o plano de &quot;desacelera\u00e7\u00e3o em tr\u00eas etapas&quot; e implemente-os o mais r\u00e1pido poss\u00edvel.<\/div><\/li><li style=\"margin:0 0 16px 0;list-style:decimal;\"><div style=\"margin-bottom:4px;\"><a href=\"https:\/\/arttao.org\/pt\/%e7%ac%ac1515%e8%af%be%ef%bc%9a%e9%98%b6%e6%ae%b5%e6%80%a7%e7%9b%ae%e6%a0%87%e8%ae%be%e5%ae%9a%e4%b8%8e%e5%8a%9f%e8%83%bd%e6%81%a2%e5%a4%8d\/\" style=\"color:#00695c;text-decoration:none;border-bottom:1px solid #F5DEB3;font-weight:600;\">Metas faseadas e recupera\u00e7\u00e3o funcional<\/a><\/div><div style=\"font-size:14px;line-height:1.6;color:#333;\">O progresso foi avaliado utilizando a toler\u00e2ncia \u00e0 atividade e a participa\u00e7\u00e3o como indicadores principais.<\/div><\/li><li style=\"margin:0 0 16px 0;list-style:decimal;\"><div style=\"margin-bottom:4px;\"><a href=\"https:\/\/arttao.org\/pt\/%e7%ac%ac1516%e8%af%be%ef%bc%9a%e5%a4%9a%e5%ad%a6%e7%a7%91%e5%9b%a2%e9%98%9f%e5%8d%8f%e4%bd%9c%e8%b7%af%e5%be%84\/\" style=\"color:#00695c;text-decoration:none;border-bottom:1px solid #F5DEB3;font-weight:600;\">Colabora\u00e7\u00e3o em equipe multidisciplinar<\/a><\/div><div style=\"font-size:14px;line-height:1.6;color:#333;\">Defina claramente a divis\u00e3o de tarefas, o cronograma de acompanhamento e as regras de encaminhamento.<\/div><\/li><li style=\"margin:0 0 16px 0;list-style:decimal;\"><div style=\"margin-bottom:4px;\"><a href=\"https:\/\/arttao.org\/pt\/%e7%ac%ac1517%e8%af%be%ef%bc%9a%e4%b8%aa%e6%a1%88%e5%a4%8d%e7%9b%98%ef%bc%9a%e4%bb%8e%e5%8d%a7%e5%ba%8a%e5%88%b0%e9%87%8d%e8%bf%94%e6%97%a5%e5%b8%b8\/\" style=\"color:#00695c;text-decoration:none;border-bottom:1px solid #F5DEB3;font-weight:600;\">Estudo de Caso: Retorno \u00e0 Vida Di\u00e1ria<\/a><\/div><div style=\"font-size:14px;line-height:1.6;color:#333;\">Uma retrospectiva e um resumo das experi\u00eancias desde o marco de passar da cama para a marcha.<\/div><\/li><li style=\"margin:0 0 16px 0;list-style:decimal;\"><div style=\"margin-bottom:4px;\"><a href=\"https:\/\/arttao.org\/pt\/%e7%ac%ac1518%e8%af%be%ef%bc%9a%e9%95%bf%e6%9c%9f%e9%9a%8f%e8%ae%bf%e4%b8%8e%e7%bb%b4%e6%8c%81%e8%ae%a1%e5%88%92\/\" style=\"color:#00695c;text-decoration:none;border-bottom:1px solid #F5DEB3;font-weight:600;\">Avalia\u00e7\u00e3o peri\u00f3dica e acompanhamento da efic\u00e1cia<\/a><\/div><div style=\"font-size:14px;line-height:1.6;color:#333;\">Estabele\u00e7a revis\u00f5es peri\u00f3dicas para acompanhar e manter o ritmo.<\/div><\/li><li style=\"margin:0 0 16px 0;list-style:decimal;\"><div style=\"margin-bottom:4px;\"><a href=\"https:\/\/arttao.org\/pt\/%e7%ac%ac1519%e8%af%be%ef%bc%9a%e9%98%b6%e6%ae%b5%e6%80%a7%e8%af%84%e4%bc%b0%e4%b8%8e%e6%88%90%e6%95%88%e8%bf%bd%e8%b8%aa\/\" style=\"color:#00695c;text-decoration:none;border-bottom:1px solid #F5DEB3;font-weight:600;\">Plano de acompanhamento e manuten\u00e7\u00e3o a longo prazo<\/a><\/div><div style=\"font-size:14px;line-height:1.6;color:#333;\">Estabele\u00e7a revis\u00f5es trimestrais, ajuste as interven\u00e7\u00f5es e mantenha o ritmo.<\/div><\/li><li style=\"margin:0 0 16px 0;list-style:decimal;\"><div style=\"margin-bottom:4px;\"><a href=\"https:\/\/arttao.org\/pt\/%e7%ac%ac1486%e8%af%be%ef%bc%9a%e8%bd%ac%e6%8d%a2%e9%9a%9c%e7%a2%8d%e7%9a%84%e9%95%bf%e6%9c%9f%e7%ae%a1%e7%90%86%e4%b8%8e%e9%a2%84%e9%98%b2\/\" style=\"color:#00695c;text-decoration:none;border-bottom:1px solid #F5DEB3;font-weight:600;\">Li\u00e7\u00e3o 1520: Manejo e preven\u00e7\u00e3o a longo prazo do transtorno de convers\u00e3o<\/a><\/div><div style=\"font-size:14px;line-height:1.6;color:#333;\">Ao combinar escalas e objetivos funcionais como indicadores duplos, \u00e9 poss\u00edvel realizar uma avalia\u00e7\u00e3o transparente.<\/div><\/li><li style=\"margin:0 0 16px 0;list-style:decimal;\"><div style=\"margin-bottom:4px;\"><a href=\"https:\/\/arttao.org\/pt\/%e7%ac%ac%e5%9b%9b%e5%8d%81%e4%b8%80%e8%af%be%ef%bc%9a%e8%bd%ac%e6%8d%a2%e9%9a%9c%e7%a2%8d-%e5%bf%83%e7%90%86%e5%8e%8b%e5%8a%9b%e8%bd%ac%e4%b8%ba%e8%ba%af%e4%bd%93%e7%97%87%e7%8a%b6-%c2%b7\/\" style=\"color:#00695c;text-decoration:none;border-bottom:1px solid #F5DEB3;font-weight:600;\">Curso de Mandala Tradicional (Curso Complementar)<\/a><\/div><div style=\"font-size:14px;line-height:1.6;color:#333;\">Os cursos complementares tradicionais de mandala s\u00e3o usados para continuar a acalmar a mente e o corpo ap\u00f3s o curso principal. Os alunos podem conectar gradualmente as sensa\u00e7\u00f5es corporais, o estresse emocional e os recursos internos por meio de imagens, cores e um ritmo constante de visualiza\u00e7\u00e3o.<\/div><\/li><li style=\"margin:0 0 16px 0;list-style:decimal;\"><div style=\"margin-bottom:4px;\"><a href=\"https:\/\/arttao.org\/pt\/%e7%ac%ac%e5%9b%9b%e5%8d%81%e4%b8%80%e8%af%be%ef%bc%9a%e8%bd%ac%e6%8d%a2%e9%9a%9c%e7%a2%8d-%e5%bf%83%e7%90%86%e5%8e%8b%e5%8a%9b%e8%bd%ac%e4%b8%ba%e8%ba%af%e4%bd%93%e7%97%87%e7%8a%b6-%c2%b7-2\/\" style=\"color:#00695c;text-decoration:none;border-bottom:1px solid #F5DEB3;font-weight:600;\">Avalia\u00e7\u00e3o do Curso sobre Transtornos de Convers\u00e3o (Li\u00e7\u00f5es 1481\u20131520)<\/a><\/div><div style=\"font-size:14px;line-height:1.6;color:#333;\">A avalia\u00e7\u00e3o do curso serve para analisar a experi\u00eancia do aluno com a unidade, as mudan\u00e7as funcionais, os aprendizados pr\u00e1ticos e as \u00e1reas em que ainda \u00e9 necess\u00e1rio suporte. A conclus\u00e3o da avalia\u00e7\u00e3o ajuda os alunos a organizar seu plano de recupera\u00e7\u00e3o e facilita a melhoria cont\u00ednua em cursos subsequentes.<\/div><\/li><\/ol><div style=\"margin-top:24px;font-size:13px;color:#666;line-height:1.5;background:#fff8dc;border:1px solid #F5DEB3;border-radius:8px;padding:12px 12px;\">Nota: Este conte\u00fado destina-se apenas a fins de autoconhecimento e treinamento, e n\u00e3o substitui o diagn\u00f3stico m\u00e9dico profissional e o tratamento de emerg\u00eancia. Caso ocorram sintomas de alerta ou comprometimento funcional significativo, procure atendimento m\u00e9dico presencial imediatamente e siga as orienta\u00e7\u00f5es profissionais.<\/div><\/div>","protected":false},"excerpt":{"rendered":"","protected":false},"author":1,"featured_media":0,"parent":0,"menu_order":0,"comment_status":"closed","ping_status":"closed","template":"","meta":{"nf_dc_page":"","om_disable_all_campaigns":false,"footnotes":""},"class_list":["post-12599","page","type-page","status-publish","hentry"],"_links":{"self":[{"href":"https:\/\/arttao.org\/pt\/wp-json\/wp\/v2\/pages\/12599","targetHints":{"allow":["GET"]}}],"collection":[{"href":"https:\/\/arttao.org\/pt\/wp-json\/wp\/v2\/pages"}],"about":[{"href":"https:\/\/arttao.org\/pt\/wp-json\/wp\/v2\/types\/page"}],"author":[{"embeddable":true,"href":"https:\/\/arttao.org\/pt\/wp-json\/wp\/v2\/users\/1"}],"replies":[{"embeddable":true,"href":"https:\/\/arttao.org\/pt\/wp-json\/wp\/v2\/comments?post=12599"}],"version-history":[{"count":2,"href":"https:\/\/arttao.org\/pt\/wp-json\/wp\/v2\/pages\/12599\/revisions"}],"predecessor-version":[{"id":29098,"href":"https:\/\/arttao.org\/pt\/wp-json\/wp\/v2\/pages\/12599\/revisions\/29098"}],"wp:attachment":[{"href":"https:\/\/arttao.org\/pt\/wp-json\/wp\/v2\/media?parent=12599"}],"curies":[{"name":"wp","href":"https:\/\/api.w.org\/{rel}","templated":true}]}}